{"id":894,"date":"2016-11-09T11:29:54","date_gmt":"2016-11-09T10:29:54","guid":{"rendered":"http:\/\/www.bambergorthodox.de\/?page_id=894"},"modified":"2020-10-06T15:31:06","modified_gmt":"2020-10-06T13:31:06","slug":"multimedia","status":"publish","type":"page","link":"https:\/\/www.bambergorthodox.de\/?page_id=894","title":{"rendered":"Proiect biseric\u0103"},"content":{"rendered":"<a  href=\"https:\/\/www.bambergorthodox.de\/wp-content\/uploads\/2019\/05\/biserica-noastra.jpg\" data-rel=\"lightbox-gallery-0\" data-rl_title=\"\" data-rl_caption=\"\" title=\"\"><br \/>\n<img loading=\"lazy\" decoding=\"async\" class=\"wp-image-4093 aligncenter\" src=\"https:\/\/www.bambergorthodox.de\/wp-content\/uploads\/2019\/05\/biserica-noastra-300x199.jpg\" alt=\"\" width=\"442\" height=\"293\" srcset=\"https:\/\/www.bambergorthodox.de\/wp-content\/uploads\/2019\/05\/biserica-noastra-300x199.jpg 300w, https:\/\/www.bambergorthodox.de\/wp-content\/uploads\/2019\/05\/biserica-noastra-768x510.jpg 768w, https:\/\/www.bambergorthodox.de\/wp-content\/uploads\/2019\/05\/biserica-noastra-1024x680.jpg 1024w\" sizes=\"auto, (max-width: 442px) 100vw, 442px\" \/><\/a><\/p>\n<p>&nbsp;<\/p>\n<p>\u00cen urm\u0103 cu 7 ani, un grup mic de rom\u00e2ni din Bamberg participa la prima liturghie ortodox\u0103 \u00een limba rom\u00e2n\u0103, s\u0103v\u00e2r\u015fit\u0103 de P\u0103rintele Ionu\u0163 P\u0103un \u00een biserica ce avea s\u0103 ne ofere \u00een tot acest r\u0103stimp, loca\u015f de rug\u0103ciune, S\u0103rb\u0103toare, bucurie \u015fi comuniune.\u00a0Dup\u0103 cum se \u015ftie, activitatea parohiei noastre se desfa\u015foar\u0103 \u00eentr-o biseric\u0103 a Episcopiei de Bamberg aflat\u0103 \u00een administra\u0163ia exclusiv\u0103 a comunitatii Greco-catolice ucraininene. Noi avem actualmente un statut de sub-chiria\u015fi ai acestei comunita\u0163i.\u00a0La c\u00e2\u0163iva ani de la \u00eenfiin\u0163are, comunitatea rom\u00e2neasc\u0103 a crescut \u015fi a c\u00e2\u015ftigat destul\u0103 \u00eencredere \u00een propriile for\u0163e pentru a \u00eencerca s\u0103-\u015fi procure o loca\u0163ie proprie.<\/p>\n<p>Primele demersuri au avut loc deja \u00eencep<u>\u00e2<\/u>nd cu anul 2018 \u015fi continu\u00e2nd p\u00e2n\u0103 azi: Am fost cu diferite ocazii \u00een audien\u0163\u0103 la primarii ora\u015fului \u015fi la Episcopia romano-catolic\u0103, am cercetat pia\u0163a imobiliar\u0103 \u015fi posibilit\u0103\u0163ile de finan\u0163are prin credit bancar, am luat contact cu c\u00e2teva parohii care au realizat un proiect asem\u0103n\u0103tor.\u00a0Primele experien\u0163e au fost mai degrab\u0103 descurajante: prim\u0103ria ora\u015fului nu de\u0163ine \u00een prezent terenuri pentru concesiune sau v\u00e2nzare preferen\u0163ial\u0103, Episcopia nu poate pune la dispozitie dec\u00e2t cel mult o capel\u0103 ne\u00eenc\u0103p\u0103toare, pre\u0163urile terenurilor pe pia\u0163a liber\u0103 sunt aproape inaccesibile.<\/p>\n<p>Exist\u0103, ce-i drept, \u015fi promisiuni mai concrete, precum aceea de a face parte cu o biseric\u0103 tradi\u0163ional\u0103 din lemn dintr-un proiect imobiliar Jungkreut\/Gaustadt. Proiectul nu este \u00eenc\u0103 avizat de resortul cu protec\u0163ia mediului, exist\u0103 a\u015fadar numai \u2018pe h\u00e2rtie\u2019 deocamdat\u0103.\u00a0Toate aceste experien\u0163e ne-au \u00eenv\u0103\u0163at s\u0103 vedem mai bine realit\u0103\u0163ile la fa\u0163a locului \u015fi ne-au \u00eent\u0103rit convingerea c\u0103 nimic nu se face f\u0103r\u0103 jertf\u0103 \u015fi f\u00e4r\u0103 rug\u0103ciune. Suntem convin\u015fi c\u0103 vom avea \u015fi noi la Bamberg un loc al nostru, unde vom putea s\u0103 ne dezvolt\u0103m \u015fi mai bine \u015fi care va da m\u0103rturie \u00een viitor despre prima genera\u0163ie de ctitori \u015fi ziditori de suflete din Bamberg.<\/p>\n<p>Ajuta\u0163i-ne s\u0103 des\u0103v\u00e2r\u015fim acest proiect minunat!<\/p>\n<p>Fi\u0163i p\u0103rta\u015fi la bucuria de a vedea \u00een\u0103l\u0163\u00e2ndu-se un loca\u015f al Domnului \u015fi din d\u0103rnicia \u015fi jertfa Dumneavoastr\u0103!<\/p>\n<p>Dona\u0163i pe contul asocia\u0163iei noastre:<\/p>\n<p><strong>F\u00f6rderverein Oikonomia der Rum\u00e4nisch-Orthodoxen Kirchengemeinde Bamberg e.V.<\/strong><\/p>\n<p>IBAN: DE21 7705 0000 0302 6495 87<br \/>\nBIC: BYLADEM1SKB<br \/>\nBank: Sparkasse Bamberg<\/p>\n<p>&nbsp;","protected":false},"excerpt":{"rendered":"<p>&nbsp; \u00cen urm\u0103 cu 7 ani, un grup mic de rom\u00e2ni din Bamberg participa la prima liturghie ortodox\u0103 \u00een limba rom\u00e2n\u0103, s\u0103v\u00e2r\u015fit\u0103 de P\u0103rintele Ionu\u0163 P\u0103un \u00een biserica ce avea s\u0103 ne ofere \u00een tot acest r\u0103stimp, loca\u015f de rug\u0103ciune, S\u0103rb\u0103toare, bucurie \u015fi comuniune.\u00a0Dup\u0103 cum se \u015ftie, activitatea parohiei noastre se desfa\u015foar\u0103 \u00eentr-o biseric\u0103 a &#8230; <a class=\"read-more\" href=\"https:\/\/www.bambergorthodox.de\/?page_id=894\">Read more&#8230;<\/a><\/p>\n","protected":false},"author":1,"featured_media":0,"parent":0,"menu_order":0,"comment_status":"closed","ping_status":"closed","template":"","meta":{"jetpack_post_was_ever_published":false,"footnotes":""},"class_list":["post-894","page","type-page","status-publish"],"jetpack_sharing_enabled":true,"jetpack_shortlink":"https:\/\/wp.me\/P93ZOd-eq","_links":{"self":[{"href":"https:\/\/www.bambergorthodox.de\/index.php?rest_route=\/wp\/v2\/pages\/894","targetHints":{"allow":["GET"]}}],"collection":[{"href":"https:\/\/www.bambergorthodox.de\/index.php?rest_route=\/wp\/v2\/pages"}],"about":[{"href":"https:\/\/www.bambergorthodox.de\/index.php?rest_route=\/wp\/v2\/types\/page"}],"author":[{"embeddable":true,"href":"https:\/\/www.bambergorthodox.de\/index.php?rest_route=\/wp\/v2\/users\/1"}],"replies":[{"embeddable":true,"href":"https:\/\/www.bambergorthodox.de\/index.php?rest_route=%2Fwp%2Fv2%2Fcomments&post=894"}],"version-history":[{"count":34,"href":"https:\/\/www.bambergorthodox.de\/index.php?rest_route=\/wp\/v2\/pages\/894\/revisions"}],"predecessor-version":[{"id":4542,"href":"https:\/\/www.bambergorthodox.de\/index.php?rest_route=\/wp\/v2\/pages\/894\/revisions\/4542"}],"wp:attachment":[{"href":"https:\/\/www.bambergorthodox.de\/index.php?rest_route=%2Fwp%2Fv2%2Fmedia&parent=894"}],"curies":[{"name":"wp","href":"https:\/\/api.w.org\/{rel}","templated":true}]}}