{"id":6919,"date":"2024-03-08T18:49:00","date_gmt":"2024-03-08T17:49:00","guid":{"rendered":"https:\/\/www.bambergorthodox.de\/?page_id=6919"},"modified":"2024-03-08T18:49:00","modified_gmt":"2024-03-08T17:49:00","slug":"antifonul-i-glasul-8-n-lungu","status":"publish","type":"page","link":"https:\/\/www.bambergorthodox.de\/?page_id=6919","title":{"rendered":"Antifonul I (glasul 8) &#8211; N. Lungu"},"content":{"rendered":"Strana: M\u0103rire Tat\u0103lui \u015fi Fiului \u015fi Sf\u00e2ntului Duh. \u015ei acum \u015fi pururea \u015fi \u00een vecii vecilor. Amin<br \/>\nBinecuvinteaz\u0103, suflete al meu pe Domnul, \u015fi toate cele dinl\u0103untrul meu numele cel sf\u00e2nt al Lui. Binecuv\u00e2ntat e\u015fti Doamne.<\/p>\n<p>Dup\u0103 ecfonis, diaconul se \u00eenchin\u0103 \u015fi trece \u00eenaintea icoanei M\u00e2ntuitorului, \u0163in\u00e2nd orarul la piept cu trei degete ale m\u00e2inii drepte, iar \u00een acest timp preotul cite\u015fte \u00een tain\u0103 Rug\u0103ciunea Antifonului \u00cent\u00e2i:<br \/>\nDoamne Dumnezeul nostru, a C\u0103rui st\u0103p\u00e2nire este neasem\u0103nat\u0103 \u015fi slav\u0103 neajuns\u0103, a C\u0103rui mil\u0103 este nem\u0103surat\u0103 \u015fi iubire de oameni negr\u0103it\u0103, \u00censu\u0163i St\u0103p\u00e2ne, dup\u0103 milostivirea Ta, caut\u0103 spre noi \u015fi spre sf\u00e2nt\u0103 biserica aceasta, \u015fi f\u0103 bogate milele Tale \u015fi \u00eendur\u0103rile Tale cu noi \u015fi cu cei ce se roag\u0103 \u00eempreun\u0103 cu noi.<\/p>\n<p>Partitura, cor mixt (pdf): <a href=\"https:\/\/www.bambergorthodox.de\/wp-content\/uploads\/2024\/02\/Ant1g8c.pdf\">Antifonul I &#8211; glasul 8 (N. Lungu)<\/a><\/p>\n<p>Voci (mp3): <a href=\"https:\/\/www.bambergorthodox.de\/wp-content\/uploads\/2024\/02\/Ant1g8c-1.mp3\">sopran<\/a>,\u00a0<a href=\"https:\/\/www.bambergorthodox.de\/wp-content\/uploads\/2024\/02\/Ant1g8c-2.mp3\">alto<\/a>,\u00a0<a href=\"https:\/\/www.bambergorthodox.de\/wp-content\/uploads\/2024\/02\/Ant1g8c-3.mp3\">bariton<\/a>,\u00a0<a href=\"https:\/\/www.bambergorthodox.de\/wp-content\/uploads\/2024\/02\/Ant1g8c.mp3\">cor mixt<\/a><\/p>\n<p>Surs\u0103 Lilypond (ly): <a href=\"https:\/\/www.bambergorthodox.de\/wp-content\/uploads\/2024\/02\/Ant1g8c.zip\">Antifonul I &#8211; glasul 8 (N. Lungu)<\/a>","protected":false},"excerpt":{"rendered":"<p>Strana: M\u0103rire Tat\u0103lui \u015fi Fiului \u015fi Sf\u00e2ntului Duh. \u015ei acum \u015fi pururea \u015fi \u00een vecii vecilor. Amin Binecuvinteaz\u0103, suflete al meu pe Domnul, \u015fi toate cele dinl\u0103untrul meu numele cel sf\u00e2nt al Lui. Binecuv\u00e2ntat e\u015fti Doamne. Dup\u0103 ecfonis, diaconul se \u00eenchin\u0103 \u015fi trece \u00eenaintea icoanei M\u00e2ntuitorului, \u0163in\u00e2nd orarul la piept cu trei degete ale m\u00e2inii &#8230; <a class=\"read-more\" href=\"https:\/\/www.bambergorthodox.de\/?page_id=6919\">Read more&#8230;<\/a><\/p>\n","protected":false},"author":2,"featured_media":0,"parent":0,"menu_order":0,"comment_status":"closed","ping_status":"closed","template":"","meta":{"jetpack_post_was_ever_published":false,"footnotes":""},"class_list":["post-6919","page","type-page","status-publish"],"jetpack_sharing_enabled":true,"jetpack_shortlink":"https:\/\/wp.me\/P93ZOd-1NB","_links":{"self":[{"href":"https:\/\/www.bambergorthodox.de\/index.php?rest_route=\/wp\/v2\/pages\/6919","targetHints":{"allow":["GET"]}}],"collection":[{"href":"https:\/\/www.bambergorthodox.de\/index.php?rest_route=\/wp\/v2\/pages"}],"about":[{"href":"https:\/\/www.bambergorthodox.de\/index.php?rest_route=\/wp\/v2\/types\/page"}],"author":[{"embeddable":true,"href":"https:\/\/www.bambergorthodox.de\/index.php?rest_route=\/wp\/v2\/users\/2"}],"replies":[{"embeddable":true,"href":"https:\/\/www.bambergorthodox.de\/index.php?rest_route=%2Fwp%2Fv2%2Fcomments&post=6919"}],"version-history":[{"count":1,"href":"https:\/\/www.bambergorthodox.de\/index.php?rest_route=\/wp\/v2\/pages\/6919\/revisions"}],"predecessor-version":[{"id":6920,"href":"https:\/\/www.bambergorthodox.de\/index.php?rest_route=\/wp\/v2\/pages\/6919\/revisions\/6920"}],"wp:attachment":[{"href":"https:\/\/www.bambergorthodox.de\/index.php?rest_route=%2Fwp%2Fv2%2Fmedia&parent=6919"}],"curies":[{"name":"wp","href":"https:\/\/api.w.org\/{rel}","templated":true}]}}