{"id":5081,"date":"2022-06-10T11:56:32","date_gmt":"2022-06-10T09:56:32","guid":{"rendered":"https:\/\/www.bambergorthodox.de\/?page_id=5081"},"modified":"2025-06-30T12:59:28","modified_gmt":"2025-06-30T10:59:28","slug":"blandul-pastor","status":"publish","type":"page","link":"https:\/\/www.bambergorthodox.de\/?page_id=5081","title":{"rendered":"Bl\u00e2ndul P\u0103stor"},"content":{"rendered":"&#8221;Odat\u0103, L-am v\u0103zut trec\u00e2nd<br \/>\nCu turma pe P\u0103storul bl\u00e2nd.<br \/>\nMergea cu d\u00e2nsa la izvor,<br \/>\nBl\u00e2ndul P\u0103stor, bl\u00e2ndul P\u0103stor.<\/p>\n<p>El le-a iubit cu dor nespus<br \/>\n\u015ei via\u021ba pentru oi \u0218i-a pus<br \/>\n\u015ei pentru m\u00e2ntuirea lor<br \/>\nBl\u00e2ndul P\u0103stor, bl\u00e2ndul P\u0103stor.<\/p>\n<p>\u0218i-atuncea oile-au venit,<br \/>\nPe cruce, sus, L-au r\u0103stignit.<br \/>\nEl se ruga spre mila lor,<br \/>\nBl\u00e2ndul P\u0103stor, bl\u00e2ndul P\u0103stor.&#8221;<\/p>\n<p>O priceasn\u0103 de-a dreptul popular\u0103, at\u00e2t e de cunoscut\u0103. Cooperare m\u0103iastr\u0103 a tandemului Traian Dorz (versuri) &#8211; Nicolae Moldoveanu (muzic\u0103). C\u00e2teva cuvinte despre compozitor:<br \/>\nNicolae Moldoveanu (1922-2007) a compus peste 8000 imnuri \u0219i c\u00e2nt\u0103ri duhovnice\u0219ti. Crescut \u00een Biserica ortodox\u0103, s-a format \u00een iure\u0219ul mi\u0219c\u0103rii \u201cOastea Domnului\u201d, pentru care a devenit un mare reprezentant.<br \/>\n\u00centre 1959 \u0219i 1964 a fost \u00eenchis pentru \u201ccompunerea de c\u00e2nt\u0103ri religioase \u0219i propagand\u0103 religioas\u0103\u201d. \u00cen pu\u0219c\u0103rie, f\u0103r\u0103 creion, h\u00e2rtie \u0219i portativ a compus 350 c\u00e2nt\u0103ri. Dup\u0103 cei 5 ani de deten\u021bie le-a scris integral din memorie. \u00cen perioada deten\u021biei a fost coleg de celul\u0103 cu pastorul\u00a0Richard Wurmbrand. (bibliotecacrestina.ro)<\/p>\n<p>&nbsp;<\/p>\n<p>Partitura, cor mixt (pdf): <a href=\"https:\/\/www.bambergorthodox.de\/wp-content\/uploads\/2025\/06\/Blandul-past.pdf\">Bl\u00e2ndul P\u0103stor<\/a><\/p>\n<p>Voci (mp3): <a href=\"https:\/\/www.bambergorthodox.de\/wp-content\/uploads\/2025\/06\/Blandul-past-1.mp3\">sopran<\/a>,\u00a0<a href=\"https:\/\/www.bambergorthodox.de\/wp-content\/uploads\/2025\/06\/Blandul-past-2.mp3\">alto<\/a>, <a href=\"https:\/\/www.bambergorthodox.de\/wp-content\/uploads\/2025\/06\/Blandul-past-3.mp3\">tenor<\/a>, <a href=\"https:\/\/www.bambergorthodox.de\/wp-content\/uploads\/2025\/06\/Blandul-past-4.mp3\">bas<\/a>, <a href=\"https:\/\/www.bambergorthodox.de\/wp-content\/uploads\/2025\/06\/Blandul-past.mp3\">cor<\/a>.<\/p>\n<p>Surs\u0103 Lilypond (ly): <a href=\"https:\/\/www.bambergorthodox.de\/wp-content\/uploads\/2025\/06\/Blandul-past.zip\">Bl\u00e2ndul P\u0103stor<\/a>","protected":false},"excerpt":{"rendered":"<p>&#8221;Odat\u0103, L-am v\u0103zut trec\u00e2nd Cu turma pe P\u0103storul bl\u00e2nd. Mergea cu d\u00e2nsa la izvor, Bl\u00e2ndul P\u0103stor, bl\u00e2ndul P\u0103stor. El le-a iubit cu dor nespus \u015ei via\u021ba pentru oi \u0218i-a pus \u015ei pentru m\u00e2ntuirea lor Bl\u00e2ndul P\u0103stor, bl\u00e2ndul P\u0103stor. \u0218i-atuncea oile-au venit, Pe cruce, sus, L-au r\u0103stignit. El se ruga spre mila lor, Bl\u00e2ndul P\u0103stor, bl\u00e2ndul &#8230; <a class=\"read-more\" href=\"https:\/\/www.bambergorthodox.de\/?page_id=5081\">Read more&#8230;<\/a><\/p>\n","protected":false},"author":2,"featured_media":0,"parent":0,"menu_order":0,"comment_status":"closed","ping_status":"closed","template":"","meta":{"jetpack_post_was_ever_published":false,"footnotes":""},"class_list":["post-5081","page","type-page","status-publish"],"jetpack_sharing_enabled":true,"jetpack_shortlink":"https:\/\/wp.me\/P93ZOd-1jX","_links":{"self":[{"href":"https:\/\/www.bambergorthodox.de\/index.php?rest_route=\/wp\/v2\/pages\/5081","targetHints":{"allow":["GET"]}}],"collection":[{"href":"https:\/\/www.bambergorthodox.de\/index.php?rest_route=\/wp\/v2\/pages"}],"about":[{"href":"https:\/\/www.bambergorthodox.de\/index.php?rest_route=\/wp\/v2\/types\/page"}],"author":[{"embeddable":true,"href":"https:\/\/www.bambergorthodox.de\/index.php?rest_route=\/wp\/v2\/users\/2"}],"replies":[{"embeddable":true,"href":"https:\/\/www.bambergorthodox.de\/index.php?rest_route=%2Fwp%2Fv2%2Fcomments&post=5081"}],"version-history":[{"count":4,"href":"https:\/\/www.bambergorthodox.de\/index.php?rest_route=\/wp\/v2\/pages\/5081\/revisions"}],"predecessor-version":[{"id":8022,"href":"https:\/\/www.bambergorthodox.de\/index.php?rest_route=\/wp\/v2\/pages\/5081\/revisions\/8022"}],"wp:attachment":[{"href":"https:\/\/www.bambergorthodox.de\/index.php?rest_route=%2Fwp%2Fv2%2Fmedia&parent=5081"}],"curies":[{"name":"wp","href":"https:\/\/api.w.org\/{rel}","templated":true}]}}