{"id":4908,"date":"2022-03-17T09:01:23","date_gmt":"2022-03-17T08:01:23","guid":{"rendered":"https:\/\/www.bambergorthodox.de\/?page_id=4908"},"modified":"2025-06-11T10:41:43","modified_gmt":"2025-06-11T08:41:43","slug":"de-tine-se-bucura-varianta","status":"publish","type":"page","link":"https:\/\/www.bambergorthodox.de\/?page_id=4908","title":{"rendered":"De tine se bucur\u0103 (variant\u0103)"},"content":{"rendered":"&#8221;De tine, cea plin\u0103 de dar, se bucur\u0103 toat\u0103 f\u0103ptura, soborul \u00eengeresc \u015fi neamul omenesc. Biseric\u0103 sfin\u0163it\u0103 si rai cuv\u00e2nt\u0103tor, lauda fecioriei, din care Dumnezeu S-a \u00eentrupat \u015fi prunc S-a f\u0103cut, Cel ce este mai \u00eenainte de veci, Dumnezeul nostru. C\u0103 p\u00e2ntecele t\u0103u scaun l-a f\u0103cut mai desf\u0103tat dec\u00e2t cerurile.<br \/>\nDe tine, cea plin\u0103 de dar, se bucur\u0103 toat\u0103 f\u0103ptura! M\u0103rire, m\u0103rire \u0163ie!&#8221;<\/p>\n<p>Partitura, cor mixt (pdf):\u00a0<a href=\"https:\/\/www.bambergorthodox.de\/wp-content\/uploads\/2025\/06\/De-tine.pdf\">De tine se bucur\u0103<\/a><\/p>\n<p>Voci (mp3): <a href=\"https:\/\/www.bambergorthodox.de\/wp-content\/uploads\/2024\/02\/De-tine-1.mp3\">sopran<\/a>,\u00a0<a href=\"https:\/\/www.bambergorthodox.de\/wp-content\/uploads\/2024\/02\/De-tine-2.mp3\">alto<\/a>, \u00a0<a href=\"https:\/\/www.bambergorthodox.de\/wp-content\/uploads\/2025\/06\/De-tine-3.mp3\">tenor<\/a>, <a href=\"https:\/\/www.bambergorthodox.de\/wp-content\/uploads\/2025\/06\/De-tine-4.mp3\">bas<\/a>,\u00a0<a href=\"https:\/\/www.bambergorthodox.de\/wp-content\/uploads\/2025\/06\/De-tine.mp3\">cor mixt<\/a><\/p>\n<p>Surs\u0103 Lilypond (ly):\u00a0<a href=\"https:\/\/www.bambergorthodox.de\/wp-content\/uploads\/2025\/06\/De-tine.zip\">De tine se bucur\u0103<\/a>","protected":false},"excerpt":{"rendered":"<p>&#8221;De tine, cea plin\u0103 de dar, se bucur\u0103 toat\u0103 f\u0103ptura, soborul \u00eengeresc \u015fi neamul omenesc. Biseric\u0103 sfin\u0163it\u0103 si rai cuv\u00e2nt\u0103tor, lauda fecioriei, din care Dumnezeu S-a \u00eentrupat \u015fi prunc S-a f\u0103cut, Cel ce este mai \u00eenainte de veci, Dumnezeul nostru. C\u0103 p\u00e2ntecele t\u0103u scaun l-a f\u0103cut mai desf\u0103tat dec\u00e2t cerurile. De tine, cea plin\u0103 de &#8230; <a class=\"read-more\" href=\"https:\/\/www.bambergorthodox.de\/?page_id=4908\">Read more&#8230;<\/a><\/p>\n","protected":false},"author":2,"featured_media":0,"parent":0,"menu_order":0,"comment_status":"closed","ping_status":"closed","template":"","meta":{"jetpack_post_was_ever_published":false,"footnotes":""},"class_list":["post-4908","page","type-page","status-publish"],"jetpack_sharing_enabled":true,"jetpack_shortlink":"https:\/\/wp.me\/P93ZOd-1ha","_links":{"self":[{"href":"https:\/\/www.bambergorthodox.de\/index.php?rest_route=\/wp\/v2\/pages\/4908","targetHints":{"allow":["GET"]}}],"collection":[{"href":"https:\/\/www.bambergorthodox.de\/index.php?rest_route=\/wp\/v2\/pages"}],"about":[{"href":"https:\/\/www.bambergorthodox.de\/index.php?rest_route=\/wp\/v2\/types\/page"}],"author":[{"embeddable":true,"href":"https:\/\/www.bambergorthodox.de\/index.php?rest_route=\/wp\/v2\/users\/2"}],"replies":[{"embeddable":true,"href":"https:\/\/www.bambergorthodox.de\/index.php?rest_route=%2Fwp%2Fv2%2Fcomments&post=4908"}],"version-history":[{"count":4,"href":"https:\/\/www.bambergorthodox.de\/index.php?rest_route=\/wp\/v2\/pages\/4908\/revisions"}],"predecessor-version":[{"id":7891,"href":"https:\/\/www.bambergorthodox.de\/index.php?rest_route=\/wp\/v2\/pages\/4908\/revisions\/7891"}],"wp:attachment":[{"href":"https:\/\/www.bambergorthodox.de\/index.php?rest_route=%2Fwp%2Fv2%2Fmedia&parent=4908"}],"curies":[{"name":"wp","href":"https:\/\/api.w.org\/{rel}","templated":true}]}}