{"id":4891,"date":"2022-03-16T13:08:28","date_gmt":"2022-03-16T12:08:28","guid":{"rendered":"https:\/\/www.bambergorthodox.de\/?page_id=4891"},"modified":"2025-07-03T11:29:17","modified_gmt":"2025-07-03T09:29:17","slug":"fie-marit-in-veci","status":"publish","type":"page","link":"https:\/\/www.bambergorthodox.de\/?page_id=4891","title":{"rendered":"Fie m\u0103rit \u00een veci"},"content":{"rendered":"&#8221;Fie m\u0103rit \u00een veci numele Domnului,<br \/>\nFie sl\u0103vit\u0103 bun\u0103tatea Lui!<br \/>\nEl e n\u0103dejdea mea \u0219i bucuria,<br \/>\nC\u00e2nta-voi Domnului aliluia!&#8221;<\/p>\n<p>Compozitorul e necunoscut, se pare c\u0103 e vorba de un c\u00e2ntec tradi\u021bional. Interesant\u0103 e linia melodic\u0103 la alto, care preia o parte din sopran. De\u0219i pare un c\u00e2ntec simplu, este nevoie de un registru alto cu experien\u021b\u0103.<br \/>\nAm extins armonizarea ini\u021bial\u0103 a celor 3 voci egale pentru un cor mixt pe 4 voci, ad\u0103ug\u00e2nd o melodie pentru tenor.<\/p>\n<p>Partitura, cor mixt (pdf): <a href=\"https:\/\/www.bambergorthodox.de\/wp-content\/uploads\/2025\/07\/FieMarit.pdf\">Fie m\u0103rit \u00een veci<\/a><\/p>\n<p>Voci (mp3): <a href=\"https:\/\/www.bambergorthodox.de\/wp-content\/uploads\/2024\/02\/FieMarit-1.mp3\">sopran<\/a>,\u00a0<a href=\"https:\/\/www.bambergorthodox.de\/wp-content\/uploads\/2024\/02\/FieMarit-2.mp3\">alto<\/a>, <a href=\"https:\/\/www.bambergorthodox.de\/wp-content\/uploads\/2025\/07\/FieMarit-3.mp3\">tenor<\/a><a href=\"https:\/\/www.bambergorthodox.de\/wp-content\/uploads\/2016\/12\/Cat-de-marit-var.mp3\">, <\/a><a href=\"https:\/\/www.bambergorthodox.de\/wp-content\/uploads\/2025\/07\/FieMarit-4.mp3\">bas<\/a><a href=\"https:\/\/www.bambergorthodox.de\/wp-content\/uploads\/2016\/12\/Cat-de-marit-var.mp3\">,<\/a>\u00a0<a href=\"https:\/\/www.bambergorthodox.de\/wp-content\/uploads\/2025\/07\/FieMarit.mp3\">cor<\/a><\/p>\n<p>Surs\u0103 Lilypond (ly): <a href=\"https:\/\/www.bambergorthodox.de\/wp-content\/uploads\/2025\/07\/FieMarit.zip\">Fie m\u0103rit \u00een veci<\/a>","protected":false},"excerpt":{"rendered":"<p>&#8221;Fie m\u0103rit \u00een veci numele Domnului, Fie sl\u0103vit\u0103 bun\u0103tatea Lui! El e n\u0103dejdea mea \u0219i bucuria, C\u00e2nta-voi Domnului aliluia!&#8221; Compozitorul e necunoscut, se pare c\u0103 e vorba de un c\u00e2ntec tradi\u021bional. Interesant\u0103 e linia melodic\u0103 la alto, care preia o parte din sopran. De\u0219i pare un c\u00e2ntec simplu, este nevoie de un registru alto cu &#8230; <a class=\"read-more\" href=\"https:\/\/www.bambergorthodox.de\/?page_id=4891\">Read more&#8230;<\/a><\/p>\n","protected":false},"author":2,"featured_media":0,"parent":0,"menu_order":0,"comment_status":"closed","ping_status":"closed","template":"","meta":{"jetpack_post_was_ever_published":false,"footnotes":""},"class_list":["post-4891","page","type-page","status-publish"],"jetpack_sharing_enabled":true,"jetpack_shortlink":"https:\/\/wp.me\/P93ZOd-1gT","_links":{"self":[{"href":"https:\/\/www.bambergorthodox.de\/index.php?rest_route=\/wp\/v2\/pages\/4891","targetHints":{"allow":["GET"]}}],"collection":[{"href":"https:\/\/www.bambergorthodox.de\/index.php?rest_route=\/wp\/v2\/pages"}],"about":[{"href":"https:\/\/www.bambergorthodox.de\/index.php?rest_route=\/wp\/v2\/types\/page"}],"author":[{"embeddable":true,"href":"https:\/\/www.bambergorthodox.de\/index.php?rest_route=\/wp\/v2\/users\/2"}],"replies":[{"embeddable":true,"href":"https:\/\/www.bambergorthodox.de\/index.php?rest_route=%2Fwp%2Fv2%2Fcomments&post=4891"}],"version-history":[{"count":6,"href":"https:\/\/www.bambergorthodox.de\/index.php?rest_route=\/wp\/v2\/pages\/4891\/revisions"}],"predecessor-version":[{"id":8031,"href":"https:\/\/www.bambergorthodox.de\/index.php?rest_route=\/wp\/v2\/pages\/4891\/revisions\/8031"}],"wp:attachment":[{"href":"https:\/\/www.bambergorthodox.de\/index.php?rest_route=%2Fwp%2Fv2%2Fmedia&parent=4891"}],"curies":[{"name":"wp","href":"https:\/\/api.w.org\/{rel}","templated":true}]}}