{"id":45,"date":"2015-05-31T21:00:21","date_gmt":"2015-05-31T19:00:21","guid":{"rendered":"http:\/\/www.bambergorthodox.de\/wp\/?page_id=45"},"modified":"2019-02-19T09:55:17","modified_gmt":"2019-02-19T08:55:17","slug":"cum-devin-membru","status":"publish","type":"page","link":"https:\/\/www.bambergorthodox.de\/?page_id=45","title":{"rendered":"Cum devin membru?"},"content":{"rendered":"<span style=\"color: #000000;\"><em>Calitatea de membru al Parohiei<\/em> se dob\u00e2nde\u0219te prin <\/span><\/p>\n<ul>\n<li><strong><span style=\"color: #000000;\">dorin\u021ba\u00a0de a tr\u0103i dup\u0103 principiile cre\u0219tine<\/span><\/strong><\/li>\n<li><strong><span style=\"color: #000000;\">participarea la sfintele slujbe<\/span><\/strong><em><span style=\"color: #000000;\">\u00a0<\/span><\/em><\/li>\n<li><span style=\"color: #000000;\"><strong>participarea la activit\u0103\u021bile oficiate \u0219i desf\u0103\u0219urate \u00een parohia noastr\u0103<\/strong><\/span><em><span style=\"color: #000000;\">\u00a0<\/span><\/em><\/li>\n<li><span style=\"color: #000000;\"><strong>sus\u021binerea existen\u021bei acesteia sub form\u0103 de dona\u021bii minime lunare<\/strong><i>\u00a0(<\/i><em>desc\u0103rca\u021bi <span style=\"color: #ff0000;\">cererea de \u00eenscriere \u00een parohie<\/span>\u00a0d\u00e2nd click\u00a0<a href=\"https:\/\/www.bambergorthodox.de\/wp-content\/uploads\/2019\/02\/cerere-membru_2019.pdf\" target=\"_blank\" rel=\"noopener\"><span style=\"color: #ff0000;\"><strong>aici<\/strong><\/span><\/a>, o completa\u021bi \u0219i o aduce\u021bi la biseric\u0103).<\/em><\/span><\/li>\n<\/ul>\n<p><span style=\"color: #000000;\">Parohia noastr\u0103 e<em>xist\u0103 \u0219i\u00a0\u00ee\u0219i poate sus\u021bine activitatea exclusiv din contribu\u021biile credincio\u0219ilor s\u0103i<\/em>, pentru c\u0103\u00a0<em>nu se prime\u0219te<\/em> <em>nicio subven\u021bie <\/em>de la Statul rom\u00e2n\u00a0sau german \u0219i nici de la Mitropolia din N\u00fcrnberg sau Patriarhia Rom\u00e2n\u0103.\u00a0<\/span><\/p>\n<p><span style=\"color: #000000;\">Existen\u021ba parohiei \u00eenseamn\u0103 o mare bucurie pentru to\u021bi rom\u00e2nii din aceast\u0103 zon\u0103, dar \u00een acela\u0219i timp \u0219i o mare responsabilitate. Tot ceea ce este nevoie pentru buna desf\u0103\u0219urare a vie\u021bii religioase, pentru \u00eentre\u021binerea minunatei biserici \u00een care slujim \u0219i pentru \u00eentreaga activitate liturgic\u0103, cultural\u0103 \u0219i social\u0103, se acoper\u0103 din aceste contribu\u021bii \u0219i din tot ceea ce se str\u00e2nge \u00een biseric\u0103 la slujbe (pomelnice, lum\u00e2n\u0103ri, botez, sfe\u0219tanii, dona\u021bii, etc.). Aceasta este situa\u021bia\u00a0tuturor\u00a0parohiilor ortodoxe rom\u00e2ne\u0219ti \u0219i a preo\u021bilor rom\u00e2ni din Germania \u0219i Diaspora. <em>Credincio\u0219ii ortodoc\u0219i rom\u00e2ni, spre deosebire de cei romano-catolici \u0219i evanghelici, nu pl\u0103tesc \u00een Germania niciun impozit bisericesc (Kirchensteuer) din veniturile ob\u021binute.<\/em><\/span><\/p>\n<p><span style=\"color: #000000;\">De aceea, <em>credincio\u0219ii nostri se \u00eenscriu ca membri <\/em>\u00een asocia\u021bia non profit \u201eOikonomia\u201c a parohiei, <span style=\"color: #0000ff;\"><span style=\"color: #000000;\"><em>prin completarea cererii de \u00eenscriere,<\/em><\/span><\/span>\u00a0beneficiind astfel de toat\u0103 asisten\u021ba religioas\u0103 necesar\u0103, de toate drepturile unui cre\u0219tin ortodox ce decurg din apartenen\u021ba la via\u021ba bisericii \u0219i \u00een acela\u0219i timp sus\u021bin\u00e2nd existen\u021ba \u00eens\u0103\u0219i a acesteia.<\/span><\/p>\n<p><span style=\"color: #000000;\">Asocia\u021bia parohiei a fost \u00eenfiin\u021bat\u0103 \u00een luna decembrie 2013 \u0219i \u00eenscris\u0103 la Judec\u0103toria Bamberg \u00een registrul asocia\u021biilor, prelu\u00e2nd astfel toat\u0103 activitatea financiar-contabil\u0103 a parohiei. Conducerea asocia\u021biei \u0219i consilierii parohiei au stabilit o <em>contribu\u021bie minim\u0103 lunar\u0103 de 10,- euro\u00a0de familie \u0219i\u00a0 5,- euro pentru persoan\u0103 singur\u0103<\/em>.<\/span><\/p>\n<p><span style=\"color: #000000;\">Pentru orice alte dona\u021bii sporadice, dar \u0219i pentru orice sus\u021binere, nu neap\u0103rat material\u0103, ne bucur\u0103m \u0219i ne responsabilizeaz\u0103 s\u0103 ne \u00eendeplinim misiunea \u00eencredin\u021bat\u0103 tuturor membrilor parohiei. <em>La \u00eenceputul fiec\u0103rui an calendaristic fiecare membru prime\u0219te adeverin\u021ba de donator, necesar\u0103 deducerii din impozit.<\/em><\/span>","protected":false},"excerpt":{"rendered":"<p>Calitatea de membru al Parohiei se dob\u00e2nde\u0219te prin dorin\u021ba\u00a0de a tr\u0103i dup\u0103 principiile cre\u0219tine participarea la sfintele slujbe\u00a0 participarea la activit\u0103\u021bile oficiate \u0219i desf\u0103\u0219urate \u00een parohia noastr\u0103\u00a0 sus\u021binerea existen\u021bei acesteia sub form\u0103 de dona\u021bii minime lunare\u00a0(desc\u0103rca\u021bi cererea de \u00eenscriere \u00een parohie\u00a0d\u00e2nd click\u00a0aici, o completa\u021bi \u0219i o aduce\u021bi la biseric\u0103). Parohia noastr\u0103 exist\u0103 \u0219i\u00a0\u00ee\u0219i poate sus\u021bine &#8230; <a class=\"read-more\" href=\"https:\/\/www.bambergorthodox.de\/?page_id=45\">Read more&#8230;<\/a><\/p>\n","protected":false},"author":1,"featured_media":0,"parent":14,"menu_order":0,"comment_status":"closed","ping_status":"open","template":"","meta":{"jetpack_post_was_ever_published":false,"footnotes":""},"class_list":["post-45","page","type-page","status-publish"],"jetpack_sharing_enabled":true,"jetpack_shortlink":"https:\/\/wp.me\/P93ZOd-J","_links":{"self":[{"href":"https:\/\/www.bambergorthodox.de\/index.php?rest_route=\/wp\/v2\/pages\/45","targetHints":{"allow":["GET"]}}],"collection":[{"href":"https:\/\/www.bambergorthodox.de\/index.php?rest_route=\/wp\/v2\/pages"}],"about":[{"href":"https:\/\/www.bambergorthodox.de\/index.php?rest_route=\/wp\/v2\/types\/page"}],"author":[{"embeddable":true,"href":"https:\/\/www.bambergorthodox.de\/index.php?rest_route=\/wp\/v2\/users\/1"}],"replies":[{"embeddable":true,"href":"https:\/\/www.bambergorthodox.de\/index.php?rest_route=%2Fwp%2Fv2%2Fcomments&post=45"}],"version-history":[{"count":52,"href":"https:\/\/www.bambergorthodox.de\/index.php?rest_route=\/wp\/v2\/pages\/45\/revisions"}],"predecessor-version":[{"id":3926,"href":"https:\/\/www.bambergorthodox.de\/index.php?rest_route=\/wp\/v2\/pages\/45\/revisions\/3926"}],"up":[{"embeddable":true,"href":"https:\/\/www.bambergorthodox.de\/index.php?rest_route=\/wp\/v2\/pages\/14"}],"wp:attachment":[{"href":"https:\/\/www.bambergorthodox.de\/index.php?rest_route=%2Fwp%2Fv2%2Fmedia&parent=45"}],"curies":[{"name":"wp","href":"https:\/\/api.w.org\/{rel}","templated":true}]}}