{"id":4017,"date":"2019-04-08T10:02:51","date_gmt":"2019-04-08T08:02:51","guid":{"rendered":"https:\/\/www.bambergorthodox.de\/?page_id=4017"},"modified":"2024-03-05T17:31:22","modified_gmt":"2024-03-05T16:31:22","slug":"eu-sunt-invierea","status":"publish","type":"page","link":"https:\/\/www.bambergorthodox.de\/?page_id=4017","title":{"rendered":"Eu sunt \u00cenvierea"},"content":{"rendered":"Iisus i-a zis: \u201eEu sunt \u00eenvierea \u015fi via\u0163a. Cine crede \u00een Mine, chiar dac\u0103 ar fi murit, va tr\u0103i. \u015ei oricine tr\u0103ie\u015fte \u015fi crede \u00een Mine nu va muri niciodat\u0103. Crezi lucrul acesta?\u201d<br \/>\n\u201eDa, Doamne\u201d, I-a zis ea, \u201ecred c\u0103 Tu e\u015fti Hristosul, Fiul lui Dumnezeu, care trebuia s\u0103 vin\u0103 \u00een lume\u201d. (In 11:25-27)<\/p>\n<p>&nbsp;<\/p>\n<p>Partitura, cor mixt (pdf): <a href=\"https:\/\/www.bambergorthodox.de\/wp-content\/uploads\/2024\/02\/EuSuntInv.pdf\">Eu sunt \u00cenvierea<\/a><\/p>\n<p>Voci (mp3): <a href=\"https:\/\/www.bambergorthodox.de\/wp-content\/uploads\/2024\/02\/EuSuntInv-1.mp3\">sopran<\/a><a href=\"https:\/\/www.bambergorthodox.de\/wp-content\/uploads\/2016\/12\/Cat-de-marit-var.mp3\">,\u00a0<\/a><a href=\"https:\/\/www.bambergorthodox.de\/wp-content\/uploads\/2024\/02\/EuSuntInv-2.mp3\">alto<\/a><a href=\"https:\/\/www.bambergorthodox.de\/wp-content\/uploads\/2016\/12\/Cat-de-marit-var.mp3\">,\u00a0<\/a><a href=\"https:\/\/www.bambergorthodox.de\/wp-content\/uploads\/2024\/02\/EuSuntInv-3.mp3\">tenor<\/a><a href=\"https:\/\/www.bambergorthodox.de\/wp-content\/uploads\/2016\/12\/Cat-de-marit-var.mp3\">,\u00a0<\/a><a href=\"https:\/\/www.bambergorthodox.de\/wp-content\/uploads\/2024\/02\/EuSuntInv-4.mp3\">bas<\/a><a href=\"https:\/\/www.bambergorthodox.de\/wp-content\/uploads\/2016\/12\/Cat-de-marit-var.mp3\">,\u00a0<\/a><a href=\"https:\/\/www.bambergorthodox.de\/wp-content\/uploads\/2024\/02\/EuSuntInv.mp3\">cor mixt<\/a><\/p>\n<p>Surs\u0103 Lilypond (ly): <a href=\"https:\/\/www.bambergorthodox.de\/wp-content\/uploads\/2024\/02\/EuSuntInv.zip\">Eu sunt \u00cenvierea<\/a>","protected":false},"excerpt":{"rendered":"<p>Iisus i-a zis: \u201eEu sunt \u00eenvierea \u015fi via\u0163a. Cine crede \u00een Mine, chiar dac\u0103 ar fi murit, va tr\u0103i. \u015ei oricine tr\u0103ie\u015fte \u015fi crede \u00een Mine nu va muri niciodat\u0103. Crezi lucrul acesta?\u201d \u201eDa, Doamne\u201d, I-a zis ea, \u201ecred c\u0103 Tu e\u015fti Hristosul, Fiul lui Dumnezeu, care trebuia s\u0103 vin\u0103 \u00een lume\u201d. (In 11:25-27) &nbsp; &#8230; <a class=\"read-more\" href=\"https:\/\/www.bambergorthodox.de\/?page_id=4017\">Read more&#8230;<\/a><\/p>\n","protected":false},"author":2,"featured_media":0,"parent":0,"menu_order":0,"comment_status":"closed","ping_status":"closed","template":"","meta":{"jetpack_post_was_ever_published":false,"footnotes":""},"class_list":["post-4017","page","type-page","status-publish"],"jetpack_sharing_enabled":true,"jetpack_shortlink":"https:\/\/wp.me\/P93ZOd-12N","_links":{"self":[{"href":"https:\/\/www.bambergorthodox.de\/index.php?rest_route=\/wp\/v2\/pages\/4017","targetHints":{"allow":["GET"]}}],"collection":[{"href":"https:\/\/www.bambergorthodox.de\/index.php?rest_route=\/wp\/v2\/pages"}],"about":[{"href":"https:\/\/www.bambergorthodox.de\/index.php?rest_route=\/wp\/v2\/types\/page"}],"author":[{"embeddable":true,"href":"https:\/\/www.bambergorthodox.de\/index.php?rest_route=\/wp\/v2\/users\/2"}],"replies":[{"embeddable":true,"href":"https:\/\/www.bambergorthodox.de\/index.php?rest_route=%2Fwp%2Fv2%2Fcomments&post=4017"}],"version-history":[{"count":5,"href":"https:\/\/www.bambergorthodox.de\/index.php?rest_route=\/wp\/v2\/pages\/4017\/revisions"}],"predecessor-version":[{"id":6712,"href":"https:\/\/www.bambergorthodox.de\/index.php?rest_route=\/wp\/v2\/pages\/4017\/revisions\/6712"}],"wp:attachment":[{"href":"https:\/\/www.bambergorthodox.de\/index.php?rest_route=%2Fwp%2Fv2%2Fmedia&parent=4017"}],"curies":[{"name":"wp","href":"https:\/\/api.w.org\/{rel}","templated":true}]}}