{"id":36,"date":"2015-05-31T20:53:22","date_gmt":"2015-05-31T18:53:22","guid":{"rendered":"http:\/\/www.bambergorthodox.de\/wp\/?page_id=36"},"modified":"2017-02-06T11:47:23","modified_gmt":"2017-02-06T10:47:23","slug":"slujba-inmormantarii","status":"publish","type":"page","link":"https:\/\/www.bambergorthodox.de\/?page_id=36","title":{"rendered":"Slujba \u00eenmorm\u00e2nt\u0103rii"},"content":{"rendered":"Pentru slujba \u00cenmorm\u00e2nt\u0103rii sunt necesare:<\/p>\n<ul>\n<li><em>certificatul de deces<\/em><\/li>\n<li><em>o prescur\u0103, un colac\u00a0sau o p\u00e2ine<\/em><\/li>\n<li><em>o sticl\u0103 de vin<\/em><\/li>\n<li><em>coliv\u0103<\/em><\/li>\n<li><em>o lum\u00e2nare mare pentru preot \u0219i, eventual, lum\u00e2n\u0103ri mici pentru to\u021bi cei prezen\u021bi<\/em><\/li>\n<\/ul>\n<p>Nu exist\u0103 tax\u0103 pentru slujb\u0103. Orice dona\u021bie \u00eens\u0103 este binevenit\u0103, bine\u0219tiind c\u0103 parohia noastr\u0103 \u00ee\u0219i sus\u021bine activitatea numai prin contribu\u021biile benevole ale credincio\u0219ilor \u0219i din dona\u021biile tuturor celor ce iubesc Biserica lui Dumnezeu.","protected":false},"excerpt":{"rendered":"<p>Pentru slujba \u00cenmorm\u00e2nt\u0103rii sunt necesare: certificatul de deces o prescur\u0103, un colac\u00a0sau o p\u00e2ine o sticl\u0103 de vin coliv\u0103 o lum\u00e2nare mare pentru preot \u0219i, eventual, lum\u00e2n\u0103ri mici pentru to\u021bi cei prezen\u021bi Nu exist\u0103 tax\u0103 pentru slujb\u0103. Orice dona\u021bie \u00eens\u0103 este binevenit\u0103, bine\u0219tiind c\u0103 parohia noastr\u0103 \u00ee\u0219i sus\u021bine activitatea numai prin contribu\u021biile benevole ale credincio\u0219ilor &#8230; <a class=\"read-more\" href=\"https:\/\/www.bambergorthodox.de\/?page_id=36\">Read more&#8230;<\/a><\/p>\n","protected":false},"author":1,"featured_media":0,"parent":12,"menu_order":0,"comment_status":"closed","ping_status":"open","template":"","meta":{"jetpack_post_was_ever_published":false,"footnotes":""},"class_list":["post-36","page","type-page","status-publish"],"jetpack_sharing_enabled":true,"jetpack_shortlink":"https:\/\/wp.me\/P93ZOd-A","_links":{"self":[{"href":"https:\/\/www.bambergorthodox.de\/index.php?rest_route=\/wp\/v2\/pages\/36","targetHints":{"allow":["GET"]}}],"collection":[{"href":"https:\/\/www.bambergorthodox.de\/index.php?rest_route=\/wp\/v2\/pages"}],"about":[{"href":"https:\/\/www.bambergorthodox.de\/index.php?rest_route=\/wp\/v2\/types\/page"}],"author":[{"embeddable":true,"href":"https:\/\/www.bambergorthodox.de\/index.php?rest_route=\/wp\/v2\/users\/1"}],"replies":[{"embeddable":true,"href":"https:\/\/www.bambergorthodox.de\/index.php?rest_route=%2Fwp%2Fv2%2Fcomments&post=36"}],"version-history":[{"count":7,"href":"https:\/\/www.bambergorthodox.de\/index.php?rest_route=\/wp\/v2\/pages\/36\/revisions"}],"predecessor-version":[{"id":1726,"href":"https:\/\/www.bambergorthodox.de\/index.php?rest_route=\/wp\/v2\/pages\/36\/revisions\/1726"}],"up":[{"embeddable":true,"href":"https:\/\/www.bambergorthodox.de\/index.php?rest_route=\/wp\/v2\/pages\/12"}],"wp:attachment":[{"href":"https:\/\/www.bambergorthodox.de\/index.php?rest_route=%2Fwp%2Fv2%2Fmedia&parent=36"}],"curies":[{"name":"wp","href":"https:\/\/api.w.org\/{rel}","templated":true}]}}