{"id":32,"date":"2015-05-31T20:52:30","date_gmt":"2015-05-31T18:52:30","guid":{"rendered":"http:\/\/www.bambergorthodox.de\/wp\/?page_id=32"},"modified":"2021-06-02T11:04:27","modified_gmt":"2021-06-02T09:04:27","slug":"sf-botez","status":"publish","type":"page","link":"https:\/\/www.bambergorthodox.de\/?page_id=32","title":{"rendered":"Sf. Botez"},"content":{"rendered":"Taina Sf\u00e2ntului Botez reprezint\u0103 o mare bucurie \u0219i responsabilitate pentru to\u021bi cei implica\u021bi \u00een organizarea sau s\u0103v\u00e2r\u0219irea ei \u0219i are un mare impact sufletesc asupra tuturor, nu numai asupra celui ce urmeaz\u0103 a se boteza. De aceea este foarte important\u0103 preg\u0103tirea sufleteasc\u0103 \u0219i trupeasc\u0103 a celui ce se boteaz\u0103, a p\u0103rin\u021bilor trupe\u0219ti, a p\u0103rin\u021bilor suflete\u0219ti (na\u0219ilor) \u0219i a participan\u021bilor la slujb\u0103.<\/p>\n<p><strong>Condi\u021biile ce trebuiesc \u00eendeplinite pentru s\u0103v\u00e2r\u0219irea slujbei Botezului sunt urm\u0103toarele:<\/strong><\/p>\n<ol>\n<li><strong>p\u0103rin\u021bii \u0219i na\u0219ii copilului s\u0103 fie membri ai parohiei noastre<\/strong>\u00a0<em>(<span style=\"color: #ff0000;\"><span style=\"color: #000000;\">desc\u0103rca\u021bi <span style=\"color: #ff0000;\">cererea de \u00eenscriere \u00een parohie<\/span> d\u00e2nd click\u00a0<a href=\"https:\/\/www.bambergorthodox.de\/wp-content\/uploads\/2019\/02\/cerere-membru_2019.pdf\" target=\"_blank\" rel=\"noopener\"><strong><span style=\"color: #ff0000;\">aici<\/span><\/strong><\/a>, o completa\u021bi \u0219i o aduce\u021bi la biseric\u0103; de asemenea, afla\u021bi ce \u00eenseamn\u0103 a fi membru al parohiei d\u00e2nd click <strong><a href=\"https:\/\/www.bambergorthodox.de\/?page_id=45\" target=\"_blank\" rel=\"noopener\"><span style=\"color: #ff0000;\">aici<\/span><\/a><\/strong>).<\/span><\/span><\/em><\/li>\n<li><strong>p\u0103rin\u021bii \u0219i na\u0219ii copilului s\u0103 se spovedeasc\u0103 \u00een prealabil \u0219i s\u0103 participe la cateheza preg\u0103titoare<\/strong><\/li>\n<li><strong>na\u0219ii copilului s\u0103 fie de confesiune ortodox\u0103, c\u0103s\u0103tori\u021bi religios \u0219i s\u0103 poat\u0103 rosti pe de rost Crezul sau Simbolul credin\u0163ei<\/strong>\u00a0<em>(Textul Crezului \u00eel g\u0103si\u021bi \u00een josul acestei pagini).<\/em><\/li>\n<\/ol>\n<p><strong>Pentru slujb\u0103 sunt necesare urm\u0103toarele:<\/strong><\/p>\n<ol>\n<li><em>copie certificat na\u0219tere (ad\u0103uga\u0163i: domiciliul p\u0103rin\u0163ilor \u015fi al na\u015filor, num\u0103rul de telefon \u0219i adresa de email)<\/em><\/li>\n<li><em>lum\u00e2nare botez (se poate procura de la biserica noastr\u0103)<\/em><\/li>\n<li><em>un set nou, complet de h\u0103inu\u021be<\/em><\/li>\n<li><em>o bucat\u0103 p\u00e2nz\u0103 alb\u0103 de aprox. 1,5 m p\u0103tra\u021bi (sau\u00a0un prosop alb mai mare) &#8211; pentru \u0219ters pruncul<\/em><\/li>\n<li><em>1 sticlu\u021b\u0103 cu ulei de m\u0103sline<\/em><\/li>\n<li><em>prosop \u0219i s\u0103pun (pentru preot)<\/em><\/li>\n<li><em>o panglic\u0103 (fa\u0219\u0103) de culoare alb\u0103 sau bleu de aprox. 1,5 m (3-4-5 cm l\u0103\u021bime)<\/em><\/li>\n<li><em>cruciuli\u021b\u0103 pectoral\u0103 cu l\u0103n\u021bi\u0219or<\/em><\/li>\n<\/ol>\n<p>Orice dona\u021bie este binevenit\u0103, bine\u0219tiind c\u0103 parohia noastr\u0103 \u00ee\u0219i sus\u021bine activitatea numai prin contribu\u021biile benevole ale credincio\u0219ilor \u0219i din dona\u021biile tuturor celor ce iubesc Biserica lui Dumnezeu.<\/p>\n<p>&nbsp;<\/p>\n<p><strong>Simbolul credin\u021bei (Crezul)<\/strong><\/p>\n<p>Cred \u00eentru unul Dumnezeu, Tat\u0103l atot\u0163iitorul,<br \/>\nF\u0103c\u0103torul cerului \u015fi al p\u0103m\u00e2ntului, al tuturor celor v\u0103zute \u015fi nev\u0103zute.<br \/>\n\u015ei \u00eentru unul Domn Iisus Hristos, Fiul lui Dumnezeu,<br \/>\nUnul N\u0103scut,\u00a0 Care din T\u0103tal S-a n\u0103scut, mai \u00eenainte de to\u0163i vecii.<br \/>\nLumin\u0103 din Lumin\u0103, Dumnezeu adev\u0103rat din Dumnezeu adev\u0103rat,<br \/>\nn\u0103scut, iar nu f\u0103cut, Cel de o fiin\u0163\u0103 cu Tat\u0103l, prin Care toate s-au f\u0103cut.<br \/>\nCare pentru noi oamenii \u015fi pentru a noastr\u0103 m\u00e2ntuire<br \/>\nS-a pogor\u00e2t din ceruri\u00a0\u0219i S-a \u00eentrupat de la Duhul Sf\u00e2nt \u015fi din Maria Fecioara\u00a0\u0219i S-a f\u0103cut om;<br \/>\n\u015ei S-a r\u0103stignit pentru noi \u00een zilele lui Pon\u021biu Pilat \u0219i a p\u0103timit \u015fi S-a \u00eengropat;<br \/>\n\u015ei a \u00eenviat a treia zi dup\u0103 Scripturi;<br \/>\n\u015ei S-a \u00een\u0103l\u021bat la ceruri \u015fi \u0219ade de-a dreapta Tat\u0103lui;<br \/>\n\u015ei iara\u015fi va s\u0103 vin\u0103 cu slav\u0103, s\u0103 judece viii \u015fi mor\u0163ii,\u00a0a C\u0103rui \u00cemp\u0103r\u0103\u0163ie nu va avea sf\u00e2r\u015fit.<br \/>\n\u015ei \u00eentru Duhul Sf\u00e2nt, Domnul de via\u0163\u0103 F\u0103c\u0103torul,\u00a0Care din Tat\u0103l purcede,\u00a0Cel ce \u00eempreun\u0103 cu Tat\u0103l \u015fi cu Fiul este \u00eenchinat \u015fi sl\u0103vit,\u00a0Care a gr\u0103it prin prooroci.<br \/>\n\u00centru una, sf\u00e2nt\u0103, soborniceasc\u0103 \u015fi apostoleasc\u0103 Biseric\u0103;<br \/>\nM\u0103rturisesc un botez spre iertarea p\u0103catelor,<br \/>\nA\u015ftept \u00eenvierea mor\u0163ilor;<br \/>\n\u0218i via\u0163a veacului ce va s\u0103 fie. Amin.<\/p>\n<p>&nbsp;","protected":false},"excerpt":{"rendered":"<p>Taina Sf\u00e2ntului Botez reprezint\u0103 o mare bucurie \u0219i responsabilitate pentru to\u021bi cei implica\u021bi \u00een organizarea sau s\u0103v\u00e2r\u0219irea ei \u0219i are un mare impact sufletesc asupra tuturor, nu numai asupra celui ce urmeaz\u0103 a se boteza. De aceea este foarte important\u0103 preg\u0103tirea sufleteasc\u0103 \u0219i trupeasc\u0103 a celui ce se boteaz\u0103, a p\u0103rin\u021bilor trupe\u0219ti, a p\u0103rin\u021bilor suflete\u0219ti &#8230; <a class=\"read-more\" href=\"https:\/\/www.bambergorthodox.de\/?page_id=32\">Read more&#8230;<\/a><\/p>\n","protected":false},"author":1,"featured_media":0,"parent":12,"menu_order":2,"comment_status":"closed","ping_status":"open","template":"","meta":{"jetpack_post_was_ever_published":false,"footnotes":""},"class_list":["post-32","page","type-page","status-publish"],"jetpack_sharing_enabled":true,"jetpack_shortlink":"https:\/\/wp.me\/P93ZOd-w","_links":{"self":[{"href":"https:\/\/www.bambergorthodox.de\/index.php?rest_route=\/wp\/v2\/pages\/32","targetHints":{"allow":["GET"]}}],"collection":[{"href":"https:\/\/www.bambergorthodox.de\/index.php?rest_route=\/wp\/v2\/pages"}],"about":[{"href":"https:\/\/www.bambergorthodox.de\/index.php?rest_route=\/wp\/v2\/types\/page"}],"author":[{"embeddable":true,"href":"https:\/\/www.bambergorthodox.de\/index.php?rest_route=\/wp\/v2\/users\/1"}],"replies":[{"embeddable":true,"href":"https:\/\/www.bambergorthodox.de\/index.php?rest_route=%2Fwp%2Fv2%2Fcomments&post=32"}],"version-history":[{"count":41,"href":"https:\/\/www.bambergorthodox.de\/index.php?rest_route=\/wp\/v2\/pages\/32\/revisions"}],"predecessor-version":[{"id":4657,"href":"https:\/\/www.bambergorthodox.de\/index.php?rest_route=\/wp\/v2\/pages\/32\/revisions\/4657"}],"up":[{"embeddable":true,"href":"https:\/\/www.bambergorthodox.de\/index.php?rest_route=\/wp\/v2\/pages\/12"}],"wp:attachment":[{"href":"https:\/\/www.bambergorthodox.de\/index.php?rest_route=%2Fwp%2Fv2%2Fmedia&parent=32"}],"curies":[{"name":"wp","href":"https:\/\/api.w.org\/{rel}","templated":true}]}}