{"id":28,"date":"2015-05-31T20:50:15","date_gmt":"2015-05-31T18:50:15","guid":{"rendered":"http:\/\/www.bambergorthodox.de\/wp\/?page_id=28"},"modified":"2019-02-19T09:57:21","modified_gmt":"2019-02-19T08:57:21","slug":"scoala-parohiala","status":"publish","type":"page","link":"https:\/\/www.bambergorthodox.de\/?page_id=28","title":{"rendered":"\u015ecoala duminical\u0103"},"content":{"rendered":"<em><a  href=\"https:\/\/www.bambergorthodox.de\/wp-content\/uploads\/2015\/05\/DSC03986.jpg\" data-rel=\"lightbox-gallery-0\" data-rl_title=\"\" data-rl_caption=\"\" title=\"\"><img loading=\"lazy\" decoding=\"async\" class=\"size-medium wp-image-2573 alignleft\" src=\"https:\/\/www.bambergorthodox.de\/wp-content\/uploads\/2015\/05\/DSC03986-300x200.jpg\" alt=\"\" width=\"300\" height=\"200\" srcset=\"https:\/\/www.bambergorthodox.de\/wp-content\/uploads\/2015\/05\/DSC03986-300x200.jpg 300w, https:\/\/www.bambergorthodox.de\/wp-content\/uploads\/2015\/05\/DSC03986-768x511.jpg 768w, https:\/\/www.bambergorthodox.de\/wp-content\/uploads\/2015\/05\/DSC03986-1024x682.jpg 1024w\" sizes=\"auto, (max-width: 300px) 100vw, 300px\" \/><\/a>Cre\u0219tinismul este o \u0219coal\u0103 a fericirii<\/em> (N. Steinhardt)<\/p>\n<p>\u0218coala duminical\u0103 \u00ee\u0219i propune s\u0103 le ofere copiilor din parohie \u0219ansa de a cunoa\u0219te \u0219i de a pune \u00een practic\u0103 valorile cre\u0219tin-ortodoxe \u0219i de a men\u021bine (\u00een cazul copiilor recent sosi\u021bi \u00een Germania), respectiv a-i deprinde (\u00een cazul celor n\u0103scu\u021bi departe de Rom\u00e2nia) cu limba \u0219i cultura rom\u00e2n\u0103.<\/p>\n<p>Aceasta a luat fiin\u021b\u0103 \u00een septembrie 2015, iar eforturilor de \u00eenceput depuse de p\u0103rintele Ionu\u021b \u0219i de d-na preoteas\u0103 Mihaela li s-au al\u0103turat pe parcurs alte doamne dornice s\u0103-\u0219i pun\u0103 experien\u021ba didactic\u0103 \u00een slujba celor mai tineri membri ai parohiei noastre. Astfel au loc \u00een prezent prin rota\u021bie ore de religie ortodox\u0103, de limba rom\u00e2n\u0103, de muzic\u0103 \u0219i de geografie.<\/p>\n<p>Totodat\u0103, pentru a veni \u00een ajutorul copiilor de v\u00e2rst\u0103 \u0219colar\u0103 nevoi\u021bi s\u0103 se integreze rapid \u00eentr-o \u021bar\u0103 a c\u0103rei limb\u0103 le e necunoscut\u0103, are loc lunar o \u00eent\u00e2lnire \u00een care se pred\u0103 limba german\u0103, subliniindu-se specificul acesteia \u00een raport cu limba rom\u00e2n\u0103 din perspectiva pronun\u021biei, ortografiei, cea lexical\u0103, etc. Diferite serb\u0103ri (cu ocazia Cr\u0103ciunului \u0219i a Pa\u0219telui, a hramurilor de var\u0103 \u0219i de toamn\u0103), precum \u0219i activit\u0103\u021bi punctuale (gen ora de lectur\u0103, ora de dans popular, vizite la biblioteca \u0219i muzeele din ora\u0219ul Bamberg) \u00eentregesc oferta \u0219colii duminicale.<\/p>\n<p>Aceste cursuri se desf\u0103\u0219oar\u0103 gratuit, iar copiii cu v\u00e2rste cuprinse \u00eentre 6 \u0219i 12 ani sunt a\u0219tepta\u021bi cu drag \u00een fiecare duminic\u0103 la biseric\u0103. Dona\u021bii de materiale didactice (manuale, c\u0103r\u021bi de colorat, caiete, creioane, etc.) sunt oric\u00e2nd binevenite! De asemenea, cine lucreaz\u0103 cu pl\u0103cere cu copiii \u0219i dore\u0219te s\u0103 se implice voluntar \u00een acest proiect, este rugat s\u0103 o contacteze pe d-na preoteas\u0103 Mihaela P\u0103un fie personal la biseric\u0103, fie prin datele de contact ale acestui site.<\/p>\n<p>Proiectul local \u201ePrietenii lecturii\u201d\u00a0a poposit\u00a0\u00eencep\u00e2nd cu luna mai 2017 \u0219i la \u0218coala duminical\u0103 a parohiei noastre, responsabil\u0103 pentru desf\u0103\u0219urarea lui fiind doamna preoteas\u0103. Acesta se adreseaz\u0103 cu prec\u0103dere copiilor cu v\u00e2rsta \u00eentre 3 \u0219i 6 ani \u0219i are drept scop dezvoltarea competen\u021bei exprim\u0103rii orale \u00een context multilingvistic.<\/p>\n<p>Metoda folosit\u0103 este cea a lecturii sub forma dialogului, personajul principal \u00een acest proces nefiind cititorul ca \u00een varianta clasic\u0103, ci copiii \u00een\u0219i\u0219i. Prin alegerea unor c\u0103r\u021bi adecvate v\u00e2rstei pre\u0219colare se urm\u0103re\u0219te a\u0219adar trezirea interesului pentru c\u0103r\u021bi \u0219i lectur\u0103, \u00eembog\u0103\u021birea vocabularului, dezvoltarea competen\u021belor lingvistice, dar \u0219i a personalit\u0103\u021bii copiilor. Toate acestea reprezint\u0103 fundamentul succesului \u0219colar de mai t\u00e2rziu.<\/p>\n<p>Lectura \u0219i dialogul vor avea loc \u00een limbile rom\u00e2n\u0103 \u0219i german\u0103. Proiectul \u201ePrietenii lecturii\u201d \u00een Bamberg se desf\u0103\u0219oar\u0103 pe baz\u0103 de voluntariat, iar d-na preoteas\u0103 Mihaela a participat \u00een prealabil la un seminar de \u201eLectura sub forma dialogului\u201d.<\/p>","protected":false},"excerpt":{"rendered":"<p>Cre\u0219tinismul este o \u0219coal\u0103 a fericirii (N. Steinhardt) \u0218coala duminical\u0103 \u00ee\u0219i propune s\u0103 le ofere copiilor din parohie \u0219ansa de a cunoa\u0219te \u0219i de a pune \u00een practic\u0103 valorile cre\u0219tin-ortodoxe \u0219i de a men\u021bine (\u00een cazul copiilor recent sosi\u021bi \u00een Germania), respectiv a-i deprinde (\u00een cazul celor n\u0103scu\u021bi departe de Rom\u00e2nia) cu limba \u0219i cultura &#8230; <a class=\"read-more\" href=\"https:\/\/www.bambergorthodox.de\/?page_id=28\">Read more&#8230;<\/a><\/p>\n","protected":false},"author":1,"featured_media":0,"parent":10,"menu_order":0,"comment_status":"closed","ping_status":"open","template":"","meta":{"jetpack_post_was_ever_published":false,"footnotes":""},"class_list":["post-28","page","type-page","status-publish"],"jetpack_sharing_enabled":true,"jetpack_shortlink":"https:\/\/wp.me\/P93ZOd-s","_links":{"self":[{"href":"https:\/\/www.bambergorthodox.de\/index.php?rest_route=\/wp\/v2\/pages\/28","targetHints":{"allow":["GET"]}}],"collection":[{"href":"https:\/\/www.bambergorthodox.de\/index.php?rest_route=\/wp\/v2\/pages"}],"about":[{"href":"https:\/\/www.bambergorthodox.de\/index.php?rest_route=\/wp\/v2\/types\/page"}],"author":[{"embeddable":true,"href":"https:\/\/www.bambergorthodox.de\/index.php?rest_route=\/wp\/v2\/users\/1"}],"replies":[{"embeddable":true,"href":"https:\/\/www.bambergorthodox.de\/index.php?rest_route=%2Fwp%2Fv2%2Fcomments&post=28"}],"version-history":[{"count":32,"href":"https:\/\/www.bambergorthodox.de\/index.php?rest_route=\/wp\/v2\/pages\/28\/revisions"}],"predecessor-version":[{"id":3929,"href":"https:\/\/www.bambergorthodox.de\/index.php?rest_route=\/wp\/v2\/pages\/28\/revisions\/3929"}],"up":[{"embeddable":true,"href":"https:\/\/www.bambergorthodox.de\/index.php?rest_route=\/wp\/v2\/pages\/10"}],"wp:attachment":[{"href":"https:\/\/www.bambergorthodox.de\/index.php?rest_route=%2Fwp%2Fv2%2Fmedia&parent=28"}],"curies":[{"name":"wp","href":"https:\/\/api.w.org\/{rel}","templated":true}]}}