{"id":22,"date":"2015-05-31T20:48:53","date_gmt":"2015-05-31T18:48:53","guid":{"rendered":"http:\/\/www.bambergorthodox.de\/wp\/?page_id=22"},"modified":"2021-11-05T06:26:32","modified_gmt":"2021-11-05T05:26:32","slug":"preot-paroh","status":"publish","type":"page","link":"https:\/\/www.bambergorthodox.de\/?page_id=22","title":{"rendered":"Preot paroh"},"content":{"rendered":"&nbsp;<\/p>\n<p><span style=\"color: #ff0000;\"><strong><a  href=\"https:\/\/www.bambergorthodox.de\/wp-content\/uploads\/2015\/05\/foto-eu.jpg\" data-rel=\"lightbox-gallery-0\" data-rl_title=\"\" data-rl_caption=\"\" title=\"\"><img loading=\"lazy\" decoding=\"async\" class=\"size-medium wp-image-2661 alignleft\" src=\"https:\/\/www.bambergorthodox.de\/wp-content\/uploads\/2015\/05\/foto-eu-199x300.jpg\" alt=\"\" width=\"199\" height=\"300\" srcset=\"https:\/\/www.bambergorthodox.de\/wp-content\/uploads\/2015\/05\/foto-eu-199x300.jpg 199w, https:\/\/www.bambergorthodox.de\/wp-content\/uploads\/2015\/05\/foto-eu-768x1160.jpg 768w, https:\/\/www.bambergorthodox.de\/wp-content\/uploads\/2015\/05\/foto-eu-678x1024.jpg 678w, https:\/\/www.bambergorthodox.de\/wp-content\/uploads\/2015\/05\/foto-eu.jpg 1653w\" sizes=\"auto, (max-width: 199px) 100vw, 199px\" \/><\/a>Preot <\/strong><strong>Ionu\u021b P\u0102UN &#8211; scurte date biografice<\/strong><strong>\u00a0<\/strong><\/span><\/p>\n<p>S-a n\u0103scut \u00een ora\u0219ul Lehliu-Gar\u0103, jud. C\u0103l\u0103ra\u0219i, la data de 23. 12. 1984.<\/p>\n<p>\u00cen 1999 termin\u0103 \u0218coala general\u0103 cu clasele I-VIII din localitatea Independen\u021ba, jud. C\u0103l\u0103ra\u0219i.<\/p>\n<p>\u00centre 1999-2004 urmeaz\u0103 Seminarul Teologic Liceal Ortodox \u201eSf\u00e2ntul Ioan Gur\u0103 de Aur\u201d din Slobozia, jud. Ialomi\u021ba, \u00eencheind cu Diploma de Bacalaureat.<\/p>\n<p>\u00centre 2004-2008 frecventeaz\u0103 cursurile Facult\u0103\u021bii de Teologie \u201eJustinian Patriarhul\u201c din Bucure\u0219ti, sec\u021bia Teologie Pastoral\u0103.<\/p>\n<p>\u00centre 2008-2010 frecventeaz\u0103 cursurile de Masterat ale Facult\u0103\u021bii de Teologie \u201eJustinian Patriarhul\u201c din Bucure\u0219ti, Sec\u021bia Istorie \u0219i tradi\u021bie.<\/p>\n<p>Septembrie 2008 \u2013 aprilie 2009 beneficiaz\u0103 de o burs\u0103 de studiu const\u00e2nd \u00eentr-un curs intensiv de limba german\u0103, la Institutul Evanghelic din Sibiu, oferit\u0103 de Funda\u0163ia\u00a0 \u201eDiakonisches Werk\u201c a Bisericii Evanghelice din Germania. Prime\u0219te certificatul de limba german\u0103 Goethe, nivel B1.<\/p>\n<p>Octombrie 2009 \u2013 februarie 2012 \u2013 Fiind bursier al Bisericii Evanghelice din Germania, frecventeaz\u0103 cursurile de Masterat \u00een domeniul Publicistic\u0103 cre\u0219tin\u0103 la Universitatea \u201eFriedrich-Alexander\u201c din Erlangen-N\u00fcrnberg, Germania.<\/p>\n<p>2010 \u2013 Certificat interna\u021bional de limba german\u0103, nivel C1 (Test DaF \u0219i DSH).<\/p>\n<p>Din martie 2012 \u2013Studii de doctorat la Universitatea Friedrich-Alexander din Erlangen-N\u00fcrnberg, specializarea Istoria \u0219i Teologia R\u0103s\u0103ritului cre\u0219tin, \u00eendrum\u0103tor prof. Dr. Hacik Rafi Gazer (<a href=\"https:\/\/www.theologie.fau.de\/professur-fuer-geschichte-und-theologie-des-christlichen-ostens\/ionut-paun\/\">https:\/\/www.theologie.fau.de\/professur-fuer-geschichte-und-theologie-des-christlichen-ostens\/ionut-paun\/<\/a>)<\/p>\n<p>Din Februarie 2017 &#8211; burs\u0103 de doctorat din partea Bisericii Evangelice din Germania (EKD &#8211; Hannover)<\/p>\n<p>&#8211;&#8211;&#8211;&#8211;&#8211;&#8211;&#8211;&#8211;&#8211;&#8211;&#8211;&#8211;&#8211;&#8211;-<\/p>\n<p>\u00cen perioada 2007-2011 ocup\u0103 func\u021bia de Redactor al Departamentului Religie \u0219i Cultur\u0103 al TRINITAS TV, Televiziunea Patriarhiei Rom\u00e2ne, component\u0103 a Centrului de pres\u0103 Basilica.<\/p>\n<p>\u00cencep\u00e2nd cu anul 2011 este Redactor corespondent al TRINITAS TV din Germania.<\/p>\n<p>\u00cen iunie 2010 este hirotonit diacon \u00een catedrala mitropolitan\u0103 din N\u00fcrnberg, Germania, de c\u0103tre \u00cenaltpreasfin\u021bitul P\u0103rinte Dr. Serafim, Mitropolitul Mitropoliei Rom\u00e2ne a Germaniei, Europei Centrale \u0219i de Nord.<\/p>\n<p>\u00cen August 2010, la recomandarea IPS Mitropolit Dr. Serafim, este hirotonit preot misionar \u00een caterala episcopal\u0103 din Slobozia, de c\u0103tre Preasfin\u021bitul P\u0103rinte Vincen\u021biu, Episcopul Sloboziei \u0219i C\u0103l\u0103ra\u0219ilor, pe seama Capelei Studen\u021be\u0219ti cu hramul \u201eSf\u00e2nta Treime\u201d din Erlangen, Germania.<\/p>\n<p>\u00cen martie 2013 la rug\u0103mintea \u0219i cu binecuv\u00e2ntarea IPS Sale Mitropolit Dr. Serafim, \u00eenfiin\u021beaz\u0103 Parohia Ortodox\u0103 Rom\u00e2n\u0103 din Bamberg, \u00een regiunea Franconia din Bavaria, cu hramurile \u201eSf\u00e2nta Cuvioas\u0103 Parascheva\u201d \u0219i \u201eSfin\u021bii Apostoli Kilian, Kolonat \u0219i Totnan\u201d.<\/p>\n<p>\u00cencep\u00eend din 2013 ocup\u0103 func\u021bia de Consilier al Mitropoliei Germaniei, Europei Centrale \u0219i de Nord, Departamentul Misiune \u0219i Tip\u0103rituri.<\/p>\n<p>A publicat studii, articole \u0219i traduceri din limba german\u0103 \u00een revistele Ortodoxia (Revista Patriarhiei Rom\u00e2ne), Tabor (Revista Mitropoliei Clujului), Almanahul Bisericesc (Episcopia Sloboziei \u0219i C\u0103l\u0103ra\u0219ilor), Revista Facult\u0103\u0219ii de Teologie din Bucure\u0219ti, \u0219.a.<\/p>\n<p>A participat la diferite conferin\u021be teologice \u00een Bucure\u0219ti, Constan\u021ba, Sibiu, Erlangen, Bamberg, Marburg, Berlin, N\u00fcrnberg.<\/p>\n<p>\u00cen 2008 se c\u0103s\u0103tore\u0219te cu domni\u0219oara Mihaela-Iuliana Dumitru \u0219i au \u00eempreun\u0103 patru copii.","protected":false},"excerpt":{"rendered":"<p>&nbsp; Preot Ionu\u021b P\u0102UN &#8211; scurte date biografice\u00a0 S-a n\u0103scut \u00een ora\u0219ul Lehliu-Gar\u0103, jud. C\u0103l\u0103ra\u0219i, la data de 23. 12. 1984. \u00cen 1999 termin\u0103 \u0218coala general\u0103 cu clasele I-VIII din localitatea Independen\u021ba, jud. C\u0103l\u0103ra\u0219i. \u00centre 1999-2004 urmeaz\u0103 Seminarul Teologic Liceal Ortodox \u201eSf\u00e2ntul Ioan Gur\u0103 de Aur\u201d din Slobozia, jud. Ialomi\u021ba, \u00eencheind cu Diploma de Bacalaureat. &#8230; <a class=\"read-more\" href=\"https:\/\/www.bambergorthodox.de\/?page_id=22\">Read more&#8230;<\/a><\/p>\n","protected":false},"author":1,"featured_media":0,"parent":10,"menu_order":0,"comment_status":"closed","ping_status":"open","template":"","meta":{"jetpack_post_was_ever_published":false,"footnotes":""},"class_list":["post-22","page","type-page","status-publish"],"jetpack_sharing_enabled":true,"jetpack_shortlink":"https:\/\/wp.me\/P93ZOd-m","_links":{"self":[{"href":"https:\/\/www.bambergorthodox.de\/index.php?rest_route=\/wp\/v2\/pages\/22","targetHints":{"allow":["GET"]}}],"collection":[{"href":"https:\/\/www.bambergorthodox.de\/index.php?rest_route=\/wp\/v2\/pages"}],"about":[{"href":"https:\/\/www.bambergorthodox.de\/index.php?rest_route=\/wp\/v2\/types\/page"}],"author":[{"embeddable":true,"href":"https:\/\/www.bambergorthodox.de\/index.php?rest_route=\/wp\/v2\/users\/1"}],"replies":[{"embeddable":true,"href":"https:\/\/www.bambergorthodox.de\/index.php?rest_route=%2Fwp%2Fv2%2Fcomments&post=22"}],"version-history":[{"count":25,"href":"https:\/\/www.bambergorthodox.de\/index.php?rest_route=\/wp\/v2\/pages\/22\/revisions"}],"predecessor-version":[{"id":4796,"href":"https:\/\/www.bambergorthodox.de\/index.php?rest_route=\/wp\/v2\/pages\/22\/revisions\/4796"}],"up":[{"embeddable":true,"href":"https:\/\/www.bambergorthodox.de\/index.php?rest_route=\/wp\/v2\/pages\/10"}],"wp:attachment":[{"href":"https:\/\/www.bambergorthodox.de\/index.php?rest_route=%2Fwp%2Fv2%2Fmedia&parent=22"}],"curies":[{"name":"wp","href":"https:\/\/api.w.org\/{rel}","templated":true}]}}