{"id":20,"date":"2015-05-31T20:47:57","date_gmt":"2015-05-31T18:47:57","guid":{"rendered":"http:\/\/www.bambergorthodox.de\/wp\/?page_id=20"},"modified":"2017-02-22T10:21:14","modified_gmt":"2017-02-22T09:21:14","slug":"hramurile-parohiei","status":"publish","type":"page","link":"https:\/\/www.bambergorthodox.de\/?page_id=20","title":{"rendered":"Hramurile parohiei"},"content":{"rendered":"<strong>\u00a0 \u00a0 <\/strong><\/p>\n<ul>\n<li><span style=\"color: #ff0000;\"><strong><a style=\"color: #ff0000;\" href=\"http:\/\/www.doxologia.ro\/sfanta-cuvioasa-parascheva-de-la-iasi\">Sf\u00e2nta Cuvioas\u0103 Parascheva<\/a><\/strong><\/span><\/li>\n<\/ul>\n<p><span style=\"color: #ff0000;\"><a style=\"color: #ff0000;\" href=\"http:\/\/www.doxologia.ro\/sfanta-cuvioasa-parascheva-de-la-iasi#nodeviata\" target=\"_blank\">Via\u021ba<\/a>\u00a0 \u00a0 \u00a0\u00a0<a style=\"color: #ff0000;\" href=\"http:\/\/www.doxologia.ro\/sfanta-cuvioasa-parascheva-de-la-iasi#icoane\" target=\"_blank\">Icoane<\/a>\u00a0 \u00a0 \u00a0\u00a0<a style=\"color: #ff0000;\" href=\"http:\/\/www.doxologia.ro\/sfanta-cuvioasa-parascheva-de-la-iasi#node\" target=\"_blank\">Acatist<\/a>\u00a0 \u00a0 \u00a0 <a style=\"color: #ff0000;\" href=\"http:\/\/www.doxologia.ro\/sfanta-cuvioasa-parascheva-de-la-iasi#node\" target=\"_blank\">Paraclis <\/a>\u00a0 \u00a0 \u00a0<a style=\"color: #ff0000;\" href=\"http:\/\/www.doxologia.ro\/sfanta-cuvioasa-parascheva-de-la-iasi#node\" target=\"_blank\">Canon<\/a>\u00a0 \u00a0 \u00a0 <a style=\"color: #ff0000;\" href=\"http:\/\/www.doxologia.ro\/sfanta-cuvioasa-parascheva-de-la-iasi#minuni\" target=\"_blank\">Minuni<\/a><\/span><\/p>\n<p>Troparul Sf. Cuvioase Parascheva<\/p>\n<p>\u201c\u00centru tine, Maic\u0103, cu os\u00e2rdie s-a m\u00e2ntuit cel dup\u0103 chip, c\u0103 lu\u00e2nd Crucea, ai urmat lui Hristos \u0219i lucr\u00e2nd ai \u00eenv\u0103\u021bat s\u0103 nu se uite la trup, c\u0103ci este trec\u0103tor, ci s\u0103 poarte grij\u0103 de suflet, de lucrul cel nemuritor. Pentru aceasta \u0219i cu \u00eengerii \u00eempreun\u0103 se bucur\u0103, Cuvioas\u0103 Maic\u0103 Parascheva, duhul t\u0103u.\u201d<\/p>\n<p>\u201cDob\u00e2ndirea dezmierd\u0103rii\u00a0ce-i r\u00e2vnitoare de cele p\u0103m\u00e2nte\u0219ti \u00een\u021belep\u021be\u0219te trec\u00e2ndu-o cu vederea, te-ai ridicat c\u0103tre loca\u0219urile dumnezeie\u0219ti \u0219i izvor al t\u0103m\u0103duirilor ai l\u0103sat credincio\u0219ilor preasfin\u021bit cortul t\u0103u, Maic\u0103 Preal\u0103udat\u0103. A Moldovei lauda cea cinstit\u0103 \u0219i \u00cenainte-st\u0103t\u0103toare cea \u00een credin\u021b\u0103 Parascheva, nu \u00eenceta cu fierbin\u021beal\u0103 a ruga pe Hristos Dumnezeu pentru noi to\u021bi.\u201d<\/p>\n<p>&nbsp;<\/p>\n<ul>\n<li><span style=\"color: #ff0000;\"><a style=\"font-weight: bold; color: #ff0000;\" href=\"http:\/\/www.heilige.bistum-wuerzburg.de\/heilige\/einzelheiten\/hl--kilian--kolonat-und-totnan\">Sfin\u021bii Mucenici Kilian, Kolonat \u0219i Totnan<\/a><\/span><\/li>\n<\/ul>\n<p><span style=\"color: #ff0000;\"><a style=\"color: #ff0000;\" href=\"http:\/\/www.heilige.bistum-wuerzburg.de\/heilige\/einzelheiten\/hl--kilian--kolonat-und-totnan\" target=\"_blank\">Via\u021ba<\/a>\u00a0 \u00a0 \u00a0 <a style=\"color: #ff0000;\" href=\"http:\/\/www.heilige.bistum-wuerzburg.de\/heilige\/einzelheiten\/hl--kilian--kolonat-und-totnan\" target=\"_blank\">Imagini<\/a>\u00a0 \u00a0 \u00a0 <a style=\"color: #ff0000;\" href=\"http:\/\/www.orthodoxe-kirche-albstadt.de\/orthodoxe-heilige-und-ikonen\/08-07-die-heiligen-frankenapostel-kilian-kolonat-und-totnan\/\" target=\"_blank\">Icoana<\/a><\/span><\/p>\n<p>Troparul<\/p>\n<p>Mucenicii T\u0103i, Doamne Kilian, Kolonat \u0219i Totnan, \u00eentru nevoin\u021bele lor, cununile nestric\u0103ciunii au dob\u00e2ndit de la Tine, Dumnezeul nostru; c\u0103 av\u00e2nd puterea Ta pe chinuitori au \u00eenvins; zdrobit-au \u0219i ale demonilor neputincioasele \u00eendr\u0103zniri. Pentru rug\u0103ciunile lor m\u00e2ntuie\u0219te sufletele noastre, Hristoase Dumnezeule.<\/p>\n<p>Condacul<\/p>\n<p>Lumin\u0103tori lumina\u021bi v-a\u021bi ar\u0103tat, dumnezeie\u0219tilor Mucenici, f\u0103ptura toat\u0103 lumin\u00e2nd-o cu str\u0103lucirea minunilor, dezleg\u00e2nd neputin\u021bele \u0219i ad\u00e2ncul \u00eentunericului izgonind \u0219i lui Hristos Dumnezeu ne\u00eencetat v\u0103 rugati pentru noi to\u021bi.","protected":false},"excerpt":{"rendered":"<p>\u00a0 \u00a0 Sf\u00e2nta Cuvioas\u0103 Parascheva Via\u021ba\u00a0 \u00a0 \u00a0\u00a0Icoane\u00a0 \u00a0 \u00a0\u00a0Acatist\u00a0 \u00a0 \u00a0 Paraclis \u00a0 \u00a0 \u00a0Canon\u00a0 \u00a0 \u00a0 Minuni Troparul Sf. Cuvioase Parascheva \u201c\u00centru tine, Maic\u0103, cu os\u00e2rdie s-a m\u00e2ntuit cel dup\u0103 chip, c\u0103 lu\u00e2nd Crucea, ai urmat lui Hristos \u0219i lucr\u00e2nd ai \u00eenv\u0103\u021bat s\u0103 nu se uite la trup, c\u0103ci este trec\u0103tor, ci s\u0103 &#8230; <a class=\"read-more\" href=\"https:\/\/www.bambergorthodox.de\/?page_id=20\">Read more&#8230;<\/a><\/p>\n","protected":false},"author":1,"featured_media":0,"parent":8,"menu_order":0,"comment_status":"closed","ping_status":"open","template":"","meta":{"jetpack_post_was_ever_published":false,"footnotes":""},"class_list":["post-20","page","type-page","status-publish"],"jetpack_sharing_enabled":true,"jetpack_shortlink":"https:\/\/wp.me\/P93ZOd-k","_links":{"self":[{"href":"https:\/\/www.bambergorthodox.de\/index.php?rest_route=\/wp\/v2\/pages\/20","targetHints":{"allow":["GET"]}}],"collection":[{"href":"https:\/\/www.bambergorthodox.de\/index.php?rest_route=\/wp\/v2\/pages"}],"about":[{"href":"https:\/\/www.bambergorthodox.de\/index.php?rest_route=\/wp\/v2\/types\/page"}],"author":[{"embeddable":true,"href":"https:\/\/www.bambergorthodox.de\/index.php?rest_route=\/wp\/v2\/users\/1"}],"replies":[{"embeddable":true,"href":"https:\/\/www.bambergorthodox.de\/index.php?rest_route=%2Fwp%2Fv2%2Fcomments&post=20"}],"version-history":[{"count":32,"href":"https:\/\/www.bambergorthodox.de\/index.php?rest_route=\/wp\/v2\/pages\/20\/revisions"}],"predecessor-version":[{"id":1804,"href":"https:\/\/www.bambergorthodox.de\/index.php?rest_route=\/wp\/v2\/pages\/20\/revisions\/1804"}],"up":[{"embeddable":true,"href":"https:\/\/www.bambergorthodox.de\/index.php?rest_route=\/wp\/v2\/pages\/8"}],"wp:attachment":[{"href":"https:\/\/www.bambergorthodox.de\/index.php?rest_route=%2Fwp%2Fv2%2Fmedia&parent=20"}],"curies":[{"name":"wp","href":"https:\/\/api.w.org\/{rel}","templated":true}]}}