{"id":2,"date":"2015-05-31T18:56:43","date_gmt":"2015-05-31T16:56:43","guid":{"rendered":"http:\/\/www.bambergorthodox.de\/wp\/?page_id=2"},"modified":"2024-06-18T15:35:20","modified_gmt":"2024-06-18T13:35:20","slug":"beispiel-seite","status":"publish","type":"page","link":"https:\/\/www.bambergorthodox.de\/?page_id=2","title":{"rendered":"Acas\u0103"},"content":{"rendered":"<h4 style=\"text-align: center;\"><span style=\"color: #ff0000;\"><em><strong>Parohia Ortodox\u0103 Rom\u00e2n\u0103 <\/strong><\/em><\/span><\/h4>\n<h4 style=\"text-align: center;\"><span style=\"color: #ff0000;\"><em><strong>din Bamberg<\/strong><\/em><\/span><\/h4>\n<p>&nbsp;<\/p>\n<p style=\"text-align: left;\">Parohia noastr\u0103 se afl\u0103 sub jurisdic\u021bia canonic\u0103 a Mitropoliei Ortodoxe Rom\u00e2ne a Germaniei, Europei Centrale \u0219i de Nord cu sediul la N\u00fcrnberg \u0219i a Patriarhiei Ortodoxe Rom\u00e2ne. Prin intermediul acestei pagini de internet ve\u021bi putea descoperi informa\u021bii despre:<\/p>\n<ul>\n<li style=\"text-align: left;\">via\u021ba \u0219i activitatea comunit\u0103\u021bii noastre<\/li>\n<li style=\"text-align: left;\">programul slujbelor \u0219i al serviciilor religioase oferite credincio\u0219ilor<\/li>\n<li style=\"text-align: left;\">activit\u0103\u021bile culturale \u0219i sociale desf\u0103\u0219urate sub patronajul parohiei<\/li>\n<li style=\"text-align: left;\">istoricul parohiei \u0219i al \u00eenceputurilor ei \u00een aceast\u0103 zon\u0103 a Franconiei<\/li>\n<li style=\"text-align: left;\">modul cum pute\u021bi ajunge la noi<\/li>\n<li style=\"text-align: left;\">comunitatea ucrainian\u0103 Greco-catolic\u0103, ce ne-a pus la dispozi\u021bie minunata biseric\u0103 \u0219i tot spa\u021biul de care dispune, pentru a ne putea sim\u021bi \u0219i ruga rom\u00e2ne\u0219te.<\/li>\n<\/ul>\n<p style=\"text-align: left;\">Prin purtarea de grij\u0103 a lui Dumnezeu, f\u0103r\u0103 de care acum nici nu putea exista parohia noastr\u0103, s-a reu\u0219it crearea unui nucleu de credincio\u0219i, care particip\u0103 regulat la Sfintele Slujbe \u0219i se str\u0103duiesc din toat\u0103 fiin\u021ba lor s\u0103 tr\u0103iasc\u0103 dup\u0103 principiile de credin\u021b\u0103 ale \u00cenv\u0103\u021b\u0103turii M\u00e2ntuitorului Hristos. Singurele devize ale cre\u0219tinilor ortodoc\u0219i rom\u00e2ni din comunitatea noastr\u0103, \u00eempreun\u0103 cu preotul lor paroh, \u00a0sunt reprezentate de virtu\u021bile cre\u0219tine credin\u021ba, n\u0103dejdea \u0219i dragostea, pe care \u00eencearc\u0103 ne\u00eencetat s\u0103 le tr\u0103iasc\u0103 \u0219i s\u0103 le transpun\u0103 \u00een comportamentul zilnic.<\/p>\n<p style=\"text-align: left;\">N\u0103d\u0103jduim s\u0103 reu\u0219im, cu ajutorul lui Dumnezeu, s\u0103 ne facem pild\u0103 de credin\u021b\u0103 \u0219i fapte bune tuturor semenilor no\u0219tri, ca s\u0103 putem atrage \u0219i pe al\u021bii la Adev\u0103rul Cuv\u00e2ntului Domnului, Adev\u0103r ce ne deschide posibilitatea Vie\u021bii Ve\u0219nice!<\/p>\n<p style=\"text-align: left;\">Cu bucurie \u0219i binecuv\u00e2ntare,<\/p>\n<p style=\"text-align: left;\">preot paroh Ionu\u021b P\u0103un<\/p>","protected":false},"excerpt":{"rendered":"<p>Parohia Ortodox\u0103 Rom\u00e2n\u0103 din Bamberg &nbsp; Parohia noastr\u0103 se afl\u0103 sub jurisdic\u021bia canonic\u0103 a Mitropoliei Ortodoxe Rom\u00e2ne a Germaniei, Europei Centrale \u0219i de Nord cu sediul la N\u00fcrnberg \u0219i a Patriarhiei Ortodoxe Rom\u00e2ne. Prin intermediul acestei pagini de internet ve\u021bi putea descoperi informa\u021bii despre: via\u021ba \u0219i activitatea comunit\u0103\u021bii noastre programul slujbelor \u0219i al serviciilor religioase &#8230; <a class=\"read-more\" href=\"https:\/\/www.bambergorthodox.de\/?page_id=2\">Read more&#8230;<\/a><\/p>\n","protected":false},"author":1,"featured_media":0,"parent":0,"menu_order":0,"comment_status":"closed","ping_status":"open","template":"","meta":{"jetpack_post_was_ever_published":false,"footnotes":""},"class_list":["post-2","page","type-page","status-publish"],"jetpack_sharing_enabled":true,"jetpack_shortlink":"https:\/\/wp.me\/P93ZOd-2","_links":{"self":[{"href":"https:\/\/www.bambergorthodox.de\/index.php?rest_route=\/wp\/v2\/pages\/2","targetHints":{"allow":["GET"]}}],"collection":[{"href":"https:\/\/www.bambergorthodox.de\/index.php?rest_route=\/wp\/v2\/pages"}],"about":[{"href":"https:\/\/www.bambergorthodox.de\/index.php?rest_route=\/wp\/v2\/types\/page"}],"author":[{"embeddable":true,"href":"https:\/\/www.bambergorthodox.de\/index.php?rest_route=\/wp\/v2\/users\/1"}],"replies":[{"embeddable":true,"href":"https:\/\/www.bambergorthodox.de\/index.php?rest_route=%2Fwp%2Fv2%2Fcomments&post=2"}],"version-history":[{"count":42,"href":"https:\/\/www.bambergorthodox.de\/index.php?rest_route=\/wp\/v2\/pages\/2\/revisions"}],"predecessor-version":[{"id":7408,"href":"https:\/\/www.bambergorthodox.de\/index.php?rest_route=\/wp\/v2\/pages\/2\/revisions\/7408"}],"wp:attachment":[{"href":"https:\/\/www.bambergorthodox.de\/index.php?rest_route=%2Fwp%2Fv2%2Fmedia&parent=2"}],"curies":[{"name":"wp","href":"https:\/\/api.w.org\/{rel}","templated":true}]}}