{"id":18,"date":"2015-05-31T20:47:02","date_gmt":"2015-05-31T18:47:02","guid":{"rendered":"http:\/\/www.bambergorthodox.de\/wp\/?page_id=18"},"modified":"2016-10-19T20:02:01","modified_gmt":"2016-10-19T18:02:01","slug":"parohia","status":"publish","type":"page","link":"https:\/\/www.bambergorthodox.de\/?page_id=18","title":{"rendered":"Parohia"},"content":{"rendered":"<p style=\"text-align: left;\">Parohia noastr\u0103, cu hramurile \u201eSf\u00e2nta Cuvioas\u0103 Parascheva\u201d \u0219i \u201cSfin\u021bii Mucenici Kilian, Kolonat \u0219i Totnan\u201d a luat fiin\u021b\u0103 cu sprijinul \u0219i cu binecuv\u00e2ntarea \u00cenaltpreasfin\u021bitului P\u0103rinte dr. Serafim Joant\u0103, Mitropolitul Mitropoliei Germnaiei, Europei Centrale \u0219i de Nord, pentru a veni \u00een \u00eent\u00e2mpinarea dorin\u021bei rom\u00e2nilor cre\u0219tin ortodoc\u0219i din zona Franconiei, de a avea un loc al lor de rug\u0103ciune, realiz\u00e2nd c\u0103 cea mai apropiat\u0103 biseric\u0103 rom\u00e2neasc\u0103 era p\u00e2n\u0103 la acel moment Catedrala Mitropolitan\u0103 din N\u00fcrnberg, situat\u0103 la aproximativ 70 de km sud de ora\u0219ul re\u0219edin\u021b\u0103 Bamberg.<\/p>\n<p style=\"text-align: left;\">\u00cenaltpreasfin\u021bia Sa a acordat \u00een toamna anului 2012 binecuv\u00e2ntarea \u0219i ascultarea \u00eemplinirii acestei misiuni deosebite p\u0103rintelui Ionu\u021b P\u0103un, pe atunci bursier la Facultatea de Teologie a Universit\u0103\u021bii din Erlangen \u0219i preot misionar la capela studen\u021beasc\u0103 a colegiului Sf\u00e2ntul Toma, ce apar\u021bine funda\u021biei Martin Luther Bund a Bisericii Evanghelice.<\/p>\n<p style=\"text-align: left;\">Dup\u0103 \u00eencredin\u021barea misiunii primite, p\u0103rintele P\u0103un depune eforturi considerabile pentru g\u0103sirea unui loc de slujire adecvat, o eventual\u0103 capel\u0103, unde s\u0103 se poat\u0103 \u00eencepe slujirea sfintelor slujbe.\u00a0Prin intermediul consilierului ecumenic al Arhiepiscopiei romano-catolice din Bamberg, Josef Gr\u00fcndel, cel care a sprijinit cu tot efortul g\u0103sirea unui loc de slujire pentru parohia nou-\u00eenfiin\u021bat\u0103, se viziteaz\u0103 mai multe loca\u0219uri de cult catolice \u0219i evanghelice din ora\u0219ul Bamberg.<\/p>\n<p style=\"text-align: left;\">Astfel, cu ajutorul lui Dumnezeu, se g\u0103se\u0219te biserica cu hramul Sf\u00e2ntul Ioan Botez\u0103torul, amenajat\u0103 cu icoane bizantine \u0219i Sf\u00e2ntul Altar pictat \u00een fresc\u0103, a comunit\u0103\u021bii greco-catolice ucrainiene din Bamberg, ce va fi pus\u0103 cu toat\u0103 dragostea la dispozi\u021bie, \u00eempreun\u0103 cu tot complexul apar\u021bin\u0103tor, de c\u0103tre p\u0103rintele acesteia Bogdan Puszkar.\u00a0Prin intermediul a c\u00e2torva familii din zon\u0103\u00a0\u0219i a scrisorii oficiale a \u00cenaltpreasfin\u021bitului P\u0103rinte Serafim se reu\u0219e\u0219te anun\u021barea rom\u00e2nilor cunoscu\u021bi din Bamberg \u0219i \u00eemprejurimi, de faptul c\u0103 vor avea o biseric\u0103 rom\u00e2neasc\u0103 unde s\u0103 se poat\u0103 ruga \u0219i sim\u021bi rom\u00e2ne\u0219te.<\/p>\n<p style=\"text-align: left;\">Pe 17 martie 2013 are loc prima Sf\u00e2nt\u0103 Liturghie \u00een Bamberg la care au participat aproximativ 60 de rom\u00e2ni, bucuro\u0219i \u0219i mul\u021bumi\u021bi de evenimetul \u00eenf\u0103ptuit.\u00a0Prima jum\u0103tate de an a continuat cu slujbe regulate, dar rare, prima duminic\u0103 din lun\u0103, apoi prima \u0219i a treia duminic\u0103 din lun\u0103, pentru c\u0103 p\u0103rintele P\u0103un slujea paralel \u0219i la capela studen\u021beasc\u0103 din Erlangen. Din ianuarie 2014 se sluje\u0219te regulat \u00een fiecare duminic\u0103 din lun\u0103 \u0219i s\u0103rb\u0103toare cu cruce ro\u0219ie.<\/p>\n<p style=\"text-align: left;\">Parohia noastr\u0103 este \u00eenregistrat\u0103 canonic \u00een cadrul Mitropoliei Ortodoxe Rom\u00e2ne a Germaniei, Europei Centrale \u0219i de Nord, iar financiar \u00eenscris\u0103 din luna decembrie 2013 la Finanzamt Bamberg drept <em>F\u00f6rderverein \u201eOikonomia\u201d der rum\u00e4nischen orthodoxen Kirchengemeinde Bamberg e.V. <\/em><\/p>\n<p style=\"text-align: left;\">\u00centre timp s-a reu\u0219it crearea unui grup-nucleu de credincio\u0219i care particip\u0103 regulat la Sfintele Slujbe \u0219i care sprijin\u0103 ideal \u0219i material activiatea parohiei \u0219i a preotului paroh. \u00cen prezent la Sf\u00e2nta Liturghie duminical\u0103 particip\u0103 cu regularitate 60-80 de credincio\u0219i din Bamberg \u0219i zonele limitrofe, reprezent\u00e2nd ora\u0219ele Schweinfurt, Coburg, Bayreuth, Forchheim \u0219i Erlangen.\u00a0Urm\u0103toarea etap\u0103, dup\u0103 dep\u0103\u0219irea tuturor greut\u0103\u021bilor de \u00eenceput, o reprezint\u0103 dezvoltarea activit\u0103\u021bii parohiei pe mai multe planuri \u0219i a implemant\u0103rii mai multor proiecte ce au drept scop p\u0103strarea \u0219i cultivarea credin\u021bei \u0219i a identit\u0103\u021bii noastre na\u021bionale.<\/p>\n<p>&nbsp;","protected":false},"excerpt":{"rendered":"<p>Parohia noastr\u0103, cu hramurile \u201eSf\u00e2nta Cuvioas\u0103 Parascheva\u201d \u0219i \u201cSfin\u021bii Mucenici Kilian, Kolonat \u0219i Totnan\u201d a luat fiin\u021b\u0103 cu sprijinul \u0219i cu binecuv\u00e2ntarea \u00cenaltpreasfin\u021bitului P\u0103rinte dr. Serafim Joant\u0103, Mitropolitul Mitropoliei Germnaiei, Europei Centrale \u0219i de Nord, pentru a veni \u00een \u00eent\u00e2mpinarea dorin\u021bei rom\u00e2nilor cre\u0219tin ortodoc\u0219i din zona Franconiei, de a avea un loc al lor de &#8230; <a class=\"read-more\" href=\"https:\/\/www.bambergorthodox.de\/?page_id=18\">Read more&#8230;<\/a><\/p>\n","protected":false},"author":1,"featured_media":0,"parent":8,"menu_order":0,"comment_status":"closed","ping_status":"open","template":"","meta":{"jetpack_post_was_ever_published":false,"footnotes":""},"class_list":["post-18","page","type-page","status-publish"],"jetpack_sharing_enabled":true,"jetpack_shortlink":"https:\/\/wp.me\/P93ZOd-i","_links":{"self":[{"href":"https:\/\/www.bambergorthodox.de\/index.php?rest_route=\/wp\/v2\/pages\/18","targetHints":{"allow":["GET"]}}],"collection":[{"href":"https:\/\/www.bambergorthodox.de\/index.php?rest_route=\/wp\/v2\/pages"}],"about":[{"href":"https:\/\/www.bambergorthodox.de\/index.php?rest_route=\/wp\/v2\/types\/page"}],"author":[{"embeddable":true,"href":"https:\/\/www.bambergorthodox.de\/index.php?rest_route=\/wp\/v2\/users\/1"}],"replies":[{"embeddable":true,"href":"https:\/\/www.bambergorthodox.de\/index.php?rest_route=%2Fwp%2Fv2%2Fcomments&post=18"}],"version-history":[{"count":16,"href":"https:\/\/www.bambergorthodox.de\/index.php?rest_route=\/wp\/v2\/pages\/18\/revisions"}],"predecessor-version":[{"id":849,"href":"https:\/\/www.bambergorthodox.de\/index.php?rest_route=\/wp\/v2\/pages\/18\/revisions\/849"}],"up":[{"embeddable":true,"href":"https:\/\/www.bambergorthodox.de\/index.php?rest_route=\/wp\/v2\/pages\/8"}],"wp:attachment":[{"href":"https:\/\/www.bambergorthodox.de\/index.php?rest_route=%2Fwp%2Fv2%2Fmedia&parent=18"}],"curies":[{"name":"wp","href":"https:\/\/api.w.org\/{rel}","templated":true}]}}