{"id":1632,"date":"2017-01-23T12:15:07","date_gmt":"2017-01-23T11:15:07","guid":{"rendered":"http:\/\/www.bambergorthodox.de\/?page_id=1632"},"modified":"2026-04-28T09:17:04","modified_gmt":"2026-04-28T07:17:04","slug":"cor","status":"publish","type":"page","link":"https:\/\/www.bambergorthodox.de\/?page_id=1632","title":{"rendered":"Corul Parohiei"},"content":{"rendered":"&#8221;C\u00e2nta-voi Dumnezeului meu c\u00e2t voi fi.&#8221; (Ps.103,34)<br \/>\n&#8222;Cine c\u00e2nt\u0103, se roag\u0103 de dou\u0103 ori.&#8221; (Fer. Augustin)<\/p>\n<p>C\u00e2nt\u0103rile Sfintei Liturghii:<br \/>\n<a href=\"https:\/\/www.bambergorthodox.de\/wp-content\/uploads\/2025\/04\/Ectenia-mare.pdf\"><strong>Ectenia mare <\/strong><\/a>(pdf). <a href=\"https:\/\/www.bambergorthodox.de\/wp-content\/uploads\/2018\/02\/Ectenia-mare-1.mp3\">Sopran<\/a>, <a href=\"https:\/\/www.bambergorthodox.de\/wp-content\/uploads\/2018\/02\/Ectenia-mare-2.mp3\">alto<\/a>, <a href=\"https:\/\/www.bambergorthodox.de\/wp-content\/uploads\/2025\/04\/Ectenia-mare-3.mp3\">tenor<\/a>, <a href=\"https:\/\/www.bambergorthodox.de\/wp-content\/uploads\/2018\/02\/Ectenia-mare-3.mp3\">bas<\/a>, <a href=\"https:\/\/www.bambergorthodox.de\/wp-content\/uploads\/2025\/04\/Ectenia-mare.mp3\">cor<\/a>. <a href=\"https:\/\/www.bambergorthodox.de\/wp-content\/uploads\/2025\/04\/Ectenia-mare.zip\"> (ly)<\/a><br \/>\n<a href=\"https:\/\/www.bambergorthodox.de\/wp-content\/uploads\/2017\/01\/Ant1g5c.pdf\"><strong>Antifonul I &#8211; gl. 5 <\/strong><\/a>(pdf). <a href=\"https:\/\/www.bambergorthodox.de\/wp-content\/uploads\/2017\/01\/Ant1g5c-1.mp3\">Sopran<\/a>, <a href=\"https:\/\/www.bambergorthodox.de\/wp-content\/uploads\/2017\/01\/Ant1g5c-2.mp3\">alto<\/a>, <a href=\"https:\/\/www.bambergorthodox.de\/wp-content\/uploads\/2017\/01\/Ant1g5c-3.mp3\">tenor<\/a>, <a href=\"https:\/\/www.bambergorthodox.de\/wp-content\/uploads\/2017\/01\/Ant1g5c-4.mp3\">bas<\/a>, <a href=\"https:\/\/www.bambergorthodox.de\/wp-content\/uploads\/2017\/01\/Ant1g5c.mp3\">cor<\/a>. <a href=\"https:\/\/www.bambergorthodox.de\/wp-content\/uploads\/2017\/01\/Ant1g5c.zip\"> (ly)<\/a><br \/>\n<a href=\"https:\/\/www.bambergorthodox.de\/wp-content\/uploads\/2025\/04\/Ant1g8c.pdf\"><strong>Antifonul I &#8211; gl. 8 <\/strong><\/a>(pdf). <a href=\"https:\/\/www.bambergorthodox.de\/wp-content\/uploads\/2024\/02\/Ant1g8c-1.mp3\">Sopran<\/a>, <a href=\"https:\/\/www.bambergorthodox.de\/wp-content\/uploads\/2024\/02\/Ant1g8c-2.mp3\">alto<\/a>, <a href=\"https:\/\/www.bambergorthodox.de\/wp-content\/uploads\/2025\/04\/Ant1g8c-3.mp3\">tenor<\/a>, <a href=\"https:\/\/www.bambergorthodox.de\/wp-content\/uploads\/2024\/02\/Ant1g8c-3.mp3\">bas<\/a>, <a href=\"https:\/\/www.bambergorthodox.de\/wp-content\/uploads\/2025\/04\/Ant1g8c.mp3\">cor<\/a>. <a href=\"https:\/\/www.bambergorthodox.de\/wp-content\/uploads\/2025\/04\/Ant1g8c.zip\"> (ly)<\/a><br \/>\n<a href=\"https:\/\/www.bambergorthodox.de\/wp-content\/uploads\/2024\/02\/Ant1-spec.pdf\"><strong>Antifonul I (special) <\/strong><\/a>(pdf). <a href=\"https:\/\/www.bambergorthodox.de\/wp-content\/uploads\/2024\/02\/Ant1-spec-1.mp3\">Sopran<\/a>, <a href=\"https:\/\/www.bambergorthodox.de\/wp-content\/uploads\/2024\/02\/Ant1-spec-2.mp3\">alto<\/a>, <a href=\"https:\/\/bamberg.emester.com\/wp-content\/uploads\/2020\/06\/Ant1-spec-3.mp3\">bariton<\/a>, <a href=\"https:\/\/www.bambergorthodox.de\/wp-content\/uploads\/2024\/02\/Ant1-spec.mp3\">cor<\/a>. <a href=\"https:\/\/www.bambergorthodox.de\/wp-content\/uploads\/2024\/02\/Ant1-spec.zip\"> (ly)<\/a><br \/>\n<a href=\"https:\/\/www.bambergorthodox.de\/wp-content\/uploads\/2017\/02\/Ant2g5c.pdf\"><strong>Antifonul II &#8211; gl. 5 <\/strong><\/a>(pdf). <a href=\"https:\/\/www.bambergorthodox.de\/wp-content\/uploads\/2017\/02\/Ant2g5c-1.mp3\">Sopran<\/a>, <a href=\"https:\/\/www.bambergorthodox.de\/wp-content\/uploads\/2017\/02\/Ant2g5c-2.mp3\">alto<\/a>, <a href=\"https:\/\/www.bambergorthodox.de\/wp-content\/uploads\/2017\/02\/Ant2g5c-3.mp3\">tenor<\/a>, <a href=\"https:\/\/www.bambergorthodox.de\/wp-content\/uploads\/2017\/02\/Ant2g5c-4.mp3\">bas<\/a>, <a href=\"https:\/\/www.bambergorthodox.de\/wp-content\/uploads\/2017\/02\/Ant2g5c.mp3\">cor<\/a>. <a href=\"https:\/\/www.bambergorthodox.de\/wp-content\/uploads\/2017\/02\/Ant2g5c.zip\"> (ly)<\/a><br \/>\n<a href=\"https:\/\/www.bambergorthodox.de\/wp-content\/uploads\/2025\/04\/Ant2g8c.pdf\"><strong>Antifonul II &#8211; gl. 8 <\/strong><\/a>(pdf). <a href=\"https:\/\/www.bambergorthodox.de\/wp-content\/uploads\/2024\/02\/Ant2g8c-1.mp3\">Sopran<\/a>, <a href=\"https:\/\/www.bambergorthodox.de\/wp-content\/uploads\/2024\/02\/Ant2g8c-2.mp3\">alto<\/a>, <a href=\"https:\/\/www.bambergorthodox.de\/wp-content\/uploads\/2025\/04\/Ant2g8c-3.mp3\">tenor<\/a>, <a href=\"https:\/\/www.bambergorthodox.de\/wp-content\/uploads\/2024\/02\/Ant2g8c-3.mp3\">bas<\/a>, <a href=\"https:\/\/www.bambergorthodox.de\/wp-content\/uploads\/2025\/04\/Ant2g8c.mp3\">cor<\/a>. <a href=\"https:\/\/www.bambergorthodox.de\/wp-content\/uploads\/2025\/04\/Ant2g8c.zip\"> (ly)<\/a><br \/>\n<a href=\"https:\/\/www.bambergorthodox.de\/wp-content\/uploads\/2024\/02\/Ant2-spec.pdf\"><strong>Antifonul II (special) <\/strong><\/a>(pdf). <a href=\"https:\/\/www.bambergorthodox.de\/wp-content\/uploads\/2024\/02\/Ant2-spec-1.mp3\">Sopran<\/a>, <a href=\"https:\/\/www.bambergorthodox.de\/wp-content\/uploads\/2024\/02\/Ant2-spec-2.mp3\">alto<\/a>, <a href=\"https:\/\/www.bambergorthodox.de\/wp-content\/uploads\/2024\/02\/Ant2-spec-3.mp3\">bariton<\/a>, <a href=\"https:\/\/www.bambergorthodox.de\/wp-content\/uploads\/2024\/02\/Ant2-spec.mp3\">cor<\/a>. <a href=\"https:\/\/www.bambergorthodox.de\/wp-content\/uploads\/2024\/02\/Ant2-spec.zip\"> (ly)<\/a><br \/>\n<a href=\"https:\/\/www.bambergorthodox.de\/wp-content\/uploads\/2025\/04\/Fericiri.pdf\"><strong>Fericirile <\/strong><\/a>(pdf). <a href=\"https:\/\/www.bambergorthodox.de\/wp-content\/uploads\/2017\/02\/Fericiri-1.mp3\">Sopran<\/a>, <a href=\"https:\/\/www.bambergorthodox.de\/wp-content\/uploads\/2017\/02\/Fericiri-2.mp3\">alto<\/a>, <a href=\"https:\/\/www.bambergorthodox.de\/wp-content\/uploads\/2025\/04\/Fericiri-3.mp3\">tenor<\/a>, <a href=\"https:\/\/www.bambergorthodox.de\/wp-content\/uploads\/2017\/02\/Fericiri-3.mp3\">bas<\/a>, <a href=\"https:\/\/www.bambergorthodox.de\/wp-content\/uploads\/2025\/04\/Fericiri.mp3\">cor<\/a>. <a href=\"https:\/\/www.bambergorthodox.de\/wp-content\/uploads\/2025\/04\/Fericiri.zip\"> (ly)<\/a><br \/>\n<a href=\"https:\/\/www.bambergorthodox.de\/wp-content\/uploads\/2025\/04\/Veniti.pdf\"><strong>Veni\u021bi s\u0103 ne \u00eenchin\u0103m <\/strong><\/a>(pdf). <a href=\"https:\/\/www.bambergorthodox.de\/wp-content\/uploads\/2017\/02\/Veniti-1.mp3\">Sopran<\/a>, <a href=\"https:\/\/www.bambergorthodox.de\/wp-content\/uploads\/2017\/02\/Veniti-2.mp3\">alto<\/a>, <a href=\"https:\/\/www.bambergorthodox.de\/wp-content\/uploads\/2025\/04\/Veniti-3.mp3\">tenor<\/a>, <a href=\"https:\/\/www.bambergorthodox.de\/wp-content\/uploads\/2017\/02\/Veniti-3.mp3\">bas<\/a>, <a href=\"https:\/\/www.bambergorthodox.de\/wp-content\/uploads\/2025\/04\/Veniti.mp3\">cor<\/a>. <a href=\"https:\/\/www.bambergorthodox.de\/wp-content\/uploads\/2025\/04\/Veniti.zip\"> (ly)<\/a><br \/>\n<a href=\"https:\/\/www.bambergorthodox.de\/wp-content\/uploads\/2025\/07\/Doamne-mantuieste.pdf\"><strong>Doamne m\u00e2ntuie\u0219te <\/strong><\/a>(pdf). <a href=\"https:\/\/www.bambergorthodox.de\/wp-content\/uploads\/2017\/03\/Doamne-mantuieste-1.mp3\">Sopran<\/a>, <a href=\"https:\/\/www.bambergorthodox.de\/wp-content\/uploads\/2017\/03\/Doamne-mantuieste-2.mp3\">alto<\/a>, <a href=\"https:\/\/www.bambergorthodox.de\/wp-content\/uploads\/2025\/07\/Doamne-mantuieste-3.mp3\">tenor<\/a>, <a href=\"https:\/\/www.bambergorthodox.de\/wp-content\/uploads\/2025\/07\/Doamne-mantuieste-4.mp3\">bas<\/a>, <a href=\"https:\/\/www.bambergorthodox.de\/wp-content\/uploads\/2025\/07\/Doamne-mantuieste.mp3\">cor<\/a>. <a href=\"https:\/\/www.bambergorthodox.de\/wp-content\/uploads\/2025\/07\/Doamne-mantuieste.zip\"> (ly)<\/a><br \/>\n<a href=\"https:\/\/www.bambergorthodox.de\/wp-content\/uploads\/2017\/03\/Sfinte-D.pdf\"><strong>Sfinte Dumnezeule <\/strong><\/a>(pdf). <a href=\"https:\/\/www.bambergorthodox.de\/wp-content\/uploads\/2017\/03\/Sfinte-D-1.mp3\">Sopran<\/a>, <a href=\"https:\/\/www.bambergorthodox.de\/wp-content\/uploads\/2017\/03\/Sfinte-D-2.mp3\">alto<\/a>, <a href=\"https:\/\/www.bambergorthodox.de\/wp-content\/uploads\/2017\/03\/Sfinte-D-3.mp3\">tenor<\/a>, <a href=\"https:\/\/www.bambergorthodox.de\/wp-content\/uploads\/2017\/03\/Sfinte-D-4.mp3\">bas<\/a>, <a href=\"https:\/\/www.bambergorthodox.de\/wp-content\/uploads\/2017\/03\/Sfinte-D.mp3\">cor<\/a>. <a href=\"https:\/\/www.bambergorthodox.de\/wp-content\/uploads\/2017\/03\/Sfinte-D.zip\"> (ly)<\/a><br \/>\n<a href=\"https:\/\/www.bambergorthodox.de\/wp-content\/uploads\/2024\/03\/Sfinte-D-Steph-Mus.pdf\"><strong>Sfinte Dumnezeule (variant\u0103) <\/strong><\/a>(pdf). <a href=\"https:\/\/www.bambergorthodox.de\/wp-content\/uploads\/2018\/02\/Sfinte-D-Steph-Mus-1.mp3\">Sopran<\/a>, <a href=\"https:\/\/www.bambergorthodox.de\/wp-content\/uploads\/2018\/02\/Sfinte-D-Steph-Mus-2.mp3\">alto<\/a>, <a href=\"https:\/\/www.bambergorthodox.de\/wp-content\/uploads\/2018\/02\/Sfinte-D-Steph-Mus-3.mp3\">tenor<\/a>, <a href=\"https:\/\/www.bambergorthodox.de\/wp-content\/uploads\/2018\/02\/Sfinte-D-Steph-Mus-4.mp3\">bas<\/a>, <a href=\"https:\/\/www.bambergorthodox.de\/wp-content\/uploads\/2018\/02\/Sfinte-D-Steph-Mus.mp3\">cor<\/a>. <a href=\"https:\/\/www.bambergorthodox.de\/wp-content\/uploads\/2018\/02\/Sfinte-D-Steph-Mus.zip\"> (ly)<\/a><br \/>\n<a href=\"https:\/\/www.bambergorthodox.de\/wp-content\/uploads\/2018\/01\/CatiHris.pdf\"><strong>C\u00e2\u021bi \u00een Hristos <\/strong><\/a>(pdf). <a href=\"https:\/\/www.bambergorthodox.de\/wp-content\/uploads\/2018\/01\/CatiHris-1.mp3\">Sopran<\/a>, <a href=\"https:\/\/www.bambergorthodox.de\/wp-content\/uploads\/2018\/01\/CatiHris-2.mp3\">alto<\/a>, <a href=\"https:\/\/www.bambergorthodox.de\/wp-content\/uploads\/2018\/01\/CatiHris-3.mp3\">tenor<\/a>, <a href=\"https:\/\/www.bambergorthodox.de\/wp-content\/uploads\/2018\/01\/CatiHris-4.mp3\">bas<\/a>, <a href=\"https:\/\/www.bambergorthodox.de\/wp-content\/uploads\/2018\/01\/CatiHris.mp3\">cor<\/a>. <a href=\"https:\/\/www.bambergorthodox.de\/wp-content\/uploads\/2018\/01\/CatiHris.zip\"> (ly)<\/a><br \/>\n<a href=\"https:\/\/www.bambergorthodox.de\/wp-content\/uploads\/2017\/02\/Aliluia.pdf\"><strong>Aliluia &#8211; N. Lungu <\/strong><\/a>(pdf). <a href=\"https:\/\/www.bambergorthodox.de\/wp-content\/uploads\/2017\/02\/Aliluia-1.mp3\">Sopran<\/a>, <a href=\"https:\/\/www.bambergorthodox.de\/wp-content\/uploads\/2017\/02\/Aliluia-2.mp3\">alto<\/a>, <a href=\"https:\/\/www.bambergorthodox.de\/wp-content\/uploads\/2017\/02\/Aliluia-3.mp3\">bariton<\/a>, <a href=\"https:\/\/www.bambergorthodox.de\/wp-content\/uploads\/2017\/02\/Aliluia.mp3\">cor<\/a>. <a href=\"https:\/\/www.bambergorthodox.de\/wp-content\/uploads\/2017\/02\/Aliluia.zip\"> (ly)<\/a><br \/>\n<a href=\"https:\/\/www.bambergorthodox.de\/wp-content\/uploads\/2025\/07\/Aliluia-var.pdf\"><strong>Aliluia (variant\u0103) <\/strong><\/a>(pdf). <a href=\"https:\/\/www.bambergorthodox.de\/wp-content\/uploads\/2024\/02\/Aliluia-var-1.mp3\">Sopran<\/a>, <a href=\"https:\/\/www.bambergorthodox.de\/wp-content\/uploads\/2024\/02\/Aliluia-var-2.mp3\">alto<\/a>, <a href=\"https:\/\/www.bambergorthodox.de\/wp-content\/uploads\/2025\/07\/Aliluia-var-3.mp3\">tenor<\/a>, <a href=\"https:\/\/www.bambergorthodox.de\/wp-content\/uploads\/2025\/07\/Aliluia-var-4.mp3\">bas<\/a>, <a href=\"https:\/\/www.bambergorthodox.de\/wp-content\/uploads\/2025\/04\/Aliluia-var.mp3\">cor<\/a>. <a href=\"https:\/\/www.bambergorthodox.de\/wp-content\/uploads\/2025\/04\/Aliluia-var.zip\"> (ly)<\/a><br \/>\n<a href=\"https:\/\/www.bambergorthodox.de\/wp-content\/uploads\/2017\/02\/Marire-Tie-Doamne.pdf\"><strong>M\u0103rire \u021aie <\/strong><\/a>(pdf). <a href=\"https:\/\/www.bambergorthodox.de\/wp-content\/uploads\/2017\/02\/Marire-Tie-Doamne-1.mp3\">Sopran<\/a>, <a href=\"https:\/\/www.bambergorthodox.de\/wp-content\/uploads\/2017\/02\/Marire-Tie-Doamne-2.mp3\">alto<\/a>, <a href=\"https:\/\/www.bambergorthodox.de\/wp-content\/uploads\/2017\/02\/Marire-Tie-Doamne-3.mp3\">tenor<\/a>, <a href=\"https:\/\/www.bambergorthodox.de\/wp-content\/uploads\/2017\/02\/Marire-Tie-Doamne-4.mp3\">bas<\/a>, <a href=\"https:\/\/www.bambergorthodox.de\/wp-content\/uploads\/2017\/02\/Marire-Tie-Doamne.mp3\">cor<\/a>. <a href=\"https:\/\/www.bambergorthodox.de\/wp-content\/uploads\/2017\/02\/Marire-Tie-Doamne.zip\"> (ly)<\/a><br \/>\n<a href=\"https:\/\/www.bambergorthodox.de\/wp-content\/uploads\/2017\/02\/Ectenia-3x.pdf\"><strong>Ectenia \u00eentreit\u0103 <\/strong><\/a>(pdf). <a href=\"https:\/\/www.bambergorthodox.de\/wp-content\/uploads\/2017\/02\/Ectenia-3x-1.mp3\">Sopran<\/a>, <a href=\"https:\/\/www.bambergorthodox.de\/wp-content\/uploads\/2017\/02\/Ectenia-3x-2.mp3\">alto<\/a>, <a href=\"https:\/\/www.bambergorthodox.de\/wp-content\/uploads\/2017\/02\/Ectenia-3x-3.mp3\">tenor<\/a>, <a href=\"https:\/\/www.bambergorthodox.de\/wp-content\/uploads\/2017\/02\/Ectenia-3x-4.mp3\">bas<\/a>, <a href=\"https:\/\/www.bambergorthodox.de\/wp-content\/uploads\/2017\/02\/Ectenia-3x.mp3\">cor<\/a>. <a href=\"https:\/\/www.bambergorthodox.de\/wp-content\/uploads\/2017\/02\/Ectenia-3x.zip\"> (ly)<\/a><br \/>\n<a href=\"https:\/\/www.bambergorthodox.de\/wp-content\/uploads\/2025\/04\/Ectenia2.pdf\"><strong>Ectenia (variant\u0103) <\/strong><\/a>(pdf). <a href=\"https:\/\/www.bambergorthodox.de\/wp-content\/uploads\/2018\/02\/Ectenia2-1.mp3\">Sopran<\/a>, <a href=\"https:\/\/www.bambergorthodox.de\/wp-content\/uploads\/2018\/02\/Ectenia2-2.mp3\">alto<\/a>, <a href=\"https:\/\/www.bambergorthodox.de\/wp-content\/uploads\/2025\/04\/Ectenia2-3.mp3\">tenor<\/a>, <a href=\"https:\/\/www.bambergorthodox.de\/wp-content\/uploads\/2025\/04\/Ectenia2-4.mp3\">bas<\/a>, <a href=\"https:\/\/www.bambergorthodox.de\/wp-content\/uploads\/2025\/04\/Ectenia2.mp3\">cor<\/a>. <a href=\"https:\/\/www.bambergorthodox.de\/wp-content\/uploads\/2025\/04\/Ectenia2.zip\"> (ly)<\/a><br \/>\n<a href=\"https:\/\/www.bambergorthodox.de\/wp-content\/uploads\/2016\/11\/Heruvic-Lungu.pdf\"><strong>Heruvic &#8211; N. Lungu <\/strong><\/a>(pdf). <a href=\"https:\/\/www.bambergorthodox.de\/wp-content\/uploads\/2016\/11\/Heruvic-Lungu-1.mp3\">Sopran<\/a>, <a href=\"https:\/\/www.bambergorthodox.de\/wp-content\/uploads\/2016\/11\/Heruvic-Lungu-2.mp3\">alto<\/a>, <a href=\"https:\/\/www.bambergorthodox.de\/wp-content\/uploads\/2016\/11\/Heruvic-Lungu-3.mp3\">bariton<\/a>, <a href=\"https:\/\/www.bambergorthodox.de\/wp-content\/uploads\/2016\/11\/Heruvic-Lungu.mp3\">cor<\/a>. <a href=\"https:\/\/www.bambergorthodox.de\/wp-content\/uploads\/2016\/11\/Heruvic-Lungu.zip\"> (ly)<\/a><br \/>\n<a href=\"https:\/\/www.bambergorthodox.de\/wp-content\/uploads\/2025\/04\/Heru-Cute-c.pdf\"><strong>Heruvic &#8211; M. Cuteanu <\/strong><\/a>(pdf). <a href=\"https:\/\/www.bambergorthodox.de\/wp-content\/uploads\/2024\/02\/Heru-Cute-c-1.mp3\">Sopran<\/a>, <a href=\"https:\/\/www.bambergorthodox.de\/wp-content\/uploads\/2024\/02\/Heru-Cute-c-2.mp3\">alto<\/a>, <a href=\"https:\/\/www.bambergorthodox.de\/wp-content\/uploads\/2025\/04\/Heru-Cute-c-3.mp3\">tenor<\/a>, <a href=\"https:\/\/www.bambergorthodox.de\/wp-content\/uploads\/2024\/02\/Heru-Cute-c-3.mp3\">bas<\/a>, <a href=\"https:\/\/www.bambergorthodox.de\/wp-content\/uploads\/2025\/04\/Heru-Cute-c.mp3\">cor<\/a>. <a href=\"https:\/\/www.bambergorthodox.de\/wp-content\/uploads\/2025\/04\/Heru-Cute-c.zip\"> (ly)<\/a><br \/>\n<a href=\"https:\/\/www.bambergorthodox.de\/wp-content\/uploads\/2025\/04\/Ca-pe-imparatul.pdf\"><strong>Ca pe \u00cemp\u0103ratul <\/strong><\/a>(pdf). <a href=\"https:\/\/www.bambergorthodox.de\/wp-content\/uploads\/2017\/01\/Ca-pe-imparatul-3v-1.mp3\">Sopran<\/a>, <a href=\"https:\/\/www.bambergorthodox.de\/wp-content\/uploads\/2017\/01\/Ca-pe-imparatul-3v-2.mp3\">alto<\/a>, <a href=\"https:\/\/www.bambergorthodox.de\/wp-content\/uploads\/2025\/04\/Ca-pe-imparatul-3.mp3\">tenor<\/a>, <a href=\"https:\/\/www.bambergorthodox.de\/wp-content\/uploads\/2017\/01\/Ca-pe-imparatul-3v-3.mp3\">bas<\/a>, <a href=\"https:\/\/www.bambergorthodox.de\/wp-content\/uploads\/2025\/04\/Ca-pe-imparatul.mp3\">cor<\/a>. <a href=\"https:\/\/www.bambergorthodox.de\/wp-content\/uploads\/2025\/04\/Ca-pe-imparatul.zip\"> (ly)<\/a><br \/>\n<a href=\"https:\/\/www.bambergorthodox.de\/wp-content\/uploads\/2025\/04\/Ectenia-4v.pdf\"><strong>Ectenia <\/strong><\/a>(pdf). <a href=\"https:\/\/www.bambergorthodox.de\/wp-content\/uploads\/2017\/01\/Ectenia-3v-1.mp3\">Sopran<\/a>, <a href=\"https:\/\/www.bambergorthodox.de\/wp-content\/uploads\/2017\/01\/Ectenia-3v-2.mp3\">alto<\/a>, <a href=\"https:\/\/www.bambergorthodox.de\/wp-content\/uploads\/2025\/04\/Ectenia-4v-3.mp3\">tenor<\/a>, <a href=\"https:\/\/www.bambergorthodox.de\/wp-content\/uploads\/2017\/01\/Ectenia-3v-3.mp3\">bas<\/a>, <a href=\"https:\/\/www.bambergorthodox.de\/wp-content\/uploads\/2025\/04\/Ectenia-4v.mp3\">cor<\/a>. <a href=\"https:\/\/www.bambergorthodox.de\/wp-content\/uploads\/2025\/04\/Ectenia-4v.zip\"> (ly)<\/a><br \/>\n<a href=\"https:\/\/www.bambergorthodox.de\/wp-content\/uploads\/2025\/04\/Pe-Tatal.pdf\"><strong>Pe Tat\u0103l <\/strong><\/a>(pdf). <a href=\"https:\/\/www.bambergorthodox.de\/wp-content\/uploads\/2017\/03\/Pe-Tatal-1.mp3\">Sopran<\/a>, <a href=\"https:\/\/www.bambergorthodox.de\/wp-content\/uploads\/2017\/03\/Pe-Tatal-2.mp3\">alto<\/a>, <a href=\"https:\/\/www.bambergorthodox.de\/wp-content\/uploads\/2025\/04\/Pe-Tatal-3.mp3\">tenor<\/a>, <a href=\"https:\/\/www.bambergorthodox.de\/wp-content\/uploads\/2017\/03\/Pe-Tatal-3.mp3\">bas<\/a>, <a href=\"https:\/\/www.bambergorthodox.de\/wp-content\/uploads\/2025\/04\/Pe-Tatal.mp3\">cor<\/a>. <a href=\"https:\/\/www.bambergorthodox.de\/wp-content\/uploads\/2025\/04\/Pe-Tatal.zip\"> (ly)<\/a><br \/>\n<a href=\"https:\/\/www.bambergorthodox.de\/wp-content\/uploads\/2017\/03\/Iubi-Te-voi.pdf\"><strong>Iubi-Te-voi, Doamne <\/strong><\/a>(pdf). <a href=\"https:\/\/www.bambergorthodox.de\/wp-content\/uploads\/2017\/03\/Iubi-Te-voi-1.mp3\">Solo<\/a>, <a href=\"https:\/\/www.bambergorthodox.de\/wp-content\/uploads\/2017\/03\/Iubi-Te-voi-2.mp3\">sopran,<\/a> <a href=\"https:\/\/www.bambergorthodox.de\/wp-content\/uploads\/2017\/03\/Iubi-Te-voi-3.mp3\">alto<\/a>, <a href=\"https:\/\/www.bambergorthodox.de\/wp-content\/uploads\/2017\/03\/Iubi-Te-voi-4.mp3\">tenor,<\/a> <a href=\"https:\/\/www.bambergorthodox.de\/wp-content\/uploads\/2017\/03\/Iubi-Te-voi-5.mp3\">bas<\/a>, <a href=\"https:\/\/www.bambergorthodox.de\/wp-content\/uploads\/2017\/03\/Iubi-Te-voi.mp3\">cor<\/a>. <a href=\"https:\/\/www.bambergorthodox.de\/wp-content\/uploads\/2017\/03\/Iubi-Te-voi.zip\"> (ly)<\/a><br \/>\n<a href=\"https:\/\/www.bambergorthodox.de\/wp-content\/uploads\/2025\/04\/Mila-pacii.pdf\"><strong>Mila p\u0103cii <\/strong><\/a>(pdf). <a href=\"https:\/\/www.bambergorthodox.de\/wp-content\/uploads\/2017\/03\/Mila-pacii-1.mp3\">Sopran<\/a>, <a href=\"https:\/\/www.bambergorthodox.de\/wp-content\/uploads\/2017\/03\/Mila-pacii-2.mp3\">alto<\/a>, <a href=\"https:\/\/www.bambergorthodox.de\/wp-content\/uploads\/2025\/04\/Mila-pacii-3.mp3\">tenor,<\/a> <a href=\"https:\/\/www.bambergorthodox.de\/wp-content\/uploads\/2025\/04\/Mila-pacii-4.mp3\">bas<\/a>,\u00a0<a href=\"https:\/\/www.bambergorthodox.de\/wp-content\/uploads\/2025\/04\/Mila-pacii.mp3\">cor<\/a>. <a href=\"https:\/\/www.bambergorthodox.de\/wp-content\/uploads\/2025\/04\/Mila-pacii.zip\"> (ly)<\/a><br \/>\n<a href=\"https:\/\/www.bambergorthodox.de\/wp-content\/uploads\/2025\/04\/Cu-vrednicie.pdf\"><strong>Cu vrednicie <\/strong><\/a>(pdf). <a href=\"https:\/\/www.bambergorthodox.de\/wp-content\/uploads\/2017\/03\/Cu-vrednicie-1.mp3\">Sopran<\/a>, <a href=\"https:\/\/www.bambergorthodox.de\/wp-content\/uploads\/2017\/03\/Cu-vrednicie-2.mp3\">alto<\/a>, \u00a0<a href=\"https:\/\/www.bambergorthodox.de\/wp-content\/uploads\/2025\/04\/Cu-vrednicie-3.mp3\">tenor,<\/a> <a href=\"https:\/\/www.bambergorthodox.de\/wp-content\/uploads\/2017\/03\/Cu-vrednicie-3.mp3\">bas<\/a>,\u00a0<a href=\"https:\/\/www.bambergorthodox.de\/wp-content\/uploads\/2025\/04\/Cu-vrednicie.mp3\">cor<\/a>. <a href=\"https:\/\/www.bambergorthodox.de\/wp-content\/uploads\/2025\/04\/Cu-vrednicie.zip\"> (ly)<\/a><br \/>\n<a href=\"https:\/\/www.bambergorthodox.de\/wp-content\/uploads\/2017\/03\/Sfant-c.pdf\"><strong>Sf\u00e2nt &#8211; N. Lungu <\/strong><\/a>(pdf). <a href=\"https:\/\/www.bambergorthodox.de\/wp-content\/uploads\/2017\/03\/Sfant-c-1.mp3\">Sopran<\/a>, <a href=\"https:\/\/www.bambergorthodox.de\/wp-content\/uploads\/2017\/03\/Sfant-c-2.mp3\">alto<\/a>, <a href=\"https:\/\/www.bambergorthodox.de\/wp-content\/uploads\/2017\/03\/Sfant-c-3.mp3\">tenor<\/a>, <a href=\"https:\/\/www.bambergorthodox.de\/wp-content\/uploads\/2017\/03\/Sfant-c-4.mp3\">bas<\/a>, <a href=\"https:\/\/www.bambergorthodox.de\/wp-content\/uploads\/2017\/03\/Sfant-c.mp3\">cor<\/a>. <a href=\"https:\/\/www.bambergorthodox.de\/wp-content\/uploads\/2017\/03\/Sfant-c.zip\"> (ly)<\/a><br \/>\n<a href=\"https:\/\/www.bambergorthodox.de\/wp-content\/uploads\/2025\/04\/Sfant-Alfe-c.pdf\"><strong>Sf\u00e2nt &#8211; I. Alfeiev (variant\u0103) <\/strong><\/a>(pdf). \u00a0<a href=\"https:\/\/www.bambergorthodox.de\/wp-content\/uploads\/2024\/02\/Sfant-Alfe-1.mp3\">Sopran<\/a>,\u00a0<a href=\"https:\/\/www.bambergorthodox.de\/wp-content\/uploads\/2024\/02\/Sfant-Alfe-2.mp3\">alto<\/a>, <a href=\"https:\/\/www.bambergorthodox.de\/wp-content\/uploads\/2025\/04\/Sfant-Alfe-c-3.mp3\">tenor<\/a>, <a href=\"https:\/\/www.bambergorthodox.de\/wp-content\/uploads\/2024\/02\/Sfant-Alfe-4.mp3\">bas<\/a>,\u00a0<a href=\"https:\/\/www.bambergorthodox.de\/wp-content\/uploads\/2025\/04\/Sfant-Alfe-c.mp3\">cor<\/a>. <a href=\"https:\/\/www.bambergorthodox.de\/wp-content\/uploads\/2025\/04\/Sfant-Alfe-c.zip\"> (ly)<\/a><br \/>\n<a href=\"https:\/\/www.bambergorthodox.de\/wp-content\/uploads\/2017\/03\/Amin.pdf\"><strong>Amin <\/strong><\/a>(pdf). <a href=\"https:\/\/www.bambergorthodox.de\/wp-content\/uploads\/2017\/03\/Amin-1.mp3\">Sopran<\/a>, <a href=\"https:\/\/www.bambergorthodox.de\/wp-content\/uploads\/2017\/03\/Amin-2.mp3\">alto<\/a>, <a href=\"https:\/\/www.bambergorthodox.de\/wp-content\/uploads\/2017\/03\/Amin-3.mp3\">tenor<\/a>, <a href=\"https:\/\/www.bambergorthodox.de\/wp-content\/uploads\/2017\/03\/Amin-4.mp3\">bas<\/a>, <a href=\"https:\/\/www.bambergorthodox.de\/wp-content\/uploads\/2017\/03\/Amin.mp3\">cor<\/a>. <a href=\"https:\/\/www.bambergorthodox.de\/wp-content\/uploads\/2017\/03\/Amin.zip\"> (ly)<\/a><br \/>\n<a href=\"https:\/\/www.bambergorthodox.de\/wp-content\/uploads\/2017\/03\/Pe-Tine.pdf\"><strong>Pe Tine Te l\u0103ud\u0103m &#8211; N. Lungu <\/strong><\/a>(pdf). <a href=\"https:\/\/www.bambergorthodox.de\/wp-content\/uploads\/2017\/03\/Pe-Tine-1.mp3\">Sopran<\/a>, <a href=\"https:\/\/www.bambergorthodox.de\/wp-content\/uploads\/2017\/03\/Pe-Tine-2.mp3\">alto<\/a>, <a href=\"https:\/\/www.bambergorthodox.de\/wp-content\/uploads\/2017\/03\/Pe-Tine-3.mp3\">tenor<\/a>, <a href=\"https:\/\/www.bambergorthodox.de\/wp-content\/uploads\/2017\/03\/Pe-Tine-4.mp3\">bas<\/a>, <a href=\"https:\/\/www.bambergorthodox.de\/wp-content\/uploads\/2017\/03\/Pe-Tine.mp3\">cor<\/a>. <a href=\"https:\/\/www.bambergorthodox.de\/wp-content\/uploads\/2017\/03\/Pe-Tine.zip\"> (ly)<\/a><br \/>\n<a href=\"https:\/\/www.bambergorthodox.de\/wp-content\/uploads\/2025\/05\/Pe-Tine-Mus-c.pdf\"><strong>Pe Tine Te l\u0103ud\u0103m &#8211; G. Musicescu (variant\u0103) <\/strong><\/a>(pdf). <a href=\"https:\/\/www.bambergorthodox.de\/wp-content\/uploads\/2024\/02\/Pe-Tine-Lo-1.mp3\">Sopran<\/a>, <a href=\"https:\/\/www.bambergorthodox.de\/wp-content\/uploads\/2024\/02\/Pe-Tine-Lo-2.mp3\">alto<\/a>, <a href=\"https:\/\/www.bambergorthodox.de\/wp-content\/uploads\/2025\/05\/Pe-Tine-Mus-c-3.mp3\">tenor<\/a>,\u00a0<a href=\"https:\/\/www.bambergorthodox.de\/wp-content\/uploads\/2024\/02\/Pe-Tine-Lo-4.mp3\">bas<\/a>, <a href=\"https:\/\/www.bambergorthodox.de\/wp-content\/uploads\/2025\/05\/Pe-Tine-Mus-c.mp3\">cor<\/a>. <a href=\"https:\/\/www.bambergorthodox.de\/wp-content\/uploads\/2025\/05\/Pe-Tine-Mus-c.zip\"> (ly)<\/a><br \/>\n<a href=\"https:\/\/www.bambergorthodox.de\/wp-content\/uploads\/2017\/03\/Axion.pdf\"><strong>Cuvine-se cu adev\u0103rat &#8211; N. Lungu <\/strong><\/a>(pdf). <a href=\"https:\/\/www.bambergorthodox.de\/wp-content\/uploads\/2017\/03\/Axion-1.mp3\">Sopran<\/a>, <a href=\"https:\/\/www.bambergorthodox.de\/wp-content\/uploads\/2017\/03\/Axion-2.mp3\">alto<\/a>, <a href=\"https:\/\/www.bambergorthodox.de\/wp-content\/uploads\/2017\/03\/Axion-3.mp3\">tenor<\/a>, <a href=\"https:\/\/www.bambergorthodox.de\/wp-content\/uploads\/2017\/03\/Axion-4.mp3\">bas<\/a>, <a href=\"https:\/\/www.bambergorthodox.de\/wp-content\/uploads\/2017\/03\/Axion.mp3\">cor<\/a>. <a href=\"https:\/\/www.bambergorthodox.de\/wp-content\/uploads\/2017\/03\/Axion.zip\"> (ly)<\/a><br \/>\n<a href=\"https:\/\/www.bambergorthodox.de\/wp-content\/uploads\/2025\/08\/Axion-Dima-c.pdf\"><strong>Cuvine-se cu adev\u0103rat &#8211; Gh. Dima (variant\u0103) <\/strong><\/a>(pdf). <a href=\"https:\/\/www.bambergorthodox.de\/wp-content\/uploads\/2025\/05\/Axion-Dima-c-1.mp3\">Sopran<\/a>, <a href=\"https:\/\/www.bambergorthodox.de\/wp-content\/uploads\/2025\/05\/Axion-Dima-c-2.mp3\">alto<\/a>, <a href=\"https:\/\/www.bambergorthodox.de\/wp-content\/uploads\/2025\/05\/Axion-Dima-c-3.mp3\">tenor<\/a>, <a href=\"https:\/\/www.bambergorthodox.de\/wp-content\/uploads\/2025\/05\/Axion-Dima-c-4.mp3\">bas<\/a>,\u00a0<a href=\"https:\/\/www.bambergorthodox.de\/wp-content\/uploads\/2025\/05\/Axion-Dima-c.mp3\">cor<\/a>. <a href=\"https:\/\/www.bambergorthodox.de\/wp-content\/uploads\/2025\/08\/Axion-Dima-c.zip\"> (ly)<\/a><br \/>\n<a href=\"https:\/\/www.bambergorthodox.de\/wp-content\/uploads\/2017\/03\/Ingerul-t.pdf\"><strong>\u00cengerul a strigat <\/strong><\/a>(pdf). <a href=\"https:\/\/www.bambergorthodox.de\/wp-content\/uploads\/2017\/03\/Ingerul-t-1.mp3\">Sopran<\/a>, <a href=\"https:\/\/www.bambergorthodox.de\/wp-content\/uploads\/2017\/03\/Ingerul-t-2.mp3\">alto<\/a>, <a href=\"https:\/\/www.bambergorthodox.de\/wp-content\/uploads\/2017\/03\/Ingerul-t-3.mp3\">tenor<\/a>, <a href=\"https:\/\/www.bambergorthodox.de\/wp-content\/uploads\/2017\/03\/Ingerul-t-4.mp3\">bas<\/a>, <a href=\"https:\/\/www.bambergorthodox.de\/wp-content\/uploads\/2017\/03\/Ingerul-t.mp3\">cor<\/a>. <a href=\"https:\/\/www.bambergorthodox.de\/wp-content\/uploads\/2017\/03\/Ingerul-t.zip\"> (ly)<\/a><br \/>\n<a href=\"https:\/\/www.bambergorthodox.de\/wp-content\/uploads\/2025\/06\/De-tine.pdf\"><strong>De tine se bucur\u0103 <\/strong><\/a>(pdf). <a href=\"https:\/\/www.bambergorthodox.de\/wp-content\/uploads\/2024\/02\/De-tine-1.mp3\">Sopran<\/a>, <a href=\"https:\/\/www.bambergorthodox.de\/wp-content\/uploads\/2024\/02\/De-tine-2.mp3\">alto<\/a>, <a href=\"https:\/\/www.bambergorthodox.de\/wp-content\/uploads\/2025\/06\/De-tine-3.mp3\">tenor<\/a>,\u00a0<a href=\"https:\/\/www.bambergorthodox.de\/wp-content\/uploads\/2025\/06\/De-tine-4.mp3\">bas<\/a>,\u00a0<a href=\"https:\/\/www.bambergorthodox.de\/wp-content\/uploads\/2025\/06\/De-tine.mp3\">cor<\/a>. <a href=\"https:\/\/www.bambergorthodox.de\/wp-content\/uploads\/2025\/06\/De-tine.zip\"> (ly)<\/a><br \/>\n<a href=\"https:\/\/www.bambergorthodox.de\/wp-content\/uploads\/2025\/06\/Pe-toti.pdf\"><strong>Pe to\u021bi \u0219i pe toate <\/strong><\/a>(pdf). <a href=\"https:\/\/www.bambergorthodox.de\/wp-content\/uploads\/2025\/06\/Pe-toti-1.mp3\">Sopran<\/a>, <a href=\"https:\/\/www.bambergorthodox.de\/wp-content\/uploads\/2025\/06\/Pe-toti-2.mp3\">alto<\/a>, <a href=\"https:\/\/www.bambergorthodox.de\/wp-content\/uploads\/2025\/06\/Pe-toti-3.mp3\">tenor<\/a>, <a href=\"https:\/\/www.bambergorthodox.de\/wp-content\/uploads\/2025\/06\/Pe-toti-4.mp3\">bas<\/a>, <a href=\"https:\/\/www.bambergorthodox.de\/wp-content\/uploads\/2025\/06\/Pe-toti.mp3\">cor<\/a>. <a href=\"https:\/\/www.bambergorthodox.de\/wp-content\/uploads\/2025\/06\/Pe-toti.zip\"> (ly)<\/a><br \/>\n<a href=\"https:\/\/www.bambergorthodox.de\/wp-content\/uploads\/2025\/04\/Ectenia-4v.pdf\"><strong>Ectenia\u00a0<\/strong><\/a>(pdf).\u00a0<a href=\"https:\/\/www.bambergorthodox.de\/wp-content\/uploads\/2017\/01\/Ectenia-3v-1.mp3\">Sopran<\/a>,\u00a0<a href=\"https:\/\/www.bambergorthodox.de\/wp-content\/uploads\/2017\/01\/Ectenia-3v-2.mp3\">alto<\/a>,\u00a0<a href=\"https:\/\/www.bambergorthodox.de\/wp-content\/uploads\/2025\/04\/Ectenia-4v-3.mp3\">tenor<\/a>,\u00a0<a href=\"https:\/\/www.bambergorthodox.de\/wp-content\/uploads\/2017\/01\/Ectenia-3v-3.mp3\">bas<\/a>,\u00a0<a href=\"https:\/\/www.bambergorthodox.de\/wp-content\/uploads\/2025\/04\/Ectenia-4v.mp3\">cor<\/a>.\u00a0<a href=\"https:\/\/www.bambergorthodox.de\/wp-content\/uploads\/2025\/04\/Ectenia-4v.zip\">(ly)<\/a><br \/>\n<a href=\"https:\/\/www.bambergorthodox.de\/wp-content\/uploads\/2024\/02\/Tatal-nostru-Moldo.pdf\"><strong>Tat\u0103l nostru <\/strong><\/a>(pdf). <a href=\"https:\/\/www.bambergorthodox.de\/wp-content\/uploads\/2024\/02\/Tatal-nostru-Moldo-1.mp3\">Sopran<\/a>, <a href=\"https:\/\/www.bambergorthodox.de\/wp-content\/uploads\/2024\/02\/Tatal-nostru-Moldo-2.mp3\">alto<\/a>, <a href=\"https:\/\/www.bambergorthodox.de\/wp-content\/uploads\/2024\/02\/Tatal-nostru-Moldo-3.mp3\">tenor<\/a>, <a href=\"https:\/\/www.bambergorthodox.de\/wp-content\/uploads\/2024\/02\/Tatal-nostru-Moldo-4.mp3\">bas<\/a>, <a href=\"https:\/\/www.bambergorthodox.de\/wp-content\/uploads\/2024\/02\/Tatal-nostru-Moldo.mp3\">cor<\/a>. <a href=\"https:\/\/www.bambergorthodox.de\/wp-content\/uploads\/2024\/02\/Tatal-nostru-Moldo.zip\"> (ly)<\/a><br \/>\n<a href=\"https:\/\/www.bambergorthodox.de\/wp-content\/uploads\/2025\/06\/Unul-Sfant.pdf\"><strong>Unul Sf\u00e2nt <\/strong><\/a>(pdf). <a href=\"https:\/\/www.bambergorthodox.de\/wp-content\/uploads\/2025\/06\/Unul-Sfant-1.mp3\">Sopran<\/a>, <a href=\"https:\/\/www.bambergorthodox.de\/wp-content\/uploads\/2025\/06\/Unul-Sfant-2.mp3\">alto<\/a>, <a href=\"https:\/\/www.bambergorthodox.de\/wp-content\/uploads\/2025\/06\/Unul-Sfant-3.mp3\">tenor<\/a>, <a href=\"https:\/\/www.bambergorthodox.de\/wp-content\/uploads\/2025\/06\/Unul-Sfant-4.mp3\">bas<\/a>, <a href=\"https:\/\/www.bambergorthodox.de\/wp-content\/uploads\/2025\/06\/Unul-Sfant.mp3\">cor<\/a>. <a href=\"https:\/\/www.bambergorthodox.de\/wp-content\/uploads\/2025\/06\/Unul-Sfant.zip\"> (ly)<\/a><br \/>\n<a href=\"https:\/\/www.bambergorthodox.de\/wp-content\/uploads\/2017\/03\/Bine-este.pdf\"><strong>Bine este cuv\u00e2ntat <\/strong><\/a>(pdf). <a href=\"https:\/\/www.bambergorthodox.de\/wp-content\/uploads\/2017\/03\/Bine-este-1.mp3\">Sopran<\/a>, <a href=\"https:\/\/www.bambergorthodox.de\/wp-content\/uploads\/2017\/03\/Bine-este-2.mp3\">alto<\/a>, <a href=\"https:\/\/www.bambergorthodox.de\/wp-content\/uploads\/2017\/03\/Bine-este-3.mp3\">bariton<\/a>, <a href=\"https:\/\/www.bambergorthodox.de\/wp-content\/uploads\/2017\/03\/Bine-este.mp3\">cor<\/a>. <a href=\"https:\/\/www.bambergorthodox.de\/wp-content\/uploads\/2017\/03\/Bine-este.zip\"> (ly)<\/a><br \/>\n<a href=\"https:\/\/www.bambergorthodox.de\/wp-content\/uploads\/2025\/06\/Bine-e2.pdf\"><strong>Bine este cuv\u00e2ntat (variant\u0103) <\/strong><\/a>(pdf). <a href=\"https:\/\/www.bambergorthodox.de\/wp-content\/uploads\/2024\/02\/Bine-e2-1.mp3\">Sopran<\/a>, <a href=\"https:\/\/www.bambergorthodox.de\/wp-content\/uploads\/2024\/02\/Bine-e2-2.mp3\">alto<\/a>, <a href=\"https:\/\/www.bambergorthodox.de\/wp-content\/uploads\/2025\/06\/Bine-e2-3.mp3\">tenor<\/a>, <a href=\"https:\/\/www.bambergorthodox.de\/wp-content\/uploads\/2025\/06\/Bine-e2-4.mp3\">bas<\/a>,\u00a0<a href=\"https:\/\/www.bambergorthodox.de\/wp-content\/uploads\/2025\/06\/Bine-e2.mp3\">cor<\/a>. <a href=\"https:\/\/www.bambergorthodox.de\/wp-content\/uploads\/2025\/06\/Bine-e2.zip\"> (ly)<\/a><br \/>\n<a href=\"https:\/\/www.bambergorthodox.de\/wp-content\/uploads\/2017\/03\/Trupul.pdf\"><strong>Trupul lui Hristos <\/strong><\/a>(pdf). <a href=\"https:\/\/www.bambergorthodox.de\/wp-content\/uploads\/2017\/03\/Trupul-1.mp3\">Sopran<\/a>, <a href=\"https:\/\/www.bambergorthodox.de\/wp-content\/uploads\/2017\/03\/Trupul-2.mp3\">alto<\/a>, <a href=\"https:\/\/www.bambergorthodox.de\/wp-content\/uploads\/2017\/03\/Trupul-3.mp3\">tenor<\/a>, <a href=\"https:\/\/www.bambergorthodox.de\/wp-content\/uploads\/2017\/03\/Trupul-4.mp3\">bas<\/a>, <a href=\"https:\/\/www.bambergorthodox.de\/wp-content\/uploads\/2017\/03\/Trupul.mp3\">cor<\/a>. <a href=\"https:\/\/www.bambergorthodox.de\/wp-content\/uploads\/2017\/03\/Trupul.zip\"> (ly)<\/a><br \/>\n<a href=\"https:\/\/www.bambergorthodox.de\/wp-content\/uploads\/2024\/02\/Gustati-vedeti.pdf\"><strong>Gusta\u021bi \u0219i vede\u021bi <\/strong><\/a>(pdf). <a href=\"https:\/\/www.bambergorthodox.de\/wp-content\/uploads\/2024\/02\/gus-ved-1.mp3\">Melodie<\/a>, <a href=\"https:\/\/www.bambergorthodox.de\/wp-content\/uploads\/2024\/02\/gus-ved.mp3\">canon<\/a>. <a href=\"https:\/\/www.bambergorthodox.de\/wp-content\/uploads\/2024\/02\/Gustati-vedeti.zip\"> (ly)<\/a><br \/>\n<a href=\"https:\/\/www.bambergorthodox.de\/wp-content\/uploads\/2016\/11\/Aliluia.pdf\"><strong>Aliluia &#8211; N. Moldoveanu <\/strong><\/a>(pdf). <a href=\"https:\/\/www.bambergorthodox.de\/wp-content\/uploads\/2016\/11\/Aliluia-1.mp3\">Sopran<\/a>, <a href=\"https:\/\/www.bambergorthodox.de\/wp-content\/uploads\/2016\/11\/Aliluia-2.mp3\">alto<\/a>, <a href=\"https:\/\/www.bambergorthodox.de\/wp-content\/uploads\/2016\/11\/Aliluia-3.mp3\">tenor<\/a>, <a href=\"https:\/\/www.bambergorthodox.de\/wp-content\/uploads\/2016\/11\/Aliluia-4.mp3\">bas<\/a>, <a href=\"https:\/\/www.bambergorthodox.de\/wp-content\/uploads\/2016\/11\/Aliluia.mp3\">cor<\/a>. <a href=\"https:\/\/www.bambergorthodox.de\/wp-content\/uploads\/2016\/11\/Aliluia.zip\"> (ly)<\/a><br \/>\n<a href=\"https:\/\/www.bambergorthodox.de\/wp-content\/uploads\/2017\/03\/Am-vazut.pdf\"><strong>Am v\u0103zut lumina <\/strong><\/a>(pdf). <a href=\"https:\/\/www.bambergorthodox.de\/wp-content\/uploads\/2017\/03\/Am-vazut-1.mp3\">Sopran<\/a>, <a href=\"https:\/\/www.bambergorthodox.de\/wp-content\/uploads\/2017\/03\/Am-vazut-2.mp3\">alto<\/a>, <a href=\"https:\/\/www.bambergorthodox.de\/wp-content\/uploads\/2017\/03\/Am-vazut-3.mp3\">bariton<\/a>, <a href=\"https:\/\/www.bambergorthodox.de\/wp-content\/uploads\/2017\/03\/Am-vazut.mp3\">cor<\/a>. <a href=\"https:\/\/www.bambergorthodox.de\/wp-content\/uploads\/2017\/03\/Am-vazut.zip\"> (ly)<\/a><br \/>\n<a href=\"https:\/\/www.bambergorthodox.de\/wp-content\/uploads\/2025\/06\/Am-vaz2.pdf\"><strong>Am v\u0103zut lumina (variant\u0103) <\/strong><\/a>(pdf). <a href=\"https:\/\/www.bambergorthodox.de\/wp-content\/uploads\/2024\/02\/Am-vaz2-1.mp3\">Sopran<\/a>, <a href=\"https:\/\/www.bambergorthodox.de\/wp-content\/uploads\/2024\/02\/Am-vaz2-2.mp3\">alto<\/a>, <a href=\"https:\/\/www.bambergorthodox.de\/wp-content\/uploads\/2025\/06\/Am-vaz2-3.mp3\">tenor<\/a>, <a href=\"https:\/\/www.bambergorthodox.de\/wp-content\/uploads\/2025\/06\/Am-vaz2-4.mp3\">bas<\/a>,\u00a0<a href=\"https:\/\/www.bambergorthodox.de\/wp-content\/uploads\/2025\/06\/Am-vaz2.mp3\">cor<\/a>. <a href=\"https:\/\/www.bambergorthodox.de\/wp-content\/uploads\/2025\/06\/Am-vaz2.zip\"> (ly)<\/a><br \/>\n<a href=\"https:\/\/www.bambergorthodox.de\/wp-content\/uploads\/2017\/02\/Sa-se-umple-1v.pdf\"><strong>S\u0103 se umple gurile noastre <\/strong><\/a>(pdf). <a href=\"https:\/\/www.bambergorthodox.de\/wp-content\/uploads\/2017\/02\/Sa-se-umple-1v.mp3\">Melodie<\/a>. <a href=\"https:\/\/www.bambergorthodox.de\/wp-content\/uploads\/2017\/02\/Sa-se-umple-1v.zip\"> (ly)<\/a><br \/>\n<a href=\"https:\/\/www.bambergorthodox.de\/wp-content\/uploads\/2025\/06\/Saseumple2-c.pdf\"><strong>S\u0103 se umple gurile noastre (variant\u0103) <\/strong><\/a>(pdf). <a href=\"https:\/\/www.bambergorthodox.de\/wp-content\/uploads\/2024\/02\/Saseumple2-c-1.mp3\">Sopran<\/a>, <a href=\"https:\/\/www.bambergorthodox.de\/wp-content\/uploads\/2024\/02\/Saseumple2-c-2.mp3\">alto<\/a>, <a href=\"https:\/\/www.bambergorthodox.de\/wp-content\/uploads\/2025\/06\/Saseumple2-c-3.mp3\">tenor<\/a>, <a href=\"https:\/\/www.bambergorthodox.de\/wp-content\/uploads\/2025\/06\/Saseumple2-c-4.mp3\">bas<\/a>,\u00a0<a href=\"https:\/\/www.bambergorthodox.de\/wp-content\/uploads\/2025\/06\/Saseumple2-c.mp3\">cor<\/a>. <a href=\"https:\/\/www.bambergorthodox.de\/wp-content\/uploads\/2025\/06\/Saseumple2-c.zip\"> (ly)<\/a><br \/>\n<a href=\"https:\/\/www.bambergorthodox.de\/wp-content\/uploads\/2025\/06\/Sa-se-umple-c.pdf\"><strong>S\u0103 se umple gurile noastre (\u00cent\u0103re\u0219te-ne pe noi) <\/strong><\/a>(pdf). <a href=\"https:\/\/www.bambergorthodox.de\/wp-content\/uploads\/2024\/02\/Sa-se-umple-c-1.mp3\">Sopran<\/a>, <a href=\"https:\/\/www.bambergorthodox.de\/wp-content\/uploads\/2024\/02\/Sa-se-umple-c-2.mp3\">alto<\/a>, <a href=\"https:\/\/www.bambergorthodox.de\/wp-content\/uploads\/2025\/06\/Sa-se-umple-c-3.mp3\">tenor<\/a>, <a href=\"https:\/\/www.bambergorthodox.de\/wp-content\/uploads\/2025\/06\/Sa-se-umple-c-4.mp3\">bas<\/a>, <a href=\"https:\/\/www.bambergorthodox.de\/wp-content\/uploads\/2025\/06\/Sa-se-umple-c.mp3\">cor<\/a>. <a href=\"https:\/\/www.bambergorthodox.de\/wp-content\/uploads\/2025\/06\/Sa-se-umple-c.zip\"> (ly)<\/a><br \/>\n<a href=\"https:\/\/www.bambergorthodox.de\/wp-content\/uploads\/2025\/06\/Intru-numele.pdf\"><strong>\u00centru numele Domnlui <\/strong><\/a>(pdf). <a href=\"https:\/\/www.bambergorthodox.de\/wp-content\/uploads\/2025\/06\/Intru-numele-1.mp3\">Sopran<\/a>, <a href=\"https:\/\/www.bambergorthodox.de\/wp-content\/uploads\/2025\/06\/Intru-numele-2.mp3\">alto<\/a>, <a href=\"https:\/\/www.bambergorthodox.de\/wp-content\/uploads\/2025\/06\/Intru-numele-3.mp3\">tenor<\/a>, <a href=\"https:\/\/www.bambergorthodox.de\/wp-content\/uploads\/2025\/06\/Intru-numele-4.mp3\">bas<\/a>, <a href=\"https:\/\/www.bambergorthodox.de\/wp-content\/uploads\/2025\/06\/Intru-numele.mp3\">cor<\/a>. <a href=\"https:\/\/www.bambergorthodox.de\/wp-content\/uploads\/2025\/06\/Intru-numele.zip\"> (ly)<\/a><br \/>\n<a href=\"https:\/\/www.bambergorthodox.de\/wp-content\/uploads\/2025\/06\/Fie-numele.pdf\"><strong>Fie numele <\/strong><\/a>(pdf). <a href=\"https:\/\/www.bambergorthodox.de\/wp-content\/uploads\/2017\/03\/Fie-numele-1.mp3\">Sopran<\/a>, <a href=\"https:\/\/www.bambergorthodox.de\/wp-content\/uploads\/2017\/03\/Fie-numele-2.mp3\">alto<\/a>, <a href=\"https:\/\/www.bambergorthodox.de\/wp-content\/uploads\/2025\/06\/Fie-numele-3.mp3\">tenor<\/a>, <a href=\"https:\/\/www.bambergorthodox.de\/wp-content\/uploads\/2025\/06\/Fie-numele-4.mp3\">bas<\/a>, <a href=\"https:\/\/www.bambergorthodox.de\/wp-content\/uploads\/2025\/06\/Fie-numele.mp3\">cor<\/a>. <a href=\"https:\/\/www.bambergorthodox.de\/wp-content\/uploads\/2025\/06\/Fie-numele.zip\"> (ly)<\/a><br \/>\n<a href=\"https:\/\/www.bambergorthodox.de\/wp-content\/uploads\/2025\/08\/SlavaTata.pdf\"><strong>Slav\u0103 Tat\u0103lui <\/strong><\/a>(pdf). <a href=\"https:\/\/www.bambergorthodox.de\/wp-content\/uploads\/2024\/02\/SlavaTata-1.mp3\">Sopran<\/a>, <a href=\"https:\/\/www.bambergorthodox.de\/wp-content\/uploads\/2024\/02\/SlavaTata-2.mp3\">alto<\/a>, <a href=\"https:\/\/www.bambergorthodox.de\/wp-content\/uploads\/2025\/08\/SlavaTata-3.mp3\">tenor<\/a>, <a href=\"https:\/\/www.bambergorthodox.de\/wp-content\/uploads\/2025\/06\/SlavaTata-4.mp3\">bas<\/a>, <a href=\"https:\/\/www.bambergorthodox.de\/wp-content\/uploads\/2025\/08\/SlavaTata.mp3\">cor<\/a>. <a href=\"https:\/\/www.bambergorthodox.de\/wp-content\/uploads\/2025\/08\/SlavaTata.zip\"> (ly)<\/a><\/p>\n<p><a href=\"https:\/\/www.bambergorthodox.de\/wp-content\/uploads\/2025\/07\/ImnArh.pdf\"><strong>Imnul arhieresc <\/strong><\/a>(pdf). <a href=\"https:\/\/www.bambergorthodox.de\/wp-content\/uploads\/2024\/02\/ImnArh-1.mp3\">Sopran<\/a>, <a href=\"https:\/\/www.bambergorthodox.de\/wp-content\/uploads\/2024\/02\/ImnArh-2.mp3\">alto<\/a>,\u00a0<a href=\"https:\/\/www.bambergorthodox.de\/wp-content\/uploads\/2025\/07\/ImnArh-3.mp3\">tenor<\/a>, <a href=\"https:\/\/www.bambergorthodox.de\/wp-content\/uploads\/2025\/07\/ImnArh-4.mp3\">bas<\/a>,\u00a0<a href=\"https:\/\/www.bambergorthodox.de\/wp-content\/uploads\/2025\/07\/ImnArh.mp3\">cor<\/a>. <a href=\"https:\/\/www.bambergorthodox.de\/wp-content\/uploads\/2025\/07\/ImnArh.zip\"> (ly)<\/a><br \/>\n<a href=\"https:\/\/www.bambergorthodox.de\/wp-content\/uploads\/2017\/09\/Vesnica-pomenire-c.pdf\"><strong>Ve\u0219nic\u0103 pomenire <\/strong><\/a>(pdf). <a href=\"https:\/\/www.bambergorthodox.de\/wp-content\/uploads\/2017\/09\/Vesnica-pomenire-c-1.mp3\">Sopran<\/a>, <a href=\"https:\/\/www.bambergorthodox.de\/wp-content\/uploads\/2017\/09\/Vesnica-pomenire-c-2.mp3\">alto<\/a>,\u00a0 <a href=\"https:\/\/www.bambergorthodox.de\/wp-content\/uploads\/2017\/09\/Vesnica-pomenire-c-3.mp3\">tenor<\/a>, <a href=\"https:\/\/www.bambergorthodox.de\/wp-content\/uploads\/2017\/09\/Vesnica-pomenire-c-4.mp3\">bas<\/a>, <a href=\"https:\/\/www.bambergorthodox.de\/wp-content\/uploads\/2017\/09\/Vesnica-pomenire-c.mp3\">cor<\/a>. <a href=\"https:\/\/www.bambergorthodox.de\/wp-content\/uploads\/2017\/09\/Vesnica-pomenire-c.zip\"> (ly)<\/a><\/p>\n<p><span style=\"color: #000000;\">Pricesne:<\/span><br \/>\n<a href=\"https:\/\/www.bambergorthodox.de\/wp-content\/uploads\/2024\/02\/Acestea-zice-D-c.pdf\"><strong>Acestea zice Domnul <\/strong><\/a>(pdf). <a href=\"https:\/\/www.bambergorthodox.de\/wp-content\/uploads\/2024\/02\/Acestea-zice-D-c-1.mp3\">Sopran<\/a>,\u00a0<a href=\"https:\/\/www.bambergorthodox.de\/wp-content\/uploads\/2024\/02\/Acestea-zice-D-c-2.mp3\">alto<\/a>, <a href=\"https:\/\/www.bambergorthodox.de\/wp-content\/uploads\/2024\/02\/Acestea-zice-D-c-3.mp3\">bariton<\/a>, <a href=\"https:\/\/www.bambergorthodox.de\/wp-content\/uploads\/2024\/02\/Acestea-zice-D-c.mp3\">cor<\/a>. <a href=\"https:\/\/www.bambergorthodox.de\/wp-content\/uploads\/2024\/02\/Acestea-zice-D-c.zip\"> (ly)<\/a><br \/>\n<a href=\"https:\/\/www.bambergorthodox.de\/wp-content\/uploads\/2025\/06\/Arata-ti-ind.pdf\"><strong>Arat\u0103-\u021bi \u00eendurarea <\/strong><\/a>(pdf). <a href=\"https:\/\/www.bambergorthodox.de\/wp-content\/uploads\/2025\/06\/Arata-ti-ind-1.mp3\">Sopran<\/a>, <a href=\"https:\/\/www.bambergorthodox.de\/wp-content\/uploads\/2025\/06\/Arata-ti-ind-2.mp3\">alto<\/a>, <a href=\"https:\/\/www.bambergorthodox.de\/wp-content\/uploads\/2025\/06\/Arata-ti-ind-3.mp3\">tenor<\/a>, <a href=\"https:\/\/www.bambergorthodox.de\/wp-content\/uploads\/2025\/06\/Arata-ti-ind-4.mp3\">bas<\/a>,\u00a0<a href=\"https:\/\/www.bambergorthodox.de\/wp-content\/uploads\/2025\/06\/Arata-ti-ind.mp3\">cor<\/a>. <a href=\"https:\/\/www.bambergorthodox.de\/wp-content\/uploads\/2025\/06\/Arata-ti-ind.zip\"> (ly)<\/a><br \/>\n<a href=\"https:\/\/www.bambergorthodox.de\/wp-content\/uploads\/2024\/02\/Atat-a-iubit.pdf\"><strong>At\u00e2t a iubit Dumnezeu lumea <\/strong><\/a>(pdf). <a href=\"https:\/\/www.bambergorthodox.de\/wp-content\/uploads\/2024\/02\/Atat-a-iubit-1.mp3\">Sopran<\/a>, <a href=\"https:\/\/www.bambergorthodox.de\/wp-content\/uploads\/2024\/02\/Atat-a-iubit-2.mp3\">alto<\/a>, <a href=\"https:\/\/www.bambergorthodox.de\/wp-content\/uploads\/2024\/02\/Atat-a-iubit-3.mp3\">bariton<\/a>, <a href=\"https:\/\/www.bambergorthodox.de\/wp-content\/uploads\/2024\/02\/Atat-a-iubit.mp3\">cor<\/a>. <a href=\"https:\/\/www.bambergorthodox.de\/wp-content\/uploads\/2024\/02\/Atat-a-iubit.zip\"> (ly)<\/a><br \/>\n<strong><a href=\"https:\/\/www.bambergorthodox.de\/wp-content\/uploads\/2025\/06\/Blandul-past.pdf\">Bl\u00e2ndul P\u0103stor<\/a><\/strong> (pdf). <a href=\"https:\/\/www.bambergorthodox.de\/wp-content\/uploads\/2025\/06\/Blandul-past-1.mp3\">Sopran<\/a>,\u00a0<a href=\"https:\/\/www.bambergorthodox.de\/wp-content\/uploads\/2025\/06\/Blandul-past-2.mp3\">alto<\/a>, <a href=\"https:\/\/www.bambergorthodox.de\/wp-content\/uploads\/2025\/06\/Blandul-past-3.mp3\">tenor<\/a>, <a href=\"https:\/\/www.bambergorthodox.de\/wp-content\/uploads\/2025\/06\/Blandul-past-4.mp3\">bas<\/a>, <a href=\"https:\/\/www.bambergorthodox.de\/wp-content\/uploads\/2025\/06\/Blandul-past.mp3\">cor<\/a>. <a href=\"https:\/\/www.bambergorthodox.de\/wp-content\/uploads\/2025\/06\/Blandul-past.zip\"> (ly)<\/a><br \/>\n<a href=\"https:\/\/www.bambergorthodox.de\/wp-content\/uploads\/2025\/05\/Candva-o-voi-vedea.pdf\"><strong>C\u00e2ndva o voi vedea (Andr\u00f2 a vederla un d\u00ec)<\/strong><\/a>\u00a0(pdf). <a href=\"https:\/\/www.bambergorthodox.de\/wp-content\/uploads\/2025\/05\/Candva-o-voi-vedea-1.mp3\">Sopran<\/a>, <a href=\"https:\/\/www.bambergorthodox.de\/wp-content\/uploads\/2025\/05\/Candva-o-voi-vedea-2.mp3\">alto<\/a>, <a href=\"https:\/\/www.bambergorthodox.de\/wp-content\/uploads\/2025\/05\/Candva-o-voi-vedea-3.mp3\">tenor<\/a>, <a href=\"https:\/\/www.bambergorthodox.de\/wp-content\/uploads\/2025\/05\/Candva-o-voi-vedea-4.mp3\">bas<\/a>, <a href=\"https:\/\/www.bambergorthodox.de\/wp-content\/uploads\/2025\/05\/Candva-o-voi-vedea.mp3\">cor<\/a>. <a href=\"https:\/\/www.bambergorthodox.de\/wp-content\/uploads\/2025\/05\/Candva-o-voi-vedea.zip\">(ly)<\/a><br \/>\n<a href=\"https:\/\/www.bambergorthodox.de\/wp-content\/uploads\/2024\/02\/Cat-de-marit-var.pdf\"><strong>C\u00e2t de m\u0103rit <\/strong><\/a>(pdf). <a href=\"https:\/\/www.bambergorthodox.de\/wp-content\/uploads\/2016\/12\/Cat-de-marit-var-1.mp3\">Sopran<\/a>, <a href=\"https:\/\/www.bambergorthodox.de\/wp-content\/uploads\/2016\/12\/Cat-de-marit-var-2.mp3\">alto<\/a>, <a href=\"https:\/\/www.bambergorthodox.de\/wp-content\/uploads\/2016\/12\/Cat-de-marit-var-3.mp3\">tenor<\/a>, <a href=\"https:\/\/www.bambergorthodox.de\/wp-content\/uploads\/2016\/12\/Cat-de-marit-var-4.mp3\">bas<\/a>, <a href=\"https:\/\/www.bambergorthodox.de\/wp-content\/uploads\/2016\/12\/Cat-de-marit-var.mp3\">cor<\/a>. <a href=\"https:\/\/www.bambergorthodox.de\/wp-content\/uploads\/2024\/02\/Cat-de-marit-var.zip\"> (ly)<\/a><br \/>\n<strong><a href=\"https:\/\/www.bambergorthodox.de\/wp-content\/uploads\/2025\/06\/CeBineFra-c.pdf\">Ce bine e c\u00e2nd fra\u021bii<\/a><\/strong>\u00a0(pdf). <a href=\"https:\/\/www.bambergorthodox.de\/wp-content\/uploads\/2025\/06\/CeBineFra-c-1.mp3\">Sopran<\/a>,\u00a0<a href=\"https:\/\/www.bambergorthodox.de\/wp-content\/uploads\/2025\/06\/CeBineFra-c-2.mp3\">alto<\/a>, <a href=\"https:\/\/www.bambergorthodox.de\/wp-content\/uploads\/2025\/06\/CeBineFra-c-3.mp3\">tenor<\/a>, <a href=\"https:\/\/www.bambergorthodox.de\/wp-content\/uploads\/2025\/06\/CeBineFra-c-4.mp3\">bas<\/a>, <a href=\"https:\/\/www.bambergorthodox.de\/wp-content\/uploads\/2025\/06\/CeBineFra-c.mp3\">cor<\/a>. <a href=\"https:\/\/www.bambergorthodox.de\/wp-content\/uploads\/2025\/06\/CeBineFra-c.zip\"> (ly)<\/a><br \/>\n<a href=\"https:\/\/www.bambergorthodox.de\/wp-content\/uploads\/2024\/02\/De-sus-din-cer-c.pdf\"><strong>De sus din cer <\/strong><\/a>(pdf). <a href=\"https:\/\/www.bambergorthodox.de\/wp-content\/uploads\/2017\/05\/De-sus-din-cer-1.mp3\">Sopran<\/a>, <a href=\"https:\/\/www.bambergorthodox.de\/wp-content\/uploads\/2017\/05\/De-sus-din-cer-2.mp3\">alto<\/a>, <a href=\"https:\/\/www.bambergorthodox.de\/wp-content\/uploads\/2024\/02\/De-sus-din-cer-c-3.mp3\">bas<\/a>, <a href=\"https:\/\/www.bambergorthodox.de\/wp-content\/uploads\/2024\/02\/De-sus-din-cer-c.mp3\">cor<\/a>. <a href=\"https:\/\/www.bambergorthodox.de\/wp-content\/uploads\/2024\/02\/De-sus-din-cer-c.zip\"> (ly)<\/a><br \/>\n<strong><a href=\"https:\/\/www.bambergorthodox.de\/wp-content\/uploads\/2024\/03\/DescMari.pdf\">Deschide\u021bi mari ale cerului por\u021bi<\/a><\/strong>\u00a0(pdf). <a href=\"https:\/\/www.bambergorthodox.de\/wp-content\/uploads\/2024\/03\/DescMari-1.mp3\">Sopran<\/a>,\u00a0<a href=\"https:\/\/www.bambergorthodox.de\/wp-content\/uploads\/2024\/03\/DescMari-2.mp3\">alto<\/a>, <a href=\"https:\/\/www.bambergorthodox.de\/wp-content\/uploads\/2024\/03\/DescMari-3.mp3\">tenor<\/a>, <a href=\"https:\/\/www.bambergorthodox.de\/wp-content\/uploads\/2024\/03\/DescMari-4.mp3\">bas<\/a>,\u00a0<a href=\"https:\/\/www.bambergorthodox.de\/wp-content\/uploads\/2024\/03\/DescMari.mp3\">cor<\/a>. <a href=\"https:\/\/www.bambergorthodox.de\/wp-content\/uploads\/2024\/03\/DescMari.zip\"> (ly)<\/a><br \/>\n<a href=\"https:\/\/www.bambergorthodox.de\/wp-content\/uploads\/2025\/06\/Din-morm.pdf\"><strong>Din morm\u00e2ntu-ntunecat <\/strong><\/a>(pdf). <a href=\"https:\/\/www.bambergorthodox.de\/wp-content\/uploads\/2025\/06\/Din-morm-1.mp3\">Sopran<\/a>,\u00a0<a href=\"https:\/\/www.bambergorthodox.de\/wp-content\/uploads\/2025\/06\/Din-morm-2.mp3\">alto<\/a>, <a href=\"https:\/\/www.bambergorthodox.de\/wp-content\/uploads\/2025\/06\/Din-morm-3.mp3\">tenor<\/a>, <a href=\"https:\/\/www.bambergorthodox.de\/wp-content\/uploads\/2025\/06\/Din-morm-4.mp3\">bas<\/a>,\u00a0<a href=\"https:\/\/www.bambergorthodox.de\/wp-content\/uploads\/2025\/06\/Din-morm.mp3\">cor<\/a>. <a href=\"https:\/\/www.bambergorthodox.de\/wp-content\/uploads\/2025\/06\/Din-morm.zip\"> (ly)<\/a><br \/>\n<a href=\"https:\/\/www.bambergorthodox.de\/wp-content\/uploads\/2025\/06\/Din-tine-i-pa.pdf\"><strong>Din tine-i pacea dulce <\/strong><\/a>(pdf). <a href=\"https:\/\/www.bambergorthodox.de\/wp-content\/uploads\/2024\/02\/Din-tine-i-pa-1.mp3\">Sopran<\/a>, <a href=\"https:\/\/www.bambergorthodox.de\/wp-content\/uploads\/2024\/02\/Din-tine-i-pa-2.mp3\">alto<\/a>, <a href=\"https:\/\/www.bambergorthodox.de\/wp-content\/uploads\/2025\/06\/Din-tine-i-pa-3.mp3\">tenor<\/a>, <a href=\"https:\/\/www.bambergorthodox.de\/wp-content\/uploads\/2025\/06\/Din-tine-i-pa-4.mp3\">bas<\/a>,\u00a0<a href=\"https:\/\/www.bambergorthodox.de\/wp-content\/uploads\/2025\/06\/Din-tine-i-pa.mp3\">cor<\/a>. <a href=\"https:\/\/www.bambergorthodox.de\/wp-content\/uploads\/2025\/06\/Din-tine-i-pa.zip\"> (ly)<\/a><br \/>\n<a href=\"https:\/\/www.bambergorthodox.de\/wp-content\/uploads\/2024\/02\/Doamne-buzele-mele-c.pdf\"><strong>Doamne, buzele mele <\/strong><\/a>(pdf). <a href=\"https:\/\/www.bambergorthodox.de\/wp-content\/uploads\/2024\/02\/Doamne-buzele-mele-c-1.mp3\">Sopran<\/a>, <a href=\"https:\/\/www.bambergorthodox.de\/wp-content\/uploads\/2024\/02\/Doamne-buzele-mele-c-2.mp3\">alto<\/a>, <a href=\"https:\/\/www.bambergorthodox.de\/wp-content\/uploads\/2024\/02\/Doamne-buzele-mele-c-3.mp3\">bariton<\/a>, <a href=\"https:\/\/www.bambergorthodox.de\/wp-content\/uploads\/2024\/02\/Doamne-buzele-mele-c.mp3\">cor<\/a>. <a href=\"https:\/\/www.bambergorthodox.de\/wp-content\/uploads\/2024\/02\/Doamne-buzele-mele-c.zip\"> (ly)<\/a><br \/>\n<a href=\"https:\/\/www.bambergorthodox.de\/wp-content\/uploads\/2024\/02\/EuSuntInv.pdf\"><strong>Eu sunt \u00cenvierea <\/strong><\/a>(pdf). <a href=\"https:\/\/www.bambergorthodox.de\/wp-content\/uploads\/2024\/02\/EuSuntInv-1.mp3\">Sopran<\/a>, <a href=\"https:\/\/www.bambergorthodox.de\/wp-content\/uploads\/2024\/02\/EuSuntInv-2.mp3\">alto<\/a>, <a href=\"https:\/\/www.bambergorthodox.de\/wp-content\/uploads\/2024\/02\/EuSuntInv-3.mp3\">tenor<\/a>, <a href=\"https:\/\/www.bambergorthodox.de\/wp-content\/uploads\/2024\/02\/EuSuntInv-4.mp3\">bas<\/a>, <a href=\"https:\/\/www.bambergorthodox.de\/wp-content\/uploads\/2024\/02\/EuSuntInv.mp3\">cor<\/a>. <a href=\"https:\/\/www.bambergorthodox.de\/wp-content\/uploads\/2024\/02\/EuSuntInv.zip\"> (ly)<\/a><br \/>\n<a href=\"https:\/\/www.bambergorthodox.de\/wp-content\/uploads\/2025\/07\/FieMarit.pdf\"><strong>Fie m\u0103rit \u00een veci <\/strong><\/a>(pdf). <a href=\"https:\/\/www.bambergorthodox.de\/wp-content\/uploads\/2024\/02\/FieMarit-1.mp3\">Sopran<\/a>, <a href=\"https:\/\/www.bambergorthodox.de\/wp-content\/uploads\/2024\/02\/FieMarit-2.mp3\">alto<\/a>, <a href=\"https:\/\/www.bambergorthodox.de\/wp-content\/uploads\/2025\/07\/FieMarit-3.mp3\">tenor<\/a>, <a href=\"https:\/\/www.bambergorthodox.de\/wp-content\/uploads\/2025\/07\/FieMarit-4.mp3\">bas<\/a>,\u00a0<a href=\"https:\/\/www.bambergorthodox.de\/wp-content\/uploads\/2025\/07\/FieMarit.mp3\">cor<\/a>. <a href=\"https:\/\/www.bambergorthodox.de\/wp-content\/uploads\/2025\/07\/FieMarit.zip\"> (ly)<\/a><br \/>\n<a href=\"https:\/\/www.bambergorthodox.de\/wp-content\/uploads\/2025\/04\/Ferice-zi.pdf\"><strong>Ferice zi <\/strong><\/a>(pdf). <a href=\"https:\/\/www.bambergorthodox.de\/wp-content\/uploads\/2025\/04\/Ferice-zi-1.mp3\">Sopran<\/a>, <a href=\"https:\/\/www.bambergorthodox.de\/wp-content\/uploads\/2025\/04\/Ferice-zi-2.mp3\">alto<\/a>, <a href=\"https:\/\/www.bambergorthodox.de\/wp-content\/uploads\/2025\/04\/Ferice-zi-3.mp3\">tenor<\/a>, <a href=\"https:\/\/www.bambergorthodox.de\/wp-content\/uploads\/2025\/04\/Ferice-zi-4.mp3\">bas<\/a>, <a href=\"https:\/\/www.bambergorthodox.de\/wp-content\/uploads\/2025\/04\/Ferice-zi.mp3\">cor<\/a>. <a href=\"https:\/\/www.bambergorthodox.de\/wp-content\/uploads\/2025\/04\/Ferice-zi.zip\"> (ly)<\/a><br \/>\n<a href=\"https:\/\/www.bambergorthodox.de\/wp-content\/uploads\/2025\/07\/Iarta-ma.pdf\"><strong>Iart\u0103-m\u0103, Dumnezeule <\/strong><\/a>(pdf). <a href=\"https:\/\/www.bambergorthodox.de\/wp-content\/uploads\/2024\/11\/Iarta-ma-1.mp3\">Sopran<\/a>, <a href=\"https:\/\/www.bambergorthodox.de\/wp-content\/uploads\/2024\/11\/Iarta-ma-2.mp3\">alto<\/a>, <a href=\"https:\/\/www.bambergorthodox.de\/wp-content\/uploads\/2025\/07\/Iarta-ma-3.mp3\">tenor<\/a>, <a href=\"https:\/\/www.bambergorthodox.de\/wp-content\/uploads\/2025\/07\/Iarta-ma-4.mp3\">bas<\/a>, <a href=\"https:\/\/www.bambergorthodox.de\/wp-content\/uploads\/2025\/07\/Iarta-ma.mp3\">cor<\/a>. <a href=\"https:\/\/www.bambergorthodox.de\/wp-content\/uploads\/2025\/07\/Iarta-ma.zip\"> (ly)<\/a><br \/>\n<a href=\"https:\/\/www.bambergorthodox.de\/wp-content\/uploads\/2025\/07\/In-Noap-Inv.pdf\"><strong>\u00cen noaptea \u00cenvierii <\/strong><\/a>(pdf). <a href=\"https:\/\/www.bambergorthodox.de\/wp-content\/uploads\/2024\/04\/In-Noap-Inv-1.mp3\">Sopran<\/a>, <a href=\"https:\/\/www.bambergorthodox.de\/wp-content\/uploads\/2024\/04\/In-Noap-Inv-2.mp3\">alto<\/a>, <a href=\"https:\/\/www.bambergorthodox.de\/wp-content\/uploads\/2025\/07\/In-Noap-Inv-3.mp3\">tenor<\/a>, <a href=\"https:\/\/www.bambergorthodox.de\/wp-content\/uploads\/2025\/07\/In-Noap-Inv-4.mp3\">bas<\/a>,\u00a0<a href=\"https:\/\/www.bambergorthodox.de\/wp-content\/uploads\/2025\/07\/In-Noap-Inv.mp3\">cor<\/a>. <a href=\"https:\/\/www.bambergorthodox.de\/wp-content\/uploads\/2025\/07\/In-Noap-Inv.zip\"> (ly)<\/a><br \/>\n<a href=\"https:\/\/www.bambergorthodox.de\/wp-content\/uploads\/2017\/03\/Innoieste-2v.pdf\"><strong>\u00cennoie\u0219te-te, noule Ierusalime <\/strong><\/a>(pdf). <a href=\"https:\/\/www.bambergorthodox.de\/wp-content\/uploads\/2017\/03\/Innoieste-2v-1.mp3\">Sopran<\/a>, <a href=\"https:\/\/www.bambergorthodox.de\/wp-content\/uploads\/2017\/03\/Innoieste-2v-2.mp3\">bariton<\/a>, <a href=\"https:\/\/www.bambergorthodox.de\/wp-content\/uploads\/2017\/03\/Innoieste-2v.mp3\">cor<\/a>. <a href=\"https:\/\/www.bambergorthodox.de\/wp-content\/uploads\/2017\/03\/Innoieste-2v.zip\"> (ly)<\/a><br \/>\n<a href=\"https:\/\/www.bambergorthodox.de\/wp-content\/uploads\/2025\/07\/ItiMultamD.pdf\"><strong>\u00ce\u021bi mul\u021bumesc, Doamne <\/strong><\/a>(pdf). <a href=\"https:\/\/www.bambergorthodox.de\/wp-content\/uploads\/2024\/02\/ItiMultamD-1.mp3\">Sopran<\/a>, <a href=\"https:\/\/www.bambergorthodox.de\/wp-content\/uploads\/2024\/02\/ItiMultamD-2.mp3\">alto<\/a>, <a href=\"https:\/\/www.bambergorthodox.de\/wp-content\/uploads\/2025\/07\/ItiMultamD-3.mp3\">tenor<\/a>, <a href=\"https:\/\/www.bambergorthodox.de\/wp-content\/uploads\/2025\/07\/ItiMultamD-4.mp3\">bas<\/a>,\u00a0<a href=\"https:\/\/www.bambergorthodox.de\/wp-content\/uploads\/2025\/07\/ItiMultamD.mp3\">cor<\/a>. <a href=\"https:\/\/www.bambergorthodox.de\/wp-content\/uploads\/2025\/07\/ItiMultamD.zip\">(ly)<\/a><br \/>\n<a href=\"https:\/\/www.bambergorthodox.de\/wp-content\/uploads\/2025\/07\/Mai-langa-c.pdf\"><strong>Mai l\u00e2ng\u0103 Tronul T\u0103u <\/strong><\/a>(pdf). <a href=\"https:\/\/www.bambergorthodox.de\/wp-content\/uploads\/2024\/02\/Mai-langa-c-1.mp3\">Sopran<\/a>, <a href=\"https:\/\/www.bambergorthodox.de\/wp-content\/uploads\/2024\/02\/Mai-langa-c-2.mp3\">alto<\/a>, <a href=\"https:\/\/www.bambergorthodox.de\/wp-content\/uploads\/2025\/07\/Mai-langa-c-3.mp3\">tenor<\/a>, <a href=\"https:\/\/www.bambergorthodox.de\/wp-content\/uploads\/2025\/07\/Mai-langa-c-4.mp3\">bas<\/a>,\u00a0<a href=\"https:\/\/www.bambergorthodox.de\/wp-content\/uploads\/2025\/07\/Mai-langa-c.mp3\">cor<\/a>. <a href=\"https:\/\/www.bambergorthodox.de\/wp-content\/uploads\/2025\/07\/Mai-langa-c.zip\"> (ly)<\/a><br \/>\n<a href=\"https:\/\/www.bambergorthodox.de\/wp-content\/uploads\/2024\/02\/MaicaCer.pdf\"><strong>Maica Cerului <\/strong><\/a>(pdf). <a href=\"https:\/\/www.bambergorthodox.de\/wp-content\/uploads\/2024\/02\/MaicaCer-1.mp3\">Sopran<\/a>, <a href=\"https:\/\/www.bambergorthodox.de\/wp-content\/uploads\/2024\/02\/MaicaCer-2.mp3\">alto<\/a>, <a href=\"https:\/\/www.bambergorthodox.de\/wp-content\/uploads\/2024\/02\/MaicaCer.mp3\">cor<\/a>. <a href=\"https:\/\/www.bambergorthodox.de\/wp-content\/uploads\/2024\/02\/MaicaCer.zip\"> (ly)<\/a><br \/>\n<a href=\"https:\/\/www.bambergorthodox.de\/wp-content\/uploads\/2024\/02\/Nadejdea-mea.pdf\"><strong>N\u0103dejdea mea <\/strong><\/a>(pdf). <a href=\"https:\/\/www.bambergorthodox.de\/wp-content\/uploads\/2024\/02\/Nadejdea-mea-1.mp3\">Sopran<\/a>, <a href=\"https:\/\/www.bambergorthodox.de\/wp-content\/uploads\/2024\/02\/Nadejdea-mea-2.mp3\">alto<\/a>, <a href=\"https:\/\/www.bambergorthodox.de\/wp-content\/uploads\/2024\/02\/Nadejdea-mea-3.mp3\">tenor<\/a>, <a href=\"https:\/\/www.bambergorthodox.de\/wp-content\/uploads\/2024\/02\/Nadejdea-mea-4.mp3\">bas<\/a>, <a href=\"https:\/\/www.bambergorthodox.de\/wp-content\/uploads\/2024\/02\/Nadejdea-mea-mp3\">cor<\/a>. <a href=\"https:\/\/www.bambergorthodox.de\/wp-content\/uploads\/2024\/02\/Nadejdea-mea.zip\"> (ly)<\/a><br \/>\n<a href=\"https:\/\/www.bambergorthodox.de\/wp-content\/uploads\/2025\/07\/O-Frunte-nsangerata-c.pdf\"><strong>O, frunte-ns\u00e2ngerat\u0103 (J. S. Bach) <\/strong><\/a>(pdf). <a href=\"https:\/\/www.bambergorthodox.de\/wp-content\/uploads\/2016\/12\/O-Frunte-nsangerata-1.mp3\">Sopran<\/a>, <a href=\"https:\/\/www.bambergorthodox.de\/wp-content\/uploads\/2016\/12\/O-Frunte-nsangerata-2.mp3\">alto<\/a>, <a href=\"https:\/\/www.bambergorthodox.de\/wp-content\/uploads\/2025\/07\/O-Frunte-nsangerata-c-3.mp3\">tenor<\/a>, <a href=\"https:\/\/www.bambergorthodox.de\/wp-content\/uploads\/2025\/07\/O-Frunte-nsangerata-c-4.mp3\">bas<\/a>, <a href=\"https:\/\/www.bambergorthodox.de\/wp-content\/uploads\/2025\/07\/O-Frunte-nsangerata-c.mp3\">cor<\/a>. <a href=\"https:\/\/www.bambergorthodox.de\/wp-content\/uploads\/2025\/07\/O-Frunte-nsangerata-c.zip\"> (ly)<\/a><br \/>\n<a href=\"https:\/\/www.bambergorthodox.de\/wp-content\/uploads\/2024\/03\/Pe-Domnul-laudati-L.pdf\"><strong>Pe Domnul l\u0103uda\u021bi-L <\/strong><\/a>(pdf). <a href=\"https:\/\/www.bambergorthodox.de\/wp-content\/uploads\/2017\/10\/Pe-Domnul-laudati-L-1.mp3\">Sopran<\/a>, <a href=\"https:\/\/www.bambergorthodox.de\/wp-content\/uploads\/2017\/10\/Pe-Domnul-laudati-L-2.mp3\">alto<\/a>, <a href=\"https:\/\/www.bambergorthodox.de\/wp-content\/uploads\/2017\/10\/Pe-Domnul-laudati-L-3.mp3\">tenor<\/a>, <a href=\"https:\/\/www.bambergorthodox.de\/wp-content\/uploads\/2017\/10\/Pe-Domnul-laudati-L-4.mp3\">bas<\/a>, <a href=\"https:\/\/www.bambergorthodox.de\/wp-content\/uploads\/2017\/10\/Pe-Domnul-laudati-L.mp3\">cor<\/a>. <a href=\"https:\/\/www.bambergorthodox.de\/wp-content\/uploads\/2024\/03\/Pe-Domnul-laudati-L.zip\"> (ly)<\/a><br \/>\n<a href=\"https:\/\/www.bambergorthodox.de\/wp-content\/uploads\/2024\/03\/Pentru-Tine-Doamne.pdf\"><strong>Pentru Tine, Doamne <\/strong><\/a>(pdf). <a href=\"https:\/\/www.bambergorthodox.de\/wp-content\/uploads\/2016\/12\/Pentru-Tine-Doamne-1.mp3\">Sopran<\/a>, <a href=\"https:\/\/www.bambergorthodox.de\/wp-content\/uploads\/2016\/12\/Pentru-Tine-Doamne-2.mp3\">alto<\/a>, <a href=\"https:\/\/www.bambergorthodox.de\/wp-content\/uploads\/2016\/12\/Pentru-Tine-Doamne-3.mp3\">tenor<\/a>, <a href=\"https:\/\/www.bambergorthodox.de\/wp-content\/uploads\/2016\/12\/Pentru-Tine-Doamne-4.mp3\">bas<\/a>, <a href=\"https:\/\/www.bambergorthodox.de\/wp-content\/uploads\/2016\/12\/Pentru-Tine-Doamne.mp3\">cor<\/a>. <a href=\"https:\/\/www.bambergorthodox.de\/wp-content\/uploads\/2024\/03\/Pentru-Tine-Doamne.zip\"> (ly)<\/a><br \/>\n<a href=\"https:\/\/www.bambergorthodox.de\/wp-content\/uploads\/2025\/07\/PreaSfantaMaica.pdf\"><strong>Preasf\u00e2nt\u0103 Maic\u0103 \u0219i Fecioar\u0103 <\/strong><\/a>(pdf). <a href=\"https:\/\/www.bambergorthodox.de\/wp-content\/uploads\/2024\/02\/PreaSfantaMaica-1.mp3\">Sopran<\/a>, <a href=\"https:\/\/www.bambergorthodox.de\/wp-content\/uploads\/2024\/02\/PreaSfantaMaica-2.mp3\">alto<\/a>, <a href=\"https:\/\/www.bambergorthodox.de\/wp-content\/uploads\/2025\/07\/PreaSfantaMaica-3.mp3\">tenor<\/a>, <a href=\"https:\/\/www.bambergorthodox.de\/wp-content\/uploads\/2025\/07\/PreaSfantaMaica-4.mp3\">bas<\/a>,\u00a0<a href=\"https:\/\/www.bambergorthodox.de\/wp-content\/uploads\/2025\/07\/PreaSfantaMaica.mp3\">cor<\/a>. <a href=\"https:\/\/www.bambergorthodox.de\/wp-content\/uploads\/2025\/07\/PreaSfantaMaica.zip\"> (ly)<\/a><br \/>\n<a href=\"https:\/\/www.bambergorthodox.de\/wp-content\/uploads\/2017\/05\/Preasfanta-Nascatoare.pdf\"><strong>Preasf\u00e2nt\u0103 N\u0103sc\u0103toare a Domnului Hristos <\/strong><\/a>(pdf). <a href=\"https:\/\/www.bambergorthodox.de\/wp-content\/uploads\/2017\/05\/Preasfanta-Nascatoare-1.mp3\">Sopran<\/a>, <a href=\"https:\/\/www.bambergorthodox.de\/wp-content\/uploads\/2017\/05\/Preasfanta-Nascatoare-2.mp3\">alto<\/a>, <a href=\"https:\/\/www.bambergorthodox.de\/wp-content\/uploads\/2017\/05\/Preasfanta-Nascatoare-3.mp3\">tenor<\/a>, <a href=\"https:\/\/www.bambergorthodox.de\/wp-content\/uploads\/2017\/05\/Preasfanta-Nascatoare-4.mp3\">bas<\/a>, <a href=\"https:\/\/www.bambergorthodox.de\/wp-content\/uploads\/2017\/05\/Preasfanta-Nascatoare.mp3\">cor<\/a>. <a href=\"https:\/\/www.bambergorthodox.de\/wp-content\/uploads\/2017\/05\/Preasfanta-Nascatoare.zip\"> (ly)<\/a><br \/>\n<a href=\"https:\/\/www.bambergorthodox.de\/wp-content\/uploads\/2024\/02\/Ps50-3v.pdf\"><strong>Psalmul 50 <\/strong><\/a>(pdf). <a href=\"https:\/\/www.bambergorthodox.de\/wp-content\/uploads\/2024\/02\/Ps50-2v-1.mp3\">Sopran<\/a>, <a href=\"https:\/\/www.bambergorthodox.de\/wp-content\/uploads\/2024\/02\/Ps50-3v-2.mp3\">alto<\/a>, <a href=\"https:\/\/www.bambergorthodox.de\/wp-content\/uploads\/2024\/02\/Ps50-2v-2.mp3\">bariton<\/a>, <a href=\"https:\/\/bamberg.emester.com\/wp-content\/uploads\/2019\/04\/Ps50-3v.mp3\">cor<\/a>. <a href=\"https:\/\/www.bambergorthodox.de\/wp-content\/uploads\/2024\/02\/Ps50-3v.zip\"> (ly)<\/a><br \/>\n<a href=\"https:\/\/www.bambergorthodox.de\/wp-content\/uploads\/2025\/07\/RasaiAsupraMea.pdf\"><strong>R\u0103sai asupra mea <\/strong><\/a>(pdf). <a href=\"https:\/\/www.bambergorthodox.de\/wp-content\/uploads\/2024\/02\/RasaiAsupraMea-1.mp3\">Sopran<\/a>, <a href=\"https:\/\/www.bambergorthodox.de\/wp-content\/uploads\/2024\/02\/RasaiAsupraMea-2.mp3\">alto<\/a>, <a href=\"https:\/\/www.bambergorthodox.de\/wp-content\/uploads\/2025\/07\/RasaiAsupraMea-3.mp3\">tenor<\/a>, <a href=\"https:\/\/www.bambergorthodox.de\/wp-content\/uploads\/2025\/07\/RasaiAsupraMea-4.mp3\">bas<\/a>,\u00a0<a href=\"https:\/\/www.bambergorthodox.de\/wp-content\/uploads\/2025\/07\/RasaiAsupraMea.mp3\">cor<\/a>. <a href=\"https:\/\/www.bambergorthodox.de\/wp-content\/uploads\/2025\/07\/RasaiAsupraMea.zip\"> (ly)<\/a><br \/>\n<a href=\"https:\/\/www.bambergorthodox.de\/wp-content\/uploads\/2018\/01\/Ridica-voi-c.pdf\"><strong>Ridica-voi ochii mei <\/strong><\/a>(pdf). <a href=\"https:\/\/www.bambergorthodox.de\/wp-content\/uploads\/2017\/06\/Ridica-voi-c-1.mp3\">Sopran<\/a>, <a href=\"https:\/\/www.bambergorthodox.de\/wp-content\/uploads\/2017\/06\/Ridica-voi-c-2.mp3\">alto<\/a>, <a href=\"https:\/\/www.bambergorthodox.de\/wp-content\/uploads\/2017\/06\/Ridica-voi-c-3.mp3\">tenor<\/a>, <a href=\"https:\/\/www.bambergorthodox.de\/wp-content\/uploads\/2017\/06\/Ridica-voi-c-4.mp3\">bas<\/a>, <a href=\"https:\/\/www.bambergorthodox.de\/wp-content\/uploads\/2018\/01\/Ridica-voi-c.mp3\">cor<\/a>. <a href=\"https:\/\/www.bambergorthodox.de\/wp-content\/uploads\/2017\/06\/Ridica-voi-c.zip\"> (ly)<\/a><br \/>\n<a href=\"https:\/\/www.bambergorthodox.de\/wp-content\/uploads\/2016\/11\/Rugaciune-var.pdf\"><strong>Rug\u0103ciune (variant\u0103 dup\u0103 M. Eminescu) <\/strong><\/a>(pdf). <a href=\"https:\/\/www.bambergorthodox.de\/wp-content\/uploads\/2016\/11\/Rugaciune-var-1.mp3\">Sopran<\/a>, <a href=\"https:\/\/www.bambergorthodox.de\/wp-content\/uploads\/2016\/11\/Rugaciune-var-2.mp3\">alto<\/a>, <a href=\"https:\/\/www.bambergorthodox.de\/wp-content\/uploads\/2016\/11\/Rugaciune-var-3.mp3\">tenor<\/a>, <a href=\"https:\/\/www.bambergorthodox.de\/wp-content\/uploads\/2016\/11\/Rugaciune-var-4.mp3\">bas<\/a>, <a href=\"https:\/\/www.bambergorthodox.de\/wp-content\/uploads\/2016\/11\/Rugaciune-var.mp3\">cor<\/a>. <a href=\"https:\/\/www.bambergorthodox.de\/wp-content\/uploads\/2016\/11\/Rugaciune-var.zip\"> (ly)<\/a><br \/>\n<a href=\"https:\/\/www.bambergorthodox.de\/wp-content\/uploads\/2025\/07\/Ruga-Dragu-c.pdf\"><strong>Rug\u0103ciune &#8211; C. Dr\u0103gu\u0219in <\/strong><\/a>(pdf). <a href=\"https:\/\/www.bambergorthodox.de\/wp-content\/uploads\/2024\/02\/Ruga-Dragu-c-1.mp3\">Sopran<\/a>, <a href=\"https:\/\/www.bambergorthodox.de\/wp-content\/uploads\/2024\/02\/Ruga-Dragu-c-2.mp3\">alto<\/a>, <a href=\"https:\/\/www.bambergorthodox.de\/wp-content\/uploads\/2025\/07\/Ruga-Dragu-c-3.mp3\">tenor<\/a>, <a href=\"https:\/\/www.bambergorthodox.de\/wp-content\/uploads\/2025\/07\/Ruga-Dragu-c-4.mp3\">bas<\/a>, <a href=\"https:\/\/www.bambergorthodox.de\/wp-content\/uploads\/2025\/07\/Ruga-Dragu-c.mp3\">cor<\/a>. <a href=\"https:\/\/www.bambergorthodox.de\/wp-content\/uploads\/2025\/07\/Ruga-Dragu-c.zip\"> (ly)<\/a><br \/>\n<a href=\"https:\/\/www.bambergorthodox.de\/wp-content\/uploads\/2025\/07\/Ruga-Pasa.pdf\"><strong>Rug\u0103ciune &#8211; I. Popescu-Pas\u0103rea <\/strong><\/a>(pdf). <a href=\"https:\/\/www.bambergorthodox.de\/wp-content\/uploads\/2024\/02\/Ruga-Pasa-1.mp3\">Sopran<\/a>, <a href=\"https:\/\/www.bambergorthodox.de\/wp-content\/uploads\/2024\/02\/Ruga-Pasa-2.mp3\">alto<\/a>, <a href=\"https:\/\/www.bambergorthodox.de\/wp-content\/uploads\/2025\/07\/Ruga-Pasa-3.mp3\">tenor<\/a>, <a href=\"https:\/\/www.bambergorthodox.de\/wp-content\/uploads\/2025\/07\/Ruga-Pasa-4.mp3\">bas<\/a>,\u00a0<a href=\"https:\/\/www.bambergorthodox.de\/wp-content\/uploads\/2025\/07\/Ruga-Pasa.mp3\">cor<\/a>. <a href=\"https:\/\/www.bambergorthodox.de\/wp-content\/uploads\/2025\/07\/Ruga-Pasa.zip\"> (ly)<\/a><br \/>\n<a href=\"https:\/\/www.bambergorthodox.de\/wp-content\/uploads\/2025\/07\/Sa-faci-o-Iisuse.pdf\"><strong>S\u0103 faci, o, Iisuse <\/strong><\/a>(pdf). <a href=\"https:\/\/www.bambergorthodox.de\/wp-content\/uploads\/2024\/02\/Sa-faci-o-Iisuse-1.mp3\">Sopran<\/a>, <a href=\"https:\/\/www.bambergorthodox.de\/wp-content\/uploads\/2024\/02\/Sa-faci-o-Iisuse-2.mp3\">alto<\/a>, <a href=\"https:\/\/www.bambergorthodox.de\/wp-content\/uploads\/2025\/07\/Sa-faci-o-Iisuse-3.mp3\">tenor<\/a>, <a href=\"https:\/\/www.bambergorthodox.de\/wp-content\/uploads\/2025\/07\/Sa-faci-o-Iisuse-4.mp3\">bas<\/a>, <a href=\"https:\/\/www.bambergorthodox.de\/wp-content\/uploads\/2025\/07\/Sa-faci-o-Iisuse.mp3\">cor<\/a>. <a href=\"https:\/\/www.bambergorthodox.de\/wp-content\/uploads\/2025\/07\/Sa-faci-o-Iisuse.zip\"> (ly)<\/a><br \/>\n<a href=\"https:\/\/www.bambergorthodox.de\/wp-content\/uploads\/2017\/03\/Sfaramand-2v.pdf\"><strong>Sf\u0103r\u00e2m\u00e2nd por\u021bile iadului <\/strong><\/a>(pdf). <a href=\"https:\/\/www.bambergorthodox.de\/wp-content\/uploads\/2017\/03\/Sfaramand-2v-1.mp3\">Sopran<\/a>, <a href=\"https:\/\/www.bambergorthodox.de\/wp-content\/uploads\/2017\/03\/Sfaramand-2v-2.mp3\">bariton<\/a>, <a href=\"https:\/\/www.bambergorthodox.de\/wp-content\/uploads\/2017\/03\/Sfaramand-2v.mp3\">cor<\/a>. <a href=\"https:\/\/www.bambergorthodox.de\/wp-content\/uploads\/2017\/03\/Sfaramand-2v.zip\"> (ly)<\/a><br \/>\n<strong><a title=\"Sf\u00e2nt\u0103 Treime\" href=\"https:\/\/www.bambergorthodox.de\/wp-content\/uploads\/2025\/05\/Sf-Treime.pdf\">Sf\u00e2nt\u0103 Treime din Ceruri (Alta Trinit\u00e0 beata)<\/a>\u00a0<\/strong>(pdf). <a href=\"https:\/\/www.bambergorthodox.de\/wp-content\/uploads\/2025\/05\/Sf-Treime-1.mp3\">Sopran<\/a>, <a href=\"https:\/\/www.bambergorthodox.de\/wp-content\/uploads\/2025\/05\/Sf-Treime-2.mp3\">alto<\/a>, <a href=\"https:\/\/www.bambergorthodox.de\/wp-content\/uploads\/2025\/05\/Sf-Treime-3.mp3\">tenor<\/a>, <a href=\"https:\/\/www.bambergorthodox.de\/wp-content\/uploads\/2025\/05\/Sf-Treime-4.mp3\">bas<\/a>, <a href=\"https:\/\/www.bambergorthodox.de\/wp-content\/uploads\/2025\/05\/Sf-Treime.mp3\">cor<\/a>. <a href=\"https:\/\/www.bambergorthodox.de\/wp-content\/uploads\/2025\/05\/Sf-Treime.zip\"> (ly)<\/a><br \/>\n<a href=\"https:\/\/www.bambergorthodox.de\/wp-content\/uploads\/2025\/07\/Veniti-norii.pdf\"><strong>Veni\u021bi norii de mul\u021bime <\/strong><\/a>(pdf). <a href=\"https:\/\/www.bambergorthodox.de\/wp-content\/uploads\/2024\/02\/Veniti-norii-1.mp3\">Sopran<\/a>, <a href=\"https:\/\/www.bambergorthodox.de\/wp-content\/uploads\/2024\/02\/Veniti-norii-2.mp3\">alto<\/a>, <a href=\"https:\/\/www.bambergorthodox.de\/wp-content\/uploads\/2025\/07\/Veniti-norii-3.mp3\">tenor<\/a>, <a href=\"https:\/\/www.bambergorthodox.de\/wp-content\/uploads\/2025\/07\/Veniti-norii-4.mp3\">bas<\/a>,\u00a0<a href=\"https:\/\/www.bambergorthodox.de\/wp-content\/uploads\/2025\/07\/Veniti-norii.mp3\">cor<\/a>. <a href=\"https:\/\/www.bambergorthodox.de\/wp-content\/uploads\/2025\/07\/Veniti-norii.zip\"> (ly)<\/a><\/p>\n<p>Colinde:<br \/>\n<a href=\"https:\/\/www.bambergorthodox.de\/wp-content\/uploads\/2024\/02\/Domn-sa.pdf\"><strong>Am plecat s\u0103 colind\u0103m <\/strong><\/a>(pdf). <a href=\"https:\/\/www.bambergorthodox.de\/wp-content\/uploads\/2017\/09\/Domn-sa-1.mp3\">Sopran<\/a>, <a href=\"https:\/\/www.bambergorthodox.de\/wp-content\/uploads\/2017\/09\/Domn-sa-2.mp3\">alto<\/a>, <a href=\"https:\/\/www.bambergorthodox.de\/wp-content\/uploads\/2017\/09\/Domn-sa-3.mp3\">bariton<\/a>, <a href=\"https:\/\/www.bambergorthodox.de\/wp-content\/uploads\/2017\/09\/Domn-sa.mp3\">cor<\/a>. <a href=\"https:\/\/www.bambergorthodox.de\/wp-content\/uploads\/2024\/02\/Domn-sa.zip\"> (ly)<\/a><br \/>\n<a href=\"https:\/\/www.bambergorthodox.de\/wp-content\/uploads\/2024\/02\/Astazi-s-a-n.pdf\"><strong>Ast\u0103zi s-a n\u0103scut Hristos <\/strong><\/a>(pdf). <a href=\"https:\/\/www.bambergorthodox.de\/wp-content\/uploads\/2017\/10\/Astazi-s-a-n-1.mp3\">Sopran<\/a>, <a href=\"https:\/\/www.bambergorthodox.de\/wp-content\/uploads\/2017\/10\/Astazi-s-a-n-2.mp3\">alto<\/a>, <a href=\"https:\/\/www.bambergorthodox.de\/wp-content\/uploads\/2017\/10\/Astazi-s-a-n-3.mp3\">tenor<\/a>, <a href=\"https:\/\/www.bambergorthodox.de\/wp-content\/uploads\/2017\/10\/Astazi-s-a-n-4.mp3\">bas<\/a>, <a href=\"https:\/\/www.bambergorthodox.de\/wp-content\/uploads\/2017\/10\/Astazi-s-a-n.mp3\">cor<\/a>. <a href=\"https:\/\/www.bambergorthodox.de\/wp-content\/uploads\/2024\/02\/Astazi-s-a-n.zip\"> (ly)<\/a><br \/>\n<a href=\"https:\/\/www.bambergorthodox.de\/wp-content\/uploads\/2024\/02\/Buna-dimineata.pdf\"><strong>Bun\u0103 diminea\u021ba la Mo\u0219 Ajun <\/strong><\/a>(pdf). <a href=\"https:\/\/www.bambergorthodox.de\/wp-content\/uploads\/2017\/09\/Buna-dimineata-1.mp3\">Sopran<\/a>, <a href=\"https:\/\/www.bambergorthodox.de\/wp-content\/uploads\/2017\/09\/Buna-dimineata-2.mp3\">alto<\/a>, <a href=\"https:\/\/www.bambergorthodox.de\/wp-content\/uploads\/2017\/09\/Buna-dimineata-3.mp3\">tenor<\/a>, <a href=\"https:\/\/www.bambergorthodox.de\/wp-content\/uploads\/2017\/09\/Buna-dimineata-4.mp3\">bas<\/a>, <a href=\"https:\/\/www.bambergorthodox.de\/wp-content\/uploads\/2017\/09\/Buna-dimineata.mp3\">cor<\/a>. <a href=\"https:\/\/www.bambergorthodox.de\/wp-content\/uploads\/2024\/02\/Buna-dimineata.zip\"> (ly)<\/a><br \/>\n<a href=\"https:\/\/www.bambergorthodox.de\/wp-content\/uploads\/2026\/01\/Colidam-iarna.pdf\"><strong>Colind\u0103m iarna <\/strong><\/a>(pdf). <a href=\"https:\/\/www.bambergorthodox.de\/wp-content\/uploads\/2026\/01\/Colidam-iarna-1.mp3\">Sopran<\/a>, <a href=\"https:\/\/www.bambergorthodox.de\/wp-content\/uploads\/2026\/01\/Colidam-iarna-2.mp3\">alto<\/a>, <a href=\"https:\/\/www.bambergorthodox.de\/wp-content\/uploads\/2026\/01\/Colidam-iarna-3.mp3\">tenor<\/a>, <a href=\"https:\/\/www.bambergorthodox.de\/wp-content\/uploads\/2026\/01\/Colidam-iarna-4.mp3\">bas<\/a>, <a href=\"https:\/\/www.bambergorthodox.de\/wp-content\/uploads\/2026\/01\/Colidam-iarna.mp3\">cor<\/a>. <a href=\"https:\/\/www.bambergorthodox.de\/wp-content\/uploads\/2026\/01\/Colidam-iarna.zip\"> (ly)<\/a><br \/>\n<a href=\"https:\/\/www.bambergorthodox.de\/wp-content\/uploads\/2024\/02\/CeBucArFi.pdf\"><strong>Ce bucurie-ar fi <\/strong><\/a>(pdf). <a href=\"https:\/\/www.bambergorthodox.de\/wp-content\/uploads\/2024\/02\/CeBucArFi-1.mp3\">Sopran<\/a>, <a href=\"https:\/\/www.bambergorthodox.de\/wp-content\/uploads\/2024\/02\/CeBucArFi-2.mp3\">alto<\/a>, <a href=\"https:\/\/www.bambergorthodox.de\/wp-content\/uploads\/2024\/02\/CeBucArFi-3.mp3\">bariton<\/a>, <a href=\"https:\/\/www.bambergorthodox.de\/wp-content\/uploads\/2024\/02\/CeBucArFi.mp3\">cor<\/a>. <a href=\"https:\/\/www.bambergorthodox.de\/wp-content\/uploads\/2024\/02\/CeBucArFi.zip\"> (ly)<\/a><br \/>\n<a href=\"https:\/\/www.bambergorthodox.de\/wp-content\/uploads\/2024\/02\/DescUsa.pdf\"><strong>Deschide u\u0219a, cre\u0219tine <\/strong><\/a>(pdf). <a href=\"https:\/\/www.bambergorthodox.de\/wp-content\/uploads\/2024\/02\/DescUsa-1.mp3\">Sopran<\/a>, <a href=\"https:\/\/www.bambergorthodox.de\/wp-content\/uploads\/2024\/02\/DescUsa-2.mp3\">alto<\/a>, <a href=\"https:\/\/www.bambergorthodox.de\/wp-content\/uploads\/2024\/02\/DescUsa.mp3\">cor<\/a>. <a href=\"https:\/\/www.bambergorthodox.de\/wp-content\/uploads\/2024\/02\/DescUsa.zip\"> (ly)<\/a><br \/>\n<a href=\"https:\/\/www.bambergorthodox.de\/wp-content\/uploads\/2024\/02\/Din-cer-senin.pdf\"><strong>Din cer senin <\/strong><\/a>(pdf). <a href=\"https:\/\/www.bambergorthodox.de\/wp-content\/uploads\/2017\/08\/Din-cer-senin-1.mp3\">Sopran<\/a>, <a href=\"https:\/\/www.bambergorthodox.de\/wp-content\/uploads\/2017\/08\/Din-cer-senin-2.mp3\">alto<\/a>, <a href=\"https:\/\/www.bambergorthodox.de\/wp-content\/uploads\/2017\/08\/Din-cer-senin-3.mp3\">tenor<\/a>, <a href=\"https:\/\/www.bambergorthodox.de\/wp-content\/uploads\/2017\/08\/Din-cer-senin-4.mp3\">bas<\/a>, <a href=\"https:\/\/www.bambergorthodox.de\/wp-content\/uploads\/2017\/08\/Din-cer-senin.mp3\">cor<\/a>. <a href=\"https:\/\/www.bambergorthodox.de\/wp-content\/uploads\/2024\/02\/Din-cer-senin.zip\"> (ly)<\/a><br \/>\n<a href=\"https:\/\/www.bambergorthodox.de\/wp-content\/uploads\/2024\/02\/Ros-Praetorius-c.pdf\"><strong>Es ist ein Ros&#8217; entsprungen <\/strong><\/a>(pdf). <a href=\"https:\/\/www.bambergorthodox.de\/wp-content\/uploads\/2024\/02\/Ros-Praetorius-c-1.mp3\">Sopran<\/a>, <a href=\"https:\/\/www.bambergorthodox.de\/wp-content\/uploads\/2024\/02\/Ros-Praetorius-2.mp3\">alto<\/a>, <a href=\"https:\/\/www.bambergorthodox.de\/wp-content\/uploads\/2024\/02\/Ros-Praetorius-c-2.mp3\">bariton<\/a>, <a href=\"https:\/\/www.bambergorthodox.de\/wp-content\/uploads\/2024\/02\/Ros-Praetorius-c.mp3\">cor<\/a>. <a href=\"https:\/\/www.bambergorthodox.de\/wp-content\/uploads\/2024\/02\/Ros-Praetorius-c.zip\"> (ly)<\/a><br \/>\n<a href=\"https:\/\/www.bambergorthodox.de\/wp-content\/uploads\/2024\/02\/Fecioara-astazi-var.pdf\"><strong>Fecioara ast\u0103zi <\/strong><\/a>(pdf). <a href=\"https:\/\/www.bambergorthodox.de\/wp-content\/uploads\/2024\/02\/Fecioara-astazi-var-1.mp3\">Sopran<\/a>, <a href=\"https:\/\/www.bambergorthodox.de\/wp-content\/uploads\/2024\/02\/Fecioara-astazi-var-2.mp3\">alto<\/a>, <a href=\"https:\/\/www.bambergorthodox.de\/wp-content\/uploads\/2024\/02\/Fecioara-astazi-var-3.mp3\">bariton<\/a>, <a href=\"https:\/\/www.bambergorthodox.de\/wp-content\/uploads\/2024\/02\/Fecioara-astazi-var.mp3\">cor<\/a>. <a href=\"https:\/\/www.bambergorthodox.de\/wp-content\/uploads\/2024\/02\/Fecioara-astazi-var.zip\"> (ly)<\/a><br \/>\n<a href=\"https:\/\/www.bambergorthodox.de\/wp-content\/uploads\/2024\/02\/Gazde-mari.pdf\"><strong>Gazde mari, nu mai dormi\u021bi <\/strong><\/a>(pdf). <a href=\"https:\/\/www.bambergorthodox.de\/wp-content\/uploads\/2017\/09\/Gazde-mari-1.mp3\">Sopran<\/a>, <a href=\"https:\/\/www.bambergorthodox.de\/wp-content\/uploads\/2017\/09\/Gazde-mari-2.mp3\">alto<\/a>, <a href=\"https:\/\/www.bambergorthodox.de\/wp-content\/uploads\/2017\/09\/Gazde-mari-3.mp3\">tenor<\/a>, <a href=\"https:\/\/www.bambergorthodox.de\/wp-content\/uploads\/2017\/09\/Gazde-mari-4.mp3\">bas<\/a>, <a href=\"https:\/\/www.bambergorthodox.de\/wp-content\/uploads\/2017\/09\/Gazde-mari.mp3\">cor<\/a>. <a href=\"https:\/\/www.bambergorthodox.de\/wp-content\/uploads\/2024\/02\/Gazde-mari.zip\"> (ly)<\/a><br \/>\n<a href=\"https:\/\/www.bambergorthodox.de\/wp-content\/uploads\/2024\/02\/In-dulci-c.pdf\"><strong>In dulci jubilo <\/strong><\/a>(pdf). <a href=\"https:\/\/www.bambergorthodox.de\/wp-content\/uploads\/2017\/11\/In-dulci-1.mp3\">Sopran<\/a>, <a href=\"https:\/\/www.bambergorthodox.de\/wp-content\/uploads\/2017\/11\/In-dulci-4.mp3\">bariton<\/a>, <a href=\"https:\/\/www.bambergorthodox.de\/wp-content\/uploads\/2017\/11\/In-dulci-c.mp3\">cor<\/a>. <a href=\"https:\/\/www.bambergorthodox.de\/wp-content\/uploads\/2024\/02\/In-dulci-c.zip\"> (ly)<\/a><br \/>\n<a href=\"https:\/\/www.bambergorthodox.de\/wp-content\/uploads\/2024\/02\/Joy-to-c.pdf\"><strong>Joy to the World <\/strong><\/a>(pdf). <a href=\"https:\/\/www.bambergorthodox.de\/wp-content\/uploads\/2017\/11\/Joy-to-1.mp3\">Sopran<\/a>, <a href=\"https:\/\/www.bambergorthodox.de\/wp-content\/uploads\/2017\/11\/Joy-to-4.mp3\">bariton<\/a>, <a href=\"https:\/\/www.bambergorthodox.de\/wp-content\/uploads\/2017\/11\/Joy-to-c.mp3\">cor<\/a>. <a href=\"https:\/\/www.bambergorthodox.de\/wp-content\/uploads\/2024\/02\/Joy-to-c.zip\"> (ly)<\/a><br \/>\n<a href=\"https:\/\/www.bambergorthodox.de\/wp-content\/uploads\/2024\/02\/Mos-Craciun.pdf\"><strong>Mo\u0219 Cr\u0103ciun <\/strong><\/a>(pdf). <a href=\"https:\/\/www.bambergorthodox.de\/wp-content\/uploads\/2017\/10\/Mos-Craciun-1.mp3\">Sopran<\/a>, <a href=\"https:\/\/www.bambergorthodox.de\/wp-content\/uploads\/2017\/10\/Mos-Craciun-2.mp3\">alto<\/a>, <a href=\"https:\/\/www.bambergorthodox.de\/wp-content\/uploads\/2017\/10\/Mos-Craciun-3.mp3\">tenor<\/a>, <a href=\"https:\/\/www.bambergorthodox.de\/wp-content\/uploads\/2017\/10\/Mos-Craciun-4.mp3\">bas<\/a>, <a href=\"https:\/\/www.bambergorthodox.de\/wp-content\/uploads\/2017\/10\/Mos-Craciun.mp3\">cor<\/a>. <a href=\"https:\/\/www.bambergorthodox.de\/wp-content\/uploads\/2024\/02\/Mos-Craciun.zip\"> (ly)<\/a><br \/>\n<a href=\"https:\/\/www.bambergorthodox.de\/wp-content\/uploads\/2024\/02\/Nasterea-Ta.pdf\"><strong>Na\u0219terea Ta, Hristoase <\/strong><\/a>(pdf). <a href=\"https:\/\/www.bambergorthodox.de\/wp-content\/uploads\/2024\/02\/Nasterea-Ta-1.mp3\">Sopran<\/a>, <a href=\"https:\/\/www.bambergorthodox.de\/wp-content\/uploads\/2024\/02\/Nasterea-Ta-2.mp3\">alto<\/a>, <a href=\"https:\/\/www.bambergorthodox.de\/wp-content\/uploads\/2024\/02\/Nasterea-Ta-3.mp3\">bariton<\/a>, <a href=\"https:\/\/www.bambergorthodox.de\/wp-content\/uploads\/2024\/02\/Nasterea-Ta.mp3\">cor<\/a>. <a href=\"https:\/\/www.bambergorthodox.de\/wp-content\/uploads\/2024\/02\/Nasterea-Ta.zip\"> (ly)<\/a><br \/>\n<a href=\"https:\/\/www.bambergorthodox.de\/wp-content\/uploads\/2024\/02\/Noua-azi.pdf\"><strong>Nou\u0103, azi, ne-a r\u0103s\u0103rit <\/strong><\/a>(pdf). <a href=\"https:\/\/www.bambergorthodox.de\/wp-content\/uploads\/2017\/10\/Noua-azi-1.mp3\">Sopran<\/a>, <a href=\"https:\/\/www.bambergorthodox.de\/wp-content\/uploads\/2017\/10\/Noua-azi-2.mp3\">alto<\/a>, <a href=\"https:\/\/www.bambergorthodox.de\/wp-content\/uploads\/2017\/10\/Noua-azi-3.mp3\">tenor<\/a>, <a href=\"https:\/\/www.bambergorthodox.de\/wp-content\/uploads\/2017\/10\/Noua-azi-4.mp3\">bas<\/a>, <a href=\"https:\/\/www.bambergorthodox.de\/wp-content\/uploads\/2017\/10\/Noua-azi.mp3\">cor<\/a>. <a href=\"https:\/\/www.bambergorthodox.de\/wp-content\/uploads\/2024\/02\/Noua-azi.zip\"> (ly)<\/a><br \/>\n<a href=\"https:\/\/www.bambergorthodox.de\/wp-content\/uploads\/2024\/02\/O-ce-veste.pdf\"><strong>O, ce veste minunat\u0103 <\/strong><\/a>(pdf). <a href=\"https:\/\/www.bambergorthodox.de\/wp-content\/uploads\/2024\/02\/O-ce-veste-1.mp3\">Sopran<\/a>, <a href=\"https:\/\/www.bambergorthodox.de\/wp-content\/uploads\/2024\/02\/O-ce-veste-2.mp3\">alto<\/a>, <a href=\"https:\/\/www.bambergorthodox.de\/wp-content\/uploads\/2024\/02\/O-ce-veste-3.mp3\">bariton<\/a>, <a href=\"https:\/\/www.bambergorthodox.de\/wp-content\/uploads\/2024\/02\/O-ce-veste.mp3\">cor<\/a>. <a href=\"https:\/\/www.bambergorthodox.de\/wp-content\/uploads\/2024\/02\/O-ce-veste.zip\"> (ly)<\/a><br \/>\n<a href=\"https:\/\/www.bambergorthodox.de\/wp-content\/uploads\/2024\/02\/Once-in-c.pdf\"><strong>Once in Royal David&#8217;s City <\/strong><\/a>(pdf). <a href=\"https:\/\/www.bambergorthodox.de\/wp-content\/uploads\/2017\/11\/Once-in-1.mp3\">Sopran<\/a>, <a href=\"https:\/\/www.bambergorthodox.de\/wp-content\/uploads\/2017\/11\/Once-in-4.mp3\">bariton<\/a>, <a href=\"https:\/\/www.bambergorthodox.de\/wp-content\/uploads\/2017\/11\/Once-in-c.mp3\">cor<\/a>. <a href=\"https:\/\/www.bambergorthodox.de\/wp-content\/uploads\/2024\/02\/Once-in-c.zip\"> (ly)<\/a><br \/>\n<strong><a href=\"https:\/\/www.bambergorthodox.de\/wp-content\/uploads\/2024\/02\/RasBland-c.pdf\">R\u0103sunet bl\u00e2nd de clopo\u021bei<\/a> <\/strong>(pdf). <a href=\"https:\/\/www.bambergorthodox.de\/wp-content\/uploads\/2024\/02\/RasBland-1.mp3\">Sopran<\/a>, <a href=\"https:\/\/www.bambergorthodox.de\/wp-content\/uploads\/2024\/02\/RasBland-2.mp3\">alto<\/a>, <a href=\"https:\/\/www.bambergorthodox.de\/wp-content\/uploads\/2024\/02\/RasBland-4.mp3\">bariton<\/a>, <a href=\"https:\/\/www.bambergorthodox.de\/wp-content\/uploads\/2024\/02\/RasBland-c.mp3\">cor<\/a>. <a href=\"https:\/\/www.bambergorthodox.de\/wp-content\/uploads\/2024\/02\/RasBland-c.zip\"> (ly)<\/a><br \/>\n<a href=\"https:\/\/www.bambergorthodox.de\/wp-content\/uploads\/2024\/02\/Stille-Nacht.pdf\"><strong>Stille Nacht <\/strong><\/a>(pdf). <a href=\"https:\/\/www.bambergorthodox.de\/wp-content\/uploads\/2017\/09\/Stille-Nacht-1.mp3\">Sopran<\/a>, <a href=\"https:\/\/www.bambergorthodox.de\/wp-content\/uploads\/2017\/09\/Stille-Nacht-2.mp3\">alto<\/a>, <a href=\"https:\/\/www.bambergorthodox.de\/wp-content\/uploads\/2017\/09\/Stille-Nacht-3.mp3\">tenor<\/a>, <a href=\"https:\/\/www.bambergorthodox.de\/wp-content\/uploads\/2017\/09\/Stille-Nacht-4.mp3\">bas<\/a>, <a href=\"https:\/\/www.bambergorthodox.de\/wp-content\/uploads\/2017\/09\/Stille-Nacht.mp3\">cor<\/a>. <a href=\"https:\/\/www.bambergorthodox.de\/wp-content\/uploads\/2024\/02\/Stille-Nacht.zip\"> (ly)<\/a><\/p>\n<p>Tropare:<br \/>\n<a href=\"https:\/\/www.bambergorthodox.de\/wp-content\/uploads\/2024\/02\/Apara-D-c.pdf\"><strong>Ap\u0103r\u0103toare Doamn\u0103 <\/strong><\/a>(pdf). <a href=\"https:\/\/www.bambergorthodox.de\/wp-content\/uploads\/2024\/02\/Apara-D-c-1.mp3\">Sopran<\/a>, <a href=\"https:\/\/www.bambergorthodox.de\/wp-content\/uploads\/2024\/02\/Apara-D-c-2.mp3\">alto<\/a>, <a href=\"https:\/\/www.bambergorthodox.de\/wp-content\/uploads\/2024\/02\/Apara-D-c-3.mp3\">bariton<\/a>, <a href=\"https:\/\/www.bambergorthodox.de\/wp-content\/uploads\/2024\/02\/Apara-D-c.mp3\">cor<\/a>. <a href=\"https:\/\/www.bambergorthodox.de\/wp-content\/uploads\/2024\/02\/Apara-D-c.zip\"> (ly)<\/a><br \/>\n<a href=\"https:\/\/www.bambergorthodox.de\/wp-content\/uploads\/2024\/02\/Trop-Rus.pdf\"><strong>Binecuv\u00e2ntat e\u0219ti, Hristoase (Rusalii) <\/strong><\/a>(pdf). <a href=\"https:\/\/www.bambergorthodox.de\/wp-content\/uploads\/2024\/02\/Trop-Rus-1.mp3\">Sopran<\/a>, <a href=\"https:\/\/www.bambergorthodox.de\/wp-content\/uploads\/2024\/02\/Trop-Rus-2.mp3\">alto<\/a>, <a href=\"https:\/\/www.bambergorthodox.de\/wp-content\/uploads\/2024\/02\/Trop-Rus-3.mp3\">bariton<\/a>, <a href=\"https:\/\/www.bambergorthodox.de\/wp-content\/uploads\/2024\/02\/Trop-Rus.mp3\">cor<\/a>. <a href=\"https:\/\/www.bambergorthodox.de\/wp-content\/uploads\/2024\/02\/Trop-Rus.zip\"> (ly)<\/a><br \/>\n<a href=\"https:\/\/www.bambergorthodox.de\/wp-content\/uploads\/2024\/02\/Crucii-Tale.pdf\"><strong>Crucii Tale <\/strong><\/a>(pdf). <a href=\"https:\/\/www.bambergorthodox.de\/wp-content\/uploads\/2024\/02\/Crucii-Tale-1.mp3\">Sopran<\/a>, <a href=\"https:\/\/www.bambergorthodox.de\/wp-content\/uploads\/2024\/02\/Crucii-Tale-2.mp3\">alto<\/a>, <a href=\"https:\/\/www.bambergorthodox.de\/wp-content\/uploads\/2024\/02\/Crucii-Tale-3.mp3\">bariton<\/a>, <a href=\"https:\/\/www.bambergorthodox.de\/wp-content\/uploads\/2024\/02\/Crucii-Tale.mp3\">cor<\/a>. <a href=\"https:\/\/www.bambergorthodox.de\/wp-content\/uploads\/2024\/02\/Crucii-Tale.zip\"> (ly)<\/a><br \/>\n<a href=\"https:\/\/www.bambergorthodox.de\/wp-content\/uploads\/2024\/02\/Hristos-c.pdf\"><strong>Hristos a \u00eenviat <\/strong><\/a>(pdf). <a href=\"https:\/\/www.bambergorthodox.de\/wp-content\/uploads\/2017\/03\/Hristos-c-1.mp3\">Sopran<\/a>, <a href=\"https:\/\/www.bambergorthodox.de\/wp-content\/uploads\/2017\/03\/Hristos-c-2.mp3\">alto<\/a>, <a href=\"https:\/\/www.bambergorthodox.de\/wp-content\/uploads\/2017\/03\/Hristos-c-3.mp3\">tenor<\/a>, <a href=\"https:\/\/www.bambergorthodox.de\/wp-content\/uploads\/2017\/03\/Hristos-c-4.mp3\">bas<\/a>, <a href=\"https:\/\/www.bambergorthodox.de\/wp-content\/uploads\/2017\/03\/Hristos-c.mp3\">cor<\/a>. <a href=\"https:\/\/www.bambergorthodox.de\/wp-content\/uploads\/2024\/02\/Hristos-c.zip\"> (ly)<\/a><br \/>\n<a href=\"https:\/\/www.bambergorthodox.de\/wp-content\/uploads\/2025\/08\/HrisaInv.pdf\"><strong>Hristos a \u00eenviat (variant\u0103) <\/strong><\/a>(pdf). <a href=\"https:\/\/www.bambergorthodox.de\/wp-content\/uploads\/2024\/02\/HrisaInv-1.mp3\">Sopran<\/a>, <a href=\"https:\/\/www.bambergorthodox.de\/wp-content\/uploads\/2024\/02\/HrisaInv-2.mp3\">alto<\/a>, <a href=\"https:\/\/www.bambergorthodox.de\/wp-content\/uploads\/2024\/02\/HrisaInv-3.mp3\">tenor<\/a>, <a href=\"https:\/\/www.bambergorthodox.de\/wp-content\/uploads\/2024\/02\/HrisaInv-4.mp3\">bas<\/a>, <a href=\"https:\/\/www.bambergorthodox.de\/wp-content\/uploads\/2024\/02\/HrisaInv.mp3\">cor<\/a>. <a href=\"https:\/\/www.bambergorthodox.de\/wp-content\/uploads\/2025\/08\/HrisaInv.zip\"> (ly)<\/a><br \/>\n<a href=\"https:\/\/www.bambergorthodox.de\/wp-content\/uploads\/2024\/02\/InIordBot.pdf\"><strong>\u00cen Iordan botez\u00e2ndu-Te <\/strong><\/a>(pdf). <a href=\"https:\/\/www.bambergorthodox.de\/wp-content\/uploads\/2024\/02\/InIordBot-1.mp3\">Sopran<\/a>, <a href=\"https:\/\/www.bambergorthodox.de\/wp-content\/uploads\/2024\/02\/InIordBot-2.mp3\">alto<\/a>, <a href=\"https:\/\/www.bambergorthodox.de\/wp-content\/uploads\/2024\/02\/InIordBot-3.mp3\">bariton<\/a>, <a href=\"https:\/\/www.bambergorthodox.de\/wp-content\/uploads\/2024\/02\/InIordBot.mp3\">cor<\/a>. <a href=\"https:\/\/www.bambergorthodox.de\/wp-content\/uploads\/2024\/02\/InIordBot.zip\"> (ly)<\/a><br \/>\n<a href=\"https:\/\/www.bambergorthodox.de\/wp-content\/uploads\/2017\/10\/Tropar-Sf-Parascheva-2v.pdf\"><strong>\u00centru tine, Maic\u0103 (Sf. Cv. Parascheva) <\/strong><\/a>(pdf). <a href=\"https:\/\/www.bambergorthodox.de\/wp-content\/uploads\/2017\/02\/Tropar-Sf-Parascheva-1v.mp3\">Melodie<\/a>. <a href=\"https:\/\/www.bambergorthodox.de\/wp-content\/uploads\/2017\/10\/Tropar-Sf-Parascheva-2v.zip\"> (ly)<\/a><br \/>\n<a href=\"https:\/\/www.bambergorthodox.de\/wp-content\/uploads\/2018\/02\/Mucenicii-tai.pdf\"><strong>Mucenicii T\u0103i, Doamne <\/strong><\/a>(pdf). <a href=\"https:\/\/www.bambergorthodox.de\/wp-content\/uploads\/2018\/02\/Mucenicii-tai-1.mp3\">Sopran<\/a>, <a href=\"https:\/\/www.bambergorthodox.de\/wp-content\/uploads\/2018\/02\/Mucenicii-tai-2.mp3\">alto<\/a>, <a href=\"https:\/\/www.bambergorthodox.de\/wp-content\/uploads\/2018\/02\/Mucenicii-tai-3.mp3\">bariton<\/a>, <a href=\"https:\/\/www.bambergorthodox.de\/wp-content\/uploads\/2018\/02\/Mucenicii-tai.mp3\">cor<\/a>. <a href=\"https:\/\/www.bambergorthodox.de\/wp-content\/uploads\/2018\/02\/Mucenicii-tai.zip\"> (ly)<\/a><br \/>\n<a href=\"https:\/\/www.bambergorthodox.de\/wp-content\/uploads\/2024\/02\/Nasterea-Ta.pdf\"><strong>Na\u0219terea Ta, Hristoase <\/strong><\/a>(pdf). <a href=\"https:\/\/www.bambergorthodox.de\/wp-content\/uploads\/2024\/02\/Nasterea-Ta-1.mp3\">Sopran<\/a>, <a href=\"https:\/\/www.bambergorthodox.de\/wp-content\/uploads\/2024\/02\/Nasterea-Ta-2.mp3\">alto<\/a>, <a href=\"https:\/\/www.bambergorthodox.de\/wp-content\/uploads\/2024\/02\/Nasterea-Ta-3.mp3\">bariton<\/a>, <a href=\"https:\/\/www.bambergorthodox.de\/wp-content\/uploads\/2024\/02\/Nasterea-Ta.mp3\">cor<\/a>. <a href=\"https:\/\/www.bambergorthodox.de\/wp-content\/uploads\/2024\/02\/Nasterea-Ta.zip\"> (ly)<\/a><br \/>\n<a href=\"https:\/\/www.bambergorthodox.de\/wp-content\/uploads\/2017\/04\/Ostertrop.pdf\"><strong>Oster &#8211; Troparion <\/strong><\/a>(pdf). <a href=\"https:\/\/www.bambergorthodox.de\/wp-content\/uploads\/2017\/04\/Ostertrop-1.mp3\">Sopran<\/a>, <a href=\"https:\/\/www.bambergorthodox.de\/wp-content\/uploads\/2017\/04\/Ostertrop-2.mp3\">alto<\/a>, <a href=\"https:\/\/www.bambergorthodox.de\/wp-content\/uploads\/2017\/04\/Ostertrop-3.mp3\">tenor<\/a>, <a href=\"https:\/\/www.bambergorthodox.de\/wp-content\/uploads\/2017\/04\/Ostertrop-4.mp3\">bas<\/a>, <a href=\"https:\/\/www.bambergorthodox.de\/wp-content\/uploads\/2017\/04\/Ostertrop.mp3\">cor<\/a>. <a href=\"https:\/\/www.bambergorthodox.de\/wp-content\/uploads\/2017\/04\/Ostertrop.zip\"> (ly)<\/a><br \/>\n<a href=\"https:\/\/www.bambergorthodox.de\/wp-content\/uploads\/2024\/02\/Sub-milostivirea-ta.pdf\"><strong>Sub milostivirea ta<\/strong><\/a> (pdf).\u00a0<a href=\"https:\/\/www.bambergorthodox.de\/wp-content\/uploads\/2016\/11\/Sub-milostivirea-ta-1.mp3\">Sopran<\/a>, <a href=\"https:\/\/www.bambergorthodox.de\/wp-content\/uploads\/2016\/11\/Sub-milostivirea-ta-2.mp3\">alto<\/a>, <a href=\"https:\/\/www.bambergorthodox.de\/wp-content\/uploads\/2016\/11\/Sub-milostivirea-ta-3.mp3\">tenor<\/a>, <a href=\"https:\/\/www.bambergorthodox.de\/wp-content\/uploads\/2016\/11\/Sub-milostivirea-ta-4.mp3\">bas<\/a>, <a href=\"https:\/\/www.bambergorthodox.de\/wp-content\/uploads\/2016\/11\/Sub-milostivirea-ta.mp3\">cor<\/a>. <a href=\"https:\/\/www.bambergorthodox.de\/wp-content\/uploads\/2024\/02\/Sub-milostivirea-ta.zip\">(ly)<\/a><br \/>\n<a href=\"https:\/\/www.bambergorthodox.de\/wp-content\/uploads\/2025\/07\/TropSfApPePa.pdf\"><strong>Troparul Sf. Ap. Petru \u0219i Pavel <\/strong><\/a>(pdf). <a href=\"https:\/\/www.bambergorthodox.de\/wp-content\/uploads\/2024\/07\/TropSfApPePa-1.mp3\">Sopran<\/a>, <a href=\"https:\/\/www.bambergorthodox.de\/wp-content\/uploads\/2024\/07\/TropSfApPePa-2.mp3\">alto<\/a>, <a href=\"https:\/\/www.bambergorthodox.de\/wp-content\/uploads\/2025\/07\/TropSfApPePa-3.mp3\">tenor<\/a>, <a href=\"https:\/\/www.bambergorthodox.de\/wp-content\/uploads\/2025\/07\/TropSfApPePa-4.mp3\">bas<\/a>,\u00a0<a href=\"https:\/\/www.bambergorthodox.de\/wp-content\/uploads\/2025\/07\/TropSfApPePa.mp3\">cor<\/a>. <a href=\"https:\/\/www.bambergorthodox.de\/wp-content\/uploads\/2025\/07\/TropSfApPePa.zip\"> (ly)<\/a><br \/>\n<a href=\"https:\/\/www.bambergorthodox.de\/wp-content\/uploads\/2024\/07\/TropSfIerAndrei.pdf\"><strong>Troparul Sf. Ier. Andrei Baron de \u0218aguna <\/strong><\/a>(pdf). <a href=\"https:\/\/www.bambergorthodox.de\/wp-content\/uploads\/2024\/07\/TropSfIerAndrei-1.mp3\">Sopran<\/a>, <a href=\"https:\/\/www.bambergorthodox.de\/wp-content\/uploads\/2024\/07\/TropSfIerAndrei-2.mp3\">alto<\/a>, <a href=\"https:\/\/www.bambergorthodox.de\/wp-content\/uploads\/2024\/07\/TropSfIerAndrei-3.mp3\">bariton<\/a>, <a href=\"https:\/\/www.bambergorthodox.de\/wp-content\/uploads\/2024\/07\/TropSfIerAndrei.mp3\">cor<\/a>. <a href=\"https:\/\/www.bambergorthodox.de\/wp-content\/uploads\/2024\/07\/TropSfIerAndrei.zip\"> (ly)<\/a><br \/>\n<a href=\"https:\/\/www.bambergorthodox.de\/wp-content\/uploads\/2024\/02\/Usa-milo.pdf\"><strong>U\u0219a milostivirii<\/strong><\/a> (pdf). <a href=\"https:\/\/www.bambergorthodox.de\/wp-content\/uploads\/2024\/02\/Usa-milo-1.mp3\">Sopran<\/a>, <a href=\"https:\/\/www.bambergorthodox.de\/wp-content\/uploads\/2024\/02\/Usa-milo-2.mp3\">alto<\/a>, <a href=\"https:\/\/www.bambergorthodox.de\/wp-content\/uploads\/2024\/02\/Usa-milo-3.mp3\">bariton<\/a>, <a href=\"https:\/\/www.bambergorthodox.de\/wp-content\/uploads\/2024\/02\/Usa-milo.mp3\">cor<\/a>. <a href=\"https:\/\/www.bambergorthodox.de\/wp-content\/uploads\/2024\/02\/Usa-milo.zip\">(ly)<\/a><\/p>\n<p>Slujba Logodnei \u0219i Cununiei:<br \/>\n<a href=\"https:\/\/www.bambergorthodox.de\/wp-content\/uploads\/2024\/09\/ImnMir.pdf\"><strong>Imnul mirilor (Vino din Liban, mireas\u0103) <\/strong><\/a>(pdf).\u00a0<a href=\"https:\/\/www.bambergorthodox.de\/wp-content\/uploads\/2024\/09\/ImnMir-1.mp3\">Sopran<\/a>,\u00a0<a href=\"https:\/\/www.bambergorthodox.de\/wp-content\/uploads\/2024\/09\/ImnMir-2.mp3\">alto<\/a>, <a href=\"https:\/\/www.bambergorthodox.de\/wp-content\/uploads\/2024\/09\/ImnMir-3.mp3\">bariton<\/a>, <a href=\"https:\/\/www.bambergorthodox.de\/wp-content\/uploads\/2024\/09\/ImnMir.mp3\">cor<\/a>.\u00a0<a href=\"https:\/\/www.bambergorthodox.de\/wp-content\/uploads\/2024\/09\/ImnMir.zip\">(ly)<\/a><br \/>\n<a href=\"https:\/\/www.bambergorthodox.de\/wp-content\/uploads\/2024\/09\/Ecm-Log.pdf\"><strong>Ectenia mare (Logodn\u0103) <\/strong><\/a>(pdf).\u00a0<a href=\"https:\/\/www.bambergorthodox.de\/wp-content\/uploads\/2024\/10\/Ecm-Log-1.mp3\">Sopran<\/a>,\u00a0<a href=\"https:\/\/www.bambergorthodox.de\/wp-content\/uploads\/2024\/10\/Ecm-Log-2.mp3\">alto<\/a>, <a href=\"https:\/\/www.bambergorthodox.de\/wp-content\/uploads\/2024\/10\/Ecm-Log-3.mp3\">bariton<\/a>, <a href=\"https:\/\/www.bambergorthodox.de\/wp-content\/uploads\/2024\/10\/Ecm-Log.mp3\">cor<\/a>.\u00a0<a href=\"https:\/\/www.bambergorthodox.de\/wp-content\/uploads\/2024\/09\/Ecm-Log.zip\">(ly)<\/a><br \/>\n<a href=\"https:\/\/www.bambergorthodox.de\/wp-content\/uploads\/2024\/09\/MarTie-Ecm-DoamDum.pdf\"><strong>Cununie: M\u0103rire \u021aie&#8230; Ectenie&#8230; Doamne, Dumnezeul nostru <\/strong><\/a>(pdf). <a href=\"https:\/\/www.bambergorthodox.de\/wp-content\/uploads\/2024\/09\/MarTie-Ecm-DoamDum-1.mp3\">Sopran<\/a>,\u00a0<a href=\"https:\/\/www.bambergorthodox.de\/wp-content\/uploads\/2024\/09\/MarTie-Ecm-DoamDum-2.mp3\">alto<\/a>, <a href=\"https:\/\/www.bambergorthodox.de\/wp-content\/uploads\/2024\/09\/MarTie-Ecm-DoamDum-3.mp3\">bariton<\/a>, <a href=\"https:\/\/www.bambergorthodox.de\/wp-content\/uploads\/2024\/09\/MarTie-Ecm-DoamDum.mp3\">cor<\/a>.\u00a0<a href=\"https:\/\/www.bambergorthodox.de\/wp-content\/uploads\/2024\/09\/MarTie-Ecm-DoamDum.zip\">(ly)<\/a><br \/>\n<a href=\"https:\/\/www.bambergorthodox.de\/wp-content\/uploads\/2024\/09\/Marire.pdf\"><strong>Aliluia &#8211; M\u0103rire \u021aie <\/strong><\/a>(pdf).\u00a0<a href=\"https:\/\/www.bambergorthodox.de\/wp-content\/uploads\/2024\/09\/Marire-1.mp3\">Sopran<\/a>,\u00a0<a href=\"https:\/\/www.bambergorthodox.de\/wp-content\/uploads\/2024\/09\/Marire-2.mp3\">alto<\/a>, <a href=\"https:\/\/www.bambergorthodox.de\/wp-content\/uploads\/2024\/09\/Marire-3.mp3\">bariton<\/a>, <a href=\"https:\/\/www.bambergorthodox.de\/wp-content\/uploads\/2024\/09\/Marire.mp3\">cor<\/a>.\u00a0<a href=\"https:\/\/www.bambergorthodox.de\/wp-content\/uploads\/2024\/09\/Marire.zip\">(ly)<\/a><br \/>\n<a href=\"https:\/\/www.bambergorthodox.de\/wp-content\/uploads\/2024\/10\/Pahar-Isa.pdf\"><strong>Paharul m\u00e2ntuirii &#8211; Isaia d\u0103n\u021buie\u0219te <\/strong><\/a>(pdf).\u00a0<a href=\"https:\/\/www.bambergorthodox.de\/wp-content\/uploads\/2024\/09\/Pahar-Isa-1.mp3\">Sopran<\/a>,\u00a0<a href=\"https:\/\/www.bambergorthodox.de\/wp-content\/uploads\/2024\/09\/Pahar-Isa-2.mp3\">alto<\/a>, <a href=\"https:\/\/www.bambergorthodox.de\/wp-content\/uploads\/2024\/09\/Pahar-Isa-3.mp3\">bariton<\/a>, <a href=\"https:\/\/www.bambergorthodox.de\/wp-content\/uploads\/2024\/09\/Pahar-Isa.mp3\">cor<\/a>.\u00a0<a href=\"https:\/\/www.bambergorthodox.de\/wp-content\/uploads\/2024\/10\/Pahar-Isa.zip\">(ly)<\/a><br \/>\n<a href=\"https:\/\/www.bambergorthodox.de\/wp-content\/uploads\/2026\/03\/SfMun-SlaTie.pdf\"><strong>Sfin\u021bilor mucenici &#8211; Slav\u0103 \u021aie, Hristoase <\/strong><\/a>(pdf).\u00a0<a href=\"https:\/\/www.bambergorthodox.de\/wp-content\/uploads\/2024\/09\/SfMun-SlaTie-1.mp3\">Sopran<\/a>,\u00a0<a href=\"https:\/\/www.bambergorthodox.de\/wp-content\/uploads\/2026\/03\/SfMun-SlaTie-2.mp3\">alto<\/a>, <a href=\"https:\/\/www.bambergorthodox.de\/wp-content\/uploads\/2026\/03\/SfMun-SlaTie-3.mp3\">bariton<\/a>, <a href=\"https:\/\/www.bambergorthodox.de\/wp-content\/uploads\/2026\/03\/SfMun-SlaTie.mp3\">cor<\/a>.\u00a0<a href=\"https:\/\/www.bambergorthodox.de\/wp-content\/uploads\/2026\/03\/SfMun-SlaTie.zip\">(ly)<\/a><\/p>\n<p>C\u00e2nt\u0103ri ale Vecerniei:<br \/>\n<a href=\"https:\/\/www.bambergorthodox.de\/wp-content\/uploads\/2024\/03\/DoamneStrig-g5.pdf\"><strong>Doamne, strigat-am &#8211; gl. 5 <\/strong><\/a>(pdf). <a href=\"https:\/\/www.bambergorthodox.de\/wp-content\/uploads\/2024\/03\/DoamneStrig-g5-1.mp3\">Sopran<\/a>, <a href=\"https:\/\/www.bambergorthodox.de\/wp-content\/uploads\/2024\/03\/DoamneStrig-g5-2.mp3\">alto<\/a>, <a href=\"https:\/\/www.bambergorthodox.de\/wp-content\/uploads\/2024\/03\/DoamneStrig-g5-3.mp3\">bariton<\/a>, <a href=\"https:\/\/www.bambergorthodox.de\/wp-content\/uploads\/2024\/03\/DoamneStrig-g5.mp3\">cor<\/a>. <a href=\"https:\/\/www.bambergorthodox.de\/wp-content\/uploads\/2024\/03\/DoamneStrig-g5.zip\"> (ly)<\/a><br \/>\n<a href=\"https:\/\/www.bambergorthodox.de\/wp-content\/uploads\/2024\/03\/DoamneStrig-g8.pdf\"><strong>Doamne, strigat-am &#8211; gl. 8 <\/strong><\/a>(pdf). <a href=\"https:\/\/www.bambergorthodox.de\/wp-content\/uploads\/2024\/03\/DoamneStrig-g8.mp3\">Melodie<\/a>. <a href=\"https:\/\/www.bambergorthodox.de\/wp-content\/uploads\/2024\/03\/DoamneStrig-g8.zip\"> (ly)<\/a><br \/>\n<a href=\"https:\/\/www.bambergorthodox.de\/wp-content\/uploads\/2024\/03\/Lumina-lina-2v.pdf\"><strong>Lumin\u0103 lin\u0103 <\/strong><\/a>(pdf). <a href=\"https:\/\/www.bambergorthodox.de\/wp-content\/uploads\/2024\/03\/Lumina-lina-2v-1.mp3\">Sopran<\/a>, <a href=\"https:\/\/www.bambergorthodox.de\/wp-content\/uploads\/2024\/03\/Lumina-lina-2v-2.mp3\">bariton<\/a>, <a href=\"https:\/\/www.bambergorthodox.de\/wp-content\/uploads\/2024\/03\/Lumina-lina-2v.mp3\">cor<\/a>. <a href=\"https:\/\/www.bambergorthodox.de\/wp-content\/uploads\/2024\/03\/Lumina-lina-2v.zip\"> (ly)<\/a><br \/>\n<a href=\"https:\/\/www.bambergorthodox.de\/wp-content\/uploads\/2024\/03\/AcumElib.pdf\"><strong>Acum elibereaz\u0103 <\/strong><\/a>(pdf). <a href=\"https:\/\/www.bambergorthodox.de\/wp-content\/uploads\/2024\/03\/AcumElib-1.mp3\">Sopran<\/a>, <a href=\"https:\/\/www.bambergorthodox.de\/wp-content\/uploads\/2024\/03\/AcumElib-2.mp3\">alto<\/a>, <a href=\"https:\/\/www.bambergorthodox.de\/wp-content\/uploads\/2024\/03\/AcumElib-3.mp3\">bariton<\/a>, <a href=\"https:\/\/www.bambergorthodox.de\/wp-content\/uploads\/2024\/03\/AcumElib.mp3\">cor<\/a>. <a href=\"https:\/\/www.bambergorthodox.de\/wp-content\/uploads\/2024\/03\/AcumElib.zip\"> (ly)<\/a><\/p>\n<p>Alte c\u00e2nt\u0103ri:<br \/>\n<a href=\"https:\/\/www.bambergorthodox.de\/wp-content\/uploads\/2024\/03\/ImnReg.pdf\"><strong>Imnul Regal Rom\u00e2n (Tr\u0103iasc\u0103 Regele)<\/strong><\/a> (pdf). <a href=\"https:\/\/www.bambergorthodox.de\/wp-content\/uploads\/2024\/03\/ImnReg-1.mp3\">Sopran<\/a>, <a href=\"https:\/\/www.bambergorthodox.de\/wp-content\/uploads\/2024\/03\/ImnReg-2.mp3\">alto<\/a>, <a href=\"https:\/\/www.bambergorthodox.de\/wp-content\/uploads\/2024\/03\/ImnReg-3.mp3\">bariton<\/a>, <a href=\"https:\/\/www.bambergorthodox.de\/wp-content\/uploads\/2024\/03\/ImnReg.mp3\">cor<\/a>. <a href=\"https:\/\/www.bambergorthodox.de\/wp-content\/uploads\/2024\/03\/ImnReg.zip\">(ly)<\/a><br \/>\n<a href=\"https:\/\/www.bambergorthodox.de\/wp-content\/uploads\/2024\/03\/Basarabie-frum.pdf\"><strong>Basarabie frumoas\u0103<\/strong><\/a>\u00a0(pdf). <a href=\"https:\/\/www.bambergorthodox.de\/wp-content\/uploads\/2024\/03\/Basarabie-frum-1.mp3\">Sopran<\/a>, <a href=\"https:\/\/www.bambergorthodox.de\/wp-content\/uploads\/2024\/03\/Basarabie-frum-2.mp3\">alto<\/a>, <a href=\"https:\/\/www.bambergorthodox.de\/wp-content\/uploads\/2024\/03\/Basarabie-frum-3.mp3\">bariton<\/a>, <a href=\"https:\/\/www.bambergorthodox.de\/wp-content\/uploads\/2024\/03\/Basarabie-frum.mp3\">cor<\/a>. <a href=\"https:\/\/www.bambergorthodox.de\/wp-content\/uploads\/2024\/03\/Basarabie-frum.zip\">(ly)<\/a><br \/>\n<a href=\"https:\/\/www.bambergorthodox.de\/wp-content\/uploads\/2024\/03\/Cand-a-fost.pdf\"><strong>C\u00e2nd a fost s\u0103 moar\u0103 \u0218tefan<\/strong><\/a> (pdf). <a href=\"https:\/\/www.bambergorthodox.de\/wp-content\/uploads\/2024\/03\/Cand-a-fost-1.mp3\">Sopran<\/a>, <a href=\"https:\/\/www.bambergorthodox.de\/wp-content\/uploads\/2024\/03\/Cand-a-fost-2.mp3\">alto<\/a>, <a href=\"https:\/\/www.bambergorthodox.de\/wp-content\/uploads\/2024\/03\/Cand-a-fost-3.mp3\">bariton<\/a>, <a href=\"https:\/\/www.bambergorthodox.de\/wp-content\/uploads\/2024\/03\/Cand-a-fost.mp3\">cor<\/a>. <a href=\"https:\/\/www.bambergorthodox.de\/wp-content\/uploads\/2024\/03\/Cand-a-fost.zip\">(ly)<\/a><br \/>\n<a href=\"https:\/\/www.bambergorthodox.de\/wp-content\/uploads\/2024\/03\/Canta-cucu.pdf\"><strong>C\u00e2nt\u0103 cucu<\/strong><\/a>\u00a0(pdf). <a href=\"https:\/\/www.bambergorthodox.de\/wp-content\/uploads\/2024\/03\/Canta-cucu-1.mp3\">Sopran<\/a>, <a href=\"https:\/\/www.bambergorthodox.de\/wp-content\/uploads\/2024\/03\/Canta-cucu-2.mp3\">alto<\/a>, <a href=\"https:\/\/www.bambergorthodox.de\/wp-content\/uploads\/2024\/03\/Canta-cucu.mp3\">cor<\/a>. <a href=\"https:\/\/www.bambergorthodox.de\/wp-content\/uploads\/2024\/03\/Canta-cucu.zip\">(ly)<\/a><br \/>\n<a href=\"https:\/\/www.bambergorthodox.de\/wp-content\/uploads\/2024\/03\/Treceti-bata.pdf\"><strong>Trece\u021bi batalioane rom\u00e2ne Carpa\u021bii<\/strong><\/a>\u00a0(pdf). <a href=\"https:\/\/www.bambergorthodox.de\/wp-content\/uploads\/2024\/03\/Treceti-bata-1.mp3\">Sopran<\/a>, <a href=\"https:\/\/www.bambergorthodox.de\/wp-content\/uploads\/2024\/03\/Treceti-bata-2.mp3\">alto<\/a>, <a href=\"https:\/\/www.bambergorthodox.de\/wp-content\/uploads\/2024\/03\/Treceti-bata-3.mp3\">bariton<\/a>, <a href=\"https:\/\/www.bambergorthodox.de\/wp-content\/uploads\/2024\/03\/Treceti-bata.mp3\">cor<\/a>. <a href=\"https:\/\/www.bambergorthodox.de\/wp-content\/uploads\/2024\/03\/Treceti-bata.zip\">(ly)<\/a><br \/>\n<a href=\"https:\/\/www.bambergorthodox.de\/wp-content\/uploads\/2024\/03\/Tu-Ardeal.pdf\"><strong>Tu, Ardeal (Colindul Ardealului)<\/strong><\/a>\u00a0(pdf). <a href=\"https:\/\/www.bambergorthodox.de\/wp-content\/uploads\/2024\/03\/Tu-Ardeal-1.mp3\">Sopran<\/a>, <a href=\"https:\/\/www.bambergorthodox.de\/wp-content\/uploads\/2024\/03\/Tu-Ardeal-2.mp3\">alto<\/a>, <a href=\"https:\/\/www.bambergorthodox.de\/wp-content\/uploads\/2024\/03\/Tu-Ardeal-3.mp3\">bariton<\/a>, <a href=\"https:\/\/www.bambergorthodox.de\/wp-content\/uploads\/2024\/03\/Tu-Ardeal.mp3\">cor<\/a>. <a href=\"https:\/\/www.bambergorthodox.de\/wp-content\/uploads\/2024\/03\/Tu-Ardeal.zip\">(ly)<\/a><\/p>\n<p><a href=\"https:\/\/www.bambergorthodox.de\/wp-content\/uploads\/2024\/03\/De-ziua-ta.pdf\"><strong>De ziua ta (Un suflet bun s\u0103 ai)<\/strong><\/a> (pdf). <a href=\"https:\/\/www.bambergorthodox.de\/wp-content\/uploads\/2024\/03\/De-ziua-ta-1.mp3\">Sopran<\/a>, <a href=\"https:\/\/www.bambergorthodox.de\/wp-content\/uploads\/2024\/03\/De-ziua-ta-2.mp3\">alto<\/a>, <a href=\"https:\/\/www.bambergorthodox.de\/wp-content\/uploads\/2024\/03\/De-ziua-ta-3.mp3\">bariton<\/a>, <a href=\"https:\/\/www.bambergorthodox.de\/wp-content\/uploads\/2024\/03\/De-ziua-ta.mp3\">cor<\/a>. <a href=\"https:\/\/www.bambergorthodox.de\/wp-content\/uploads\/2024\/03\/De-ziua-ta.zip\">(ly)<\/a><br \/>\n<a href=\"https:\/\/www.bambergorthodox.de\/wp-content\/uploads\/2024\/03\/La-multi-ani.pdf\"><strong>La mul\u021bi ani cu s\u0103n\u0103tate<\/strong><\/a> (pdf). <a href=\"https:\/\/www.bambergorthodox.de\/wp-content\/uploads\/2024\/03\/La-multi-ani-1.mp3\">Sopran<\/a>, <a href=\"https:\/\/www.bambergorthodox.de\/wp-content\/uploads\/2024\/03\/La-multi-ani-2.mp3\">alto<\/a>, <a href=\"https:\/\/www.bambergorthodox.de\/wp-content\/uploads\/2024\/03\/La-multi-ani-3.mp3\">bariton<\/a>, <a href=\"https:\/\/www.bambergorthodox.de\/wp-content\/uploads\/2024\/03\/La-multi-ani.mp3\">cor<\/a>. <a href=\"https:\/\/www.bambergorthodox.de\/wp-content\/uploads\/2024\/03\/La-multi-ani.zip\">(ly)<\/a><\/p>\n<p>&nbsp;<\/p>\n<p>Contact: calin3 [at] gmx.de","protected":false},"excerpt":{"rendered":"<p>&#8221;C\u00e2nta-voi Dumnezeului meu c\u00e2t voi fi.&#8221; (Ps.103,34) &#8222;Cine c\u00e2nt\u0103, se roag\u0103 de dou\u0103 ori.&#8221; (Fer. Augustin) C\u00e2nt\u0103rile Sfintei Liturghii: Ectenia mare (pdf). Sopran, alto, tenor, bas, cor. (ly) Antifonul I &#8211; gl. 5 (pdf). Sopran, alto, tenor, bas, cor. (ly) Antifonul I &#8211; gl. 8 (pdf). Sopran, alto, tenor, bas, cor. (ly) Antifonul I (special) &#8230; <a class=\"read-more\" href=\"https:\/\/www.bambergorthodox.de\/?page_id=1632\">Read more&#8230;<\/a><\/p>\n","protected":false},"author":2,"featured_media":0,"parent":0,"menu_order":0,"comment_status":"open","ping_status":"closed","template":"","meta":{"jetpack_post_was_ever_published":false,"footnotes":""},"class_list":["post-1632","page","type-page","status-publish"],"jetpack_sharing_enabled":true,"jetpack_shortlink":"https:\/\/wp.me\/P93ZOd-qk","_links":{"self":[{"href":"https:\/\/www.bambergorthodox.de\/index.php?rest_route=\/wp\/v2\/pages\/1632","targetHints":{"allow":["GET"]}}],"collection":[{"href":"https:\/\/www.bambergorthodox.de\/index.php?rest_route=\/wp\/v2\/pages"}],"about":[{"href":"https:\/\/www.bambergorthodox.de\/index.php?rest_route=\/wp\/v2\/types\/page"}],"author":[{"embeddable":true,"href":"https:\/\/www.bambergorthodox.de\/index.php?rest_route=\/wp\/v2\/users\/2"}],"replies":[{"embeddable":true,"href":"https:\/\/www.bambergorthodox.de\/index.php?rest_route=%2Fwp%2Fv2%2Fcomments&post=1632"}],"version-history":[{"count":711,"href":"https:\/\/www.bambergorthodox.de\/index.php?rest_route=\/wp\/v2\/pages\/1632\/revisions"}],"predecessor-version":[{"id":8648,"href":"https:\/\/www.bambergorthodox.de\/index.php?rest_route=\/wp\/v2\/pages\/1632\/revisions\/8648"}],"wp:attachment":[{"href":"https:\/\/www.bambergorthodox.de\/index.php?rest_route=%2Fwp%2Fv2%2Fmedia&parent=1632"}],"curies":[{"name":"wp","href":"https:\/\/api.w.org\/{rel}","templated":true}]}}