{"id":1618,"date":"2017-01-18T13:03:04","date_gmt":"2017-01-18T12:03:04","guid":{"rendered":"http:\/\/www.bambergorthodox.de\/?page_id=1618"},"modified":"2018-04-12T07:45:45","modified_gmt":"2018-04-12T05:45:45","slug":"aparatoare-doamna","status":"publish","type":"page","link":"https:\/\/www.bambergorthodox.de\/?page_id=1618","title":{"rendered":"Ap\u0103r\u0103toare Doamn\u0103"},"content":{"rendered":"\u201eAp\u0103r\u0103toare Doamn\u0103, pentru biruin\u0163\u0103 mul\u0163umiri aducem noi robii t\u0103i. Ca una ce ai st\u0103p\u00e2nire nebiruit\u0103, izb\u0103ve\u015fte-ne din toate nevoile, ca s\u0103-\u0163i c\u00e2nt\u0103m \u0163ie: Bucur\u0103-te, Mireas\u0103, pururea Fecioar\u0103!\u201d.<\/p>\n<p>\u00cen fiecare an, \u00een s\u0103pt\u0103m\u00e2na a cincea a Postului Mare, \u00een toate bisericile ortodoxe se oficiaz\u0103, vineri seara, denia cu Acatistul Bunei Vestiri sau Slujba Imnului Acatist.<br \/>\nC\u00e2ntarea Acatistului este corelat\u0103 cu eliberarea Constantinopolului de avari \u015fi per\u015fi, \u00een 7 august 626, din timpul \u00eemp\u0103ratului Heraclie. Pe c\u00e2nd acesta se afla \u00eentr-o expedi\u0163ie \u00een Orient, departe de Constantinopol, barbarii au pornit atacul asupra capitalei. De\u015fi situa\u0163ia p\u0103rea a fi f\u0103r\u0103 sc\u0103pare, Patriarhul Serghie, luminat de Duhul Sf\u00e2nt, a organizat o serie de procesiuni pe zidurile cet\u0103\u0163ii cu relicvele Sfintei Cruci, cu icoana &#8222;nef\u0103cut\u0103 de m\u00e2n\u0103&#8221; a lui Hristos \u015fi cu ve\u015fm\u00e2ntul Maicii Domnului. Poporul a c\u00e2ntat toat\u0103 noaptea, \u00een picioare, Imnul Acatist. R\u00e2vna locuitorilor a fost at\u00e2t de intens\u0103, \u00eenc\u00e2t au reu\u015fit s\u0103 resping\u0103 atacurile inamicului \u015fi au preg\u0103tit terenul pentru contraatacul decisiv al lui Heraclie, care avea s\u0103 mearg\u0103 din victorie \u00een victorie, p\u00e2n\u0103 la recucerirea tuturor provinciilor luate de per\u015fi.<br \/>\nZiua de 7 august a r\u0103mas zi de comemorare solemn\u0103 a ajutorului dat de Hristos &#8222;\u00eempotriva vr\u0103jma\u015filor ce ne \u00eempresurau pe p\u0103m\u00e2nt \u015fi pe mare&#8221;. Ulterior, s-a ad\u0103ugat acestei zile \u015fi memoria altor asedii ale Constantinopolului din anii 677, 717, 718 \u015fi 860, f\u0103c\u00e2nd astfel din Acatist imnul prin excelen\u0163a al \u00eencrederii poporului bizantin \u00een ocrotirea Maicii Domnului. Iat\u0103 partea introductiv\u0103, &#8222;proimion&#8221;, ad\u0103ugat dup\u0103 asediul din 7 august 626: &#8222;Generalissimei ap\u0103r\u0103toare, ca una ce am fost izb\u0103vit\u0103 din lucruri cumplite, cele de biruin\u0163\u0103 \u00ee\u0163i aduc \u0163ie, N\u0103sc\u0103toare de Dumnezeu, ca ni\u015fte mul\u0163umiri, eu, cetatea ta. Ci ca una ce ai st\u0103p\u00e2nire nebiruit\u0103, din tot felul de primejdii sloboze\u015fte-m\u0103, ca s\u0103 strig \u0163ie: Bucur\u0103-te Mireas\u0103 nemiresit\u0103!&#8221;<br \/>\n(din ziarul Lumina)<\/p>\n<p>Partitura, cor mixt (pdf): <a href=\"https:\/\/www.bambergorthodox.de\/wp-content\/uploads\/2017\/01\/Aparatoare-Doamna.pdf\">Ap\u0103r\u0103toare Doamn\u0103<\/a><\/p>\n<p>Voci (mp3): <a href=\"https:\/\/www.bambergorthodox.de\/wp-content\/uploads\/2017\/01\/Aparatoare-Doamna-1.mp3\">sopran<\/a>, <a href=\"https:\/\/www.bambergorthodox.de\/wp-content\/uploads\/2017\/01\/Aparatoare-Doamna-2.mp3\">alto<\/a>, <a href=\"https:\/\/www.bambergorthodox.de\/wp-content\/uploads\/2017\/01\/Aparatoare-Doamna-3.mp3\">tenor<\/a>, <a href=\"https:\/\/www.bambergorthodox.de\/wp-content\/uploads\/2017\/01\/Aparatoare-Doamna-4.mp3\">bas<\/a>, <a href=\"https:\/\/www.bambergorthodox.de\/wp-content\/uploads\/2017\/01\/Aparatoare-Doamna.mp3\">cor mixt<\/a><\/p>\n<p>Surs\u0103 Lilypond (ly): <a href=\"https:\/\/www.bambergorthodox.de\/wp-content\/uploads\/2017\/01\/Aparatoare-Doamna.zip\">Ap\u0103r\u0103toare Doamn\u0103<\/a>","protected":false},"excerpt":{"rendered":"<p>\u201eAp\u0103r\u0103toare Doamn\u0103, pentru biruin\u0163\u0103 mul\u0163umiri aducem noi robii t\u0103i. Ca una ce ai st\u0103p\u00e2nire nebiruit\u0103, izb\u0103ve\u015fte-ne din toate nevoile, ca s\u0103-\u0163i c\u00e2nt\u0103m \u0163ie: Bucur\u0103-te, Mireas\u0103, pururea Fecioar\u0103!\u201d. \u00cen fiecare an, \u00een s\u0103pt\u0103m\u00e2na a cincea a Postului Mare, \u00een toate bisericile ortodoxe se oficiaz\u0103, vineri seara, denia cu Acatistul Bunei Vestiri sau Slujba Imnului Acatist. C\u00e2ntarea &#8230; <a class=\"read-more\" href=\"https:\/\/www.bambergorthodox.de\/?page_id=1618\">Read more&#8230;<\/a><\/p>\n","protected":false},"author":2,"featured_media":0,"parent":0,"menu_order":0,"comment_status":"closed","ping_status":"closed","template":"","meta":{"jetpack_post_was_ever_published":false,"footnotes":""},"class_list":["post-1618","page","type-page","status-publish"],"jetpack_sharing_enabled":true,"jetpack_shortlink":"https:\/\/wp.me\/P93ZOd-q6","_links":{"self":[{"href":"https:\/\/www.bambergorthodox.de\/index.php?rest_route=\/wp\/v2\/pages\/1618","targetHints":{"allow":["GET"]}}],"collection":[{"href":"https:\/\/www.bambergorthodox.de\/index.php?rest_route=\/wp\/v2\/pages"}],"about":[{"href":"https:\/\/www.bambergorthodox.de\/index.php?rest_route=\/wp\/v2\/types\/page"}],"author":[{"embeddable":true,"href":"https:\/\/www.bambergorthodox.de\/index.php?rest_route=\/wp\/v2\/users\/2"}],"replies":[{"embeddable":true,"href":"https:\/\/www.bambergorthodox.de\/index.php?rest_route=%2Fwp%2Fv2%2Fcomments&post=1618"}],"version-history":[{"count":5,"href":"https:\/\/www.bambergorthodox.de\/index.php?rest_route=\/wp\/v2\/pages\/1618\/revisions"}],"predecessor-version":[{"id":3608,"href":"https:\/\/www.bambergorthodox.de\/index.php?rest_route=\/wp\/v2\/pages\/1618\/revisions\/3608"}],"wp:attachment":[{"href":"https:\/\/www.bambergorthodox.de\/index.php?rest_route=%2Fwp%2Fv2%2Fmedia&parent=1618"}],"curies":[{"name":"wp","href":"https:\/\/api.w.org\/{rel}","templated":true}]}}