{"id":1227,"date":"2014-09-03T15:04:53","date_gmt":"2014-09-03T13:04:53","guid":{"rendered":"http:\/\/orthodoxe-kapelle.de\/?page_id=955"},"modified":"2024-03-08T19:18:47","modified_gmt":"2024-03-08T18:18:47","slug":"ca-pe-imparatul-g-musicescu","status":"publish","type":"page","link":"https:\/\/www.bambergorthodox.de\/?page_id=1227","title":{"rendered":"Ca pe \u00cemp\u0103ratul \/ G. Musicescu"},"content":{"rendered":"Un element caracteristic liturgic al Vohodului Mare este Imnul Heruvimic (Heruvicul):<br \/>\n\u201cNoi, care pe Heruvimi cu tain\u0103 \u00eenchipuim \u015fi f\u0103c\u0103toarei de via\u0163\u0103 Treimi, \u00eentreit sf\u00e2nt\u0103 c\u00e2ntare aducem, toat\u0103 grija cea lumeasc\u0103 acum s\u0103 o lep\u0103d\u0103m.<br \/>\n<strong>Ca pe \u00cemp\u0103ratul tuturor primind pe Cel nev\u0103zut, \u00eenconjurat de cetele \u00eengere\u015fti.<br \/>\nAliluia! Aliluia! Aliluia!<\/strong>\u201d.<br \/>\nAdic\u0103: \u201cNoi, care tainic \u00eenchipuim pe Heruvimi \u015fi c\u00e2nt\u0103m Treimii de via\u0163\u0103 f\u0103c\u0103toare c\u00e2ntarea cea \u00eentreit sf\u00e2nt\u0103, s\u0103 l\u0103s\u0103m orice grij\u0103 lumeasc\u0103, pentru ca s\u0103-L primim pe \u00cemp\u0103ratul tuturor, Care este \u00een chip nev\u0103zut, \u00eenconjurat de cetele \u00eengere\u015fti\u201d.<br \/>\nSf. Nicolae Cabasila<\/p>\n<p>Partitura, cor mixt (pdf): <a href=\"https:\/\/www.bambergorthodox.de\/wp-content\/uploads\/2024\/03\/Ca-pe-Imp-Mus.pdf\">Ca pe \u00cemp\u0103ratul<\/a><\/p>\n<p>Voci (mp3): <a href=\"https:\/\/www.bambergorthodox.de\/wp-content\/uploads\/2016\/11\/Ca-pe-Imp-Mus-1.mp3\">sopran<\/a>, <a href=\"https:\/\/www.bambergorthodox.de\/wp-content\/uploads\/2016\/11\/Ca-pe-Imp-Mus-2.mp3\">alto<\/a>, <a href=\"https:\/\/www.bambergorthodox.de\/wp-content\/uploads\/2016\/11\/Ca-pe-Imp-Mus-3.mp3\">tenor<\/a>, <a href=\"https:\/\/www.bambergorthodox.de\/wp-content\/uploads\/2016\/11\/Ca-pe-Imp-Mus-4.mp3\">bas<\/a>, <a href=\"https:\/\/www.bambergorthodox.de\/wp-content\/uploads\/2016\/11\/Ca-pe-Imp-Mus.mp3\">cor mixt<\/a><\/p>\n<p>Surs\u0103 Lilypond (ly): <a href=\"https:\/\/www.bambergorthodox.de\/wp-content\/uploads\/2024\/03\/Ca-pe-Imp-Mus.zip\">Ca pe \u00cemp\u0103ratul<\/a>","protected":false},"excerpt":{"rendered":"<p>Un element caracteristic liturgic al Vohodului Mare este Imnul Heruvimic (Heruvicul): \u201cNoi, care pe Heruvimi cu tain\u0103 \u00eenchipuim \u015fi f\u0103c\u0103toarei de via\u0163\u0103 Treimi, \u00eentreit sf\u00e2nt\u0103 c\u00e2ntare aducem, toat\u0103 grija cea lumeasc\u0103 acum s\u0103 o lep\u0103d\u0103m. Ca pe \u00cemp\u0103ratul tuturor primind pe Cel nev\u0103zut, \u00eenconjurat de cetele \u00eengere\u015fti. Aliluia! Aliluia! Aliluia!\u201d. Adic\u0103: \u201cNoi, care tainic \u00eenchipuim &#8230; <a class=\"read-more\" href=\"https:\/\/www.bambergorthodox.de\/?page_id=1227\">Read more&#8230;<\/a><\/p>\n","protected":false},"author":2,"featured_media":0,"parent":0,"menu_order":0,"comment_status":"open","ping_status":"closed","template":"","meta":{"jetpack_post_was_ever_published":false,"footnotes":""},"class_list":["post-1227","page","type-page","status-publish"],"jetpack_sharing_enabled":true,"jetpack_shortlink":"https:\/\/wp.me\/P93ZOd-jN","_links":{"self":[{"href":"https:\/\/www.bambergorthodox.de\/index.php?rest_route=\/wp\/v2\/pages\/1227","targetHints":{"allow":["GET"]}}],"collection":[{"href":"https:\/\/www.bambergorthodox.de\/index.php?rest_route=\/wp\/v2\/pages"}],"about":[{"href":"https:\/\/www.bambergorthodox.de\/index.php?rest_route=\/wp\/v2\/types\/page"}],"author":[{"embeddable":true,"href":"https:\/\/www.bambergorthodox.de\/index.php?rest_route=\/wp\/v2\/users\/2"}],"replies":[{"embeddable":true,"href":"https:\/\/www.bambergorthodox.de\/index.php?rest_route=%2Fwp%2Fv2%2Fcomments&post=1227"}],"version-history":[{"count":4,"href":"https:\/\/www.bambergorthodox.de\/index.php?rest_route=\/wp\/v2\/pages\/1227\/revisions"}],"predecessor-version":[{"id":6938,"href":"https:\/\/www.bambergorthodox.de\/index.php?rest_route=\/wp\/v2\/pages\/1227\/revisions\/6938"}],"wp:attachment":[{"href":"https:\/\/www.bambergorthodox.de\/index.php?rest_route=%2Fwp%2Fv2%2Fmedia&parent=1227"}],"curies":[{"name":"wp","href":"https:\/\/api.w.org\/{rel}","templated":true}]}}