{"id":1222,"date":"2014-03-26T09:56:05","date_gmt":"2014-03-26T08:56:05","guid":{"rendered":"http:\/\/orthodoxe-kapelle.de\/?page_id=889"},"modified":"2024-03-11T17:06:00","modified_gmt":"2024-03-11T16:06:00","slug":"sfant-g-musicescu","status":"publish","type":"page","link":"https:\/\/www.bambergorthodox.de\/?page_id=1222","title":{"rendered":"Sf\u00e2nt &#8211; G. Musicescu"},"content":{"rendered":"&#8221;\u00cen anul mor\u0163ii regelui Ozia, am v\u0103zut pe Domnul st\u00e2nd pe un scaun \u00eenalt \u015fi m\u0103re\u0163 \u015fi poalele hainelor Lui umpleau templul. Serafimi st\u0103teau \u00eenaintea Lui, fiecare av\u00e2nd c\u00e2te \u015fase aripi: cu dou\u0103 \u00ee\u015fi acopereau fe\u0163ele, cu dou\u0103 picioarele, iar cu dou\u0103 zburau \u015fi strigau unul c\u0103tre altul, zic\u00e2nd:<br \/>\n&#8222;Sf\u00e2nt, sf\u00e2nt, sf\u00e2nt este Domnul Savaot, plin este tot p\u0103m\u00e2ntul de slava Lui!&#8221;<br \/>\nDin pricina acestor strig\u0103te, por\u0163ile se zguduiau din \u0163\u00e2\u0163\u00e2nele lor, iar templul s-a umplut de fum.&#8221; (Isaia 6, 1-4)<\/p>\n<p>&nbsp;<\/p>\n<p>Partitura, cor mixt (pdf): <a href=\"https:\/\/www.bambergorthodox.de\/wp-content\/uploads\/2024\/03\/Sfant-Mus.pdf\">Sf\u00e2nt &#8211; G. Musicescu<\/a><\/p>\n<p>Voci (mp3): <a href=\"https:\/\/www.bambergorthodox.de\/wp-content\/uploads\/2016\/11\/Sfant-Mus-1.mp3\">sopran<\/a>, <a href=\"https:\/\/www.bambergorthodox.de\/wp-content\/uploads\/2016\/11\/Sfant-Mus-2.mp3\">alto<\/a>, <a href=\"https:\/\/www.bambergorthodox.de\/wp-content\/uploads\/2016\/11\/Sfant-Mus-3.mp3\">tenor<\/a>, <a href=\"https:\/\/www.bambergorthodox.de\/wp-content\/uploads\/2016\/11\/Sfant-Mus-4.mp3\">bas<\/a>, <a href=\"https:\/\/www.bambergorthodox.de\/wp-content\/uploads\/2016\/11\/Sfant-Mus.mp3\">cor mixt<\/a><\/p>\n<p>Surs\u0103 Lilypond (ly): <a href=\"https:\/\/www.bambergorthodox.de\/wp-content\/uploads\/2024\/03\/Sfant-Mus.zip\">Sf\u00e2nt &#8211; G. Musicescu<\/a>","protected":false},"excerpt":{"rendered":"<p>&#8221;\u00cen anul mor\u0163ii regelui Ozia, am v\u0103zut pe Domnul st\u00e2nd pe un scaun \u00eenalt \u015fi m\u0103re\u0163 \u015fi poalele hainelor Lui umpleau templul. Serafimi st\u0103teau \u00eenaintea Lui, fiecare av\u00e2nd c\u00e2te \u015fase aripi: cu dou\u0103 \u00ee\u015fi acopereau fe\u0163ele, cu dou\u0103 picioarele, iar cu dou\u0103 zburau \u015fi strigau unul c\u0103tre altul, zic\u00e2nd: &#8222;Sf\u00e2nt, sf\u00e2nt, sf\u00e2nt este Domnul Savaot, &#8230; <a class=\"read-more\" href=\"https:\/\/www.bambergorthodox.de\/?page_id=1222\">Read more&#8230;<\/a><\/p>\n","protected":false},"author":2,"featured_media":0,"parent":0,"menu_order":0,"comment_status":"open","ping_status":"closed","template":"","meta":{"jetpack_post_was_ever_published":false,"footnotes":""},"class_list":["post-1222","page","type-page","status-publish"],"jetpack_sharing_enabled":true,"jetpack_shortlink":"https:\/\/wp.me\/P93ZOd-jI","_links":{"self":[{"href":"https:\/\/www.bambergorthodox.de\/index.php?rest_route=\/wp\/v2\/pages\/1222","targetHints":{"allow":["GET"]}}],"collection":[{"href":"https:\/\/www.bambergorthodox.de\/index.php?rest_route=\/wp\/v2\/pages"}],"about":[{"href":"https:\/\/www.bambergorthodox.de\/index.php?rest_route=\/wp\/v2\/types\/page"}],"author":[{"embeddable":true,"href":"https:\/\/www.bambergorthodox.de\/index.php?rest_route=\/wp\/v2\/users\/2"}],"replies":[{"embeddable":true,"href":"https:\/\/www.bambergorthodox.de\/index.php?rest_route=%2Fwp%2Fv2%2Fcomments&post=1222"}],"version-history":[{"count":4,"href":"https:\/\/www.bambergorthodox.de\/index.php?rest_route=\/wp\/v2\/pages\/1222\/revisions"}],"predecessor-version":[{"id":7013,"href":"https:\/\/www.bambergorthodox.de\/index.php?rest_route=\/wp\/v2\/pages\/1222\/revisions\/7013"}],"wp:attachment":[{"href":"https:\/\/www.bambergorthodox.de\/index.php?rest_route=%2Fwp%2Fv2%2Fmedia&parent=1222"}],"curies":[{"name":"wp","href":"https:\/\/api.w.org\/{rel}","templated":true}]}}