{"id":12,"date":"2015-05-31T20:44:25","date_gmt":"2015-05-31T18:44:25","guid":{"rendered":"http:\/\/www.bambergorthodox.de\/wp\/?page_id=12"},"modified":"2025-09-09T11:20:14","modified_gmt":"2025-09-09T09:20:14","slug":"sfintele-slujbe","status":"publish","type":"page","link":"https:\/\/www.bambergorthodox.de\/","title":{"rendered":"Programul Slujbelor"},"content":{"rendered":"\u00cen fiecare duminic\u0103 programul este urm\u0103torul:<\/p>\n<ul>\n<li>10:00 &#8211; Spovedanii (\u00een biroul parohial, cu anun\u021bare prealabil\u0103)<\/li>\n<li>11:30 &#8211; Sf\u00e2nta Liturghie<\/li>\n<li>12:30 &#8211; \u0218coala parohial\u0103 (dup\u0103 Sf\u00e2nta \u00cemp\u0103rt\u0103\u0219anie, \u00een sala parohial\u0103)<\/li>\n<\/ul>\n<p>Sf\u00e2nta Liturghie se s\u0103v\u00e2r\u0219e\u0219te \u0219i la s\u0103rb\u0103torile \u00eensemnate \u00een calendar cu cruce ro\u0219ie. Ora de \u00eencepere a slujbei poate varia \u00een aceste zile de s\u0103rb\u0103toare, \u00een func\u021bie de slujbele gazdelor noastre.","protected":false},"excerpt":{"rendered":"<p>\u00cen fiecare duminic\u0103 programul este urm\u0103torul: 10:00 &#8211; Spovedanii (\u00een biroul parohial, cu anun\u021bare prealabil\u0103) 11:30 &#8211; Sf\u00e2nta Liturghie 12:30 &#8211; \u0218coala parohial\u0103 (dup\u0103 Sf\u00e2nta \u00cemp\u0103rt\u0103\u0219anie, \u00een sala parohial\u0103) Sf\u00e2nta Liturghie se s\u0103v\u00e2r\u0219e\u0219te \u0219i la s\u0103rb\u0103torile \u00eensemnate \u00een calendar cu cruce ro\u0219ie. Ora de \u00eencepere a slujbei poate varia \u00een aceste zile de s\u0103rb\u0103toare, \u00een &#8230; <a class=\"read-more\" href=\"https:\/\/www.bambergorthodox.de\/\">Read more&#8230;<\/a><\/p>\n","protected":false},"author":1,"featured_media":0,"parent":0,"menu_order":0,"comment_status":"closed","ping_status":"open","template":"","meta":{"jetpack_post_was_ever_published":false,"footnotes":""},"class_list":["post-12","page","type-page","status-publish"],"jetpack_sharing_enabled":true,"jetpack_shortlink":"https:\/\/wp.me\/P93ZOd-c","_links":{"self":[{"href":"https:\/\/www.bambergorthodox.de\/index.php?rest_route=\/wp\/v2\/pages\/12","targetHints":{"allow":["GET"]}}],"collection":[{"href":"https:\/\/www.bambergorthodox.de\/index.php?rest_route=\/wp\/v2\/pages"}],"about":[{"href":"https:\/\/www.bambergorthodox.de\/index.php?rest_route=\/wp\/v2\/types\/page"}],"author":[{"embeddable":true,"href":"https:\/\/www.bambergorthodox.de\/index.php?rest_route=\/wp\/v2\/users\/1"}],"replies":[{"embeddable":true,"href":"https:\/\/www.bambergorthodox.de\/index.php?rest_route=%2Fwp%2Fv2%2Fcomments&post=12"}],"version-history":[{"count":115,"href":"https:\/\/www.bambergorthodox.de\/index.php?rest_route=\/wp\/v2\/pages\/12\/revisions"}],"predecessor-version":[{"id":8481,"href":"https:\/\/www.bambergorthodox.de\/index.php?rest_route=\/wp\/v2\/pages\/12\/revisions\/8481"}],"wp:attachment":[{"href":"https:\/\/www.bambergorthodox.de\/index.php?rest_route=%2Fwp%2Fv2%2Fmedia&parent=12"}],"curies":[{"name":"wp","href":"https:\/\/api.w.org\/{rel}","templated":true}]}}